{"id":20227,"date":"2023-12-19T12:28:33","date_gmt":"2023-12-19T11:28:33","guid":{"rendered":"https:\/\/budapestgaleria.hu\/_\/archivum-kiallitasok-budapest-galeria\/"},"modified":"2026-03-10T15:16:55","modified_gmt":"2026-03-10T14:16:55","slug":"archive-exhibitions-budapest-gallery","status":"publish","type":"page","link":"https:\/\/budapestgaleria.hu\/_\/en\/archive-exhibitions-budapest-gallery\/","title":{"rendered":"Archive | Exhibitions | Budapest Gallery"},"content":{"rendered":"<div class=\"wpb-content-wrapper\"><p>[vc_row css_animation=&#8221;&#8221; seperator_indeed_locker=&#8221;&#8221; row_type=&#8221;row&#8221; use_row_as_full_screen_section=&#8221;no&#8221; type=&#8221;grid&#8221; angled_section=&#8221;no&#8221; text_align=&#8221;left&#8221; background_image_as_pattern=&#8221;without_pattern&#8221; template=&#8221;ism_template_1&#8243; ism_overlock=&#8221;default&#8221; sm_d_text=&#8221;<\/p>\n<h2>This content is locked<\/h2>\n<p>Share This Page To Unlock The Content!&#8221; z_index=&#8221;&#8221;][vc_column][vc_single_image image=&#8221;20704&#8243; img_size=&#8221;full&#8221; qode_css_animation=&#8221;&#8221;][vc_empty_space height=&#8221;10px&#8221;][vc_column_text]<\/p>\n<p class=\"kepalairas_cim_jobb\"><em>Plant Kingdom<\/em>, 2022 | Nona Inescu: <em>Hydrophytes<\/em>, 2021 \u00e9s <em>Afloat (Victoria Amazonica 1-2.)<\/em>, 2021 | Photo: Tam\u00e1s Juh\u00e1sz G.<\/p>\n<p>[\/vc_column_text][\/vc_column][\/vc_row][vc_row css_animation=&#8221;&#8221; row_type=&#8221;row&#8221; use_row_as_full_screen_section=&#8221;no&#8221; type=&#8221;grid&#8221; angled_section=&#8221;no&#8221; text_align=&#8221;left&#8221; background_image_as_pattern=&#8221;without_pattern&#8221; template=&#8221;ism_template_1&#8243; ism_overlock=&#8221;default&#8221; sm_d_text=&#8221;<\/p>\n<h2>This content is locked<\/h2>\n<p>Share This Page To Unlock The Content!&#8221;][vc_column][vc_empty_space][vc_column_text]<\/p>\n<h4 class=\"cim_2\">Budapest Gallery (Lajos Street 158.)<\/h4>\n<p>[\/vc_column_text][vc_empty_space][vc_accordion style=&#8221;accordion&#8221;][vc_accordion_tab title=&#8221;2026&#8243;][vc_column_text css=&#8221;&#8221; el_class=&#8221;eves-lista&#8221;][\/vc_column_text][\/vc_accordion_tab][vc_accordion_tab title=&#8221;2025&#8243;][vc_column_text css=&#8221;&#8221; el_class=&#8221;eves-lista&#8221;]<a href=\"https:\/\/budapestgaleria.hu\/_\/en\/2025-exhibitions\/on-neurodiversity\/\">On Neurodiversity<\/a><\/p>\n<p><a href=\"https:\/\/budapestgaleria.hu\/_\/en\/2025-exhibitions\/no-one-ever-asks-what-a-mans-role-in-the-revolution-is\/\">\u201eNo One Ever Asks What a Man\u2019s Role in the Revolution Is\u201d<\/a><\/p>\n<p><a href=\"https:\/\/budapestgaleria.hu\/_\/en\/2025-exhibitions\/momentary-minds\/\">Tam\u00e1s Dezs\u0151, N\u00f3ra Szab\u00f3 | <em>Momentary Minds<\/em><\/a><\/p>\n<p><a href=\"https:\/\/budapestgaleria.hu\/_\/en\/2025-exhibitions\/when-we-became-strangers-selection-from-the-eko9-triennial\/\"><em>When We Became Strangers &#8211; Selection from the EKO 9 Triennial<\/em><\/a><\/p>\n<p><a href=\"https:\/\/budapestgaleria.hu\/_\/en\/2025-exhibitions\/matyas-fusz-endurance-limit\/\">M\u00e1ty\u00e1s Fusz | <em>Endurance Limit<\/em><\/a><\/p>\n<p><a href=\"https:\/\/budapestgaleria.hu\/_\/en\/2025-exhibitions\/uprooting\/\"><em>Uprooting<\/em><\/a>[\/vc_column_text][\/vc_accordion_tab][vc_accordion_tab title=&#8221;2024&#8243;][vc_column_text el_class=&#8221;eves-lista&#8221;]<a href=\"https:\/\/budapestgaleria.hu\/_\/en\/2024-exhibitions\/everything-is-made-up-from-beauty\/\">\u201cEverything is made up from beauty\u201d | Solo exhibition of Anik\u00f3 Lor\u00e1nt<\/a><\/p>\n<p><a href=\"https:\/\/budapestgaleria.hu\/_\/en\/2024-exhibitions\/salamander-somlo-hurricane\/\">Miriam Salamander, D\u00e1vid Soml\u00f3 | <em>Hurricane<\/em><\/a><\/p>\n<p><a href=\"https:\/\/budapestgaleria.hu\/_\/en\/2024-exhibitions\/kristof-gabor-the-greenkeepers-nightmare\/\">G\u00e1bor Krist\u00f3f and the Untitleist Anonim Antigolf Club<\/a><a href=\"https:\/\/budapestgaleria.hu\/_\/en\/2024-exhibitions\/kristof-gabor-the-greenkeepers-nightmare\/\"> <em>| The Greenkeeper\u2019s Nightmare<\/em><\/a><\/p>\n<p><a href=\"https:\/\/budapestgaleria.hu\/_\/en\/2024-exhibitions\/maleficae\/\"><em>Maleficae &#8211; From Bonfires to Online Witchcraft<\/em><\/a><\/p>\n<p><a href=\"https:\/\/budapestgaleria.hu\/_\/en\/2024-exhibitions\/the-oceans-walls\/\"><em>The Ocean&#8217;s Walls<\/em><\/a><\/p>\n<p><a href=\"https:\/\/budapestgaleria.hu\/_\/en\/2024-exhibitions\/depart-if-all-ears-could-hear\/\">DePART Collective | <em>If All Ears Could Hear &#8211; Romani Archives of Tomorrow&#8217;s Resistance<\/em><\/a>[\/vc_column_text][\/vc_accordion_tab][vc_accordion_tab title=&#8221;2023&#8243;][vc_column_text el_class=&#8221;eves-lista&#8221;]<a href=\"https:\/\/budapestgaleria.hu\/_\/en\/2023-exhibitions\/marianne-csaky-a-tale-of-a-city\/\">Marianne Cs\u00e1ky | <em>A Tale of a City<\/em><\/a><br \/>\n<a href=\"https:\/\/budapestgaleria.hu\/_\/en\/2023-exhibitions\/balazs-varju-toth-principle-of-least-time\/\">Bal\u00e1zs Varju T\u00f3th | <em>Principle of Least Time<\/em><\/a><br \/>\n<a href=\"https:\/\/budapestgaleria.hu\/_\/en\/2023-exhibitions\/building-or-text\/\">Zs\u00f3fia Sz\u00e1ntay | <em>Building or Text?<\/em><\/a><br \/>\n<a href=\"https:\/\/budapestgaleria.hu\/_\/en\/2023-exhibitions\/on-violence\/\"><em>On Violence<\/em><\/a><br \/>\n<a href=\"https:\/\/budapestgaleria.hu\/_\/en\/2023-exhibitions\/asterion\/\">\u00c1d\u00e1m Dallos, K\u00e1roly Hopp-Hal\u00e1sz | <em>Asterion<\/em><\/a><br \/>\n<a href=\"https:\/\/budapestgaleria.hu\/_\/en\/2023-exhibitions\/rites-of-letting-go\/\">Dorottya V\u00e9kony | <em>Rites of Letting Go<\/em><\/a>[\/vc_column_text][\/vc_accordion_tab][vc_accordion_tab title=&#8221;2022&#8243;][vc_column_text el_class=&#8221;eves-lista&#8221;]<a href=\"https:\/\/budapestgaleria.hu\/_\/en\/2022-kiallitasok\/warmth-of-our-bodies\/\">D\u00e1niel M\u00e1t\u00e9 |\u00a0<em>Warmth of our Bodies<\/em><\/a><\/p>\n<p><a href=\"https:\/\/budapestgaleria.hu\/_\/en\/2022-kiallitasok\/latent-element\/\">Kamilla Sz\u00edj |\u00a0<em>Latent Element<\/em><\/a><\/p>\n<p><a href=\"https:\/\/budapestgaleria.hu\/_\/en\/2022-kiallitasok\/borderline-case-2-0\/\"><em>Borderline Case 2.0 \u2013 East-Central Europe, Once Again<\/em><\/a><\/p>\n<p><a href=\"https:\/\/budapestgaleria.hu\/_\/en\/2022-kiallitasok\/muto-ezt-a-vad-mezot-ismerem\/\">M\u0170T\u0150 |\u00a0<em>This Untamed Field I Know Well<\/em><\/a><\/p>\n<p><a href=\"https:\/\/budapestgaleria.hu\/_\/en\/2022-kiallitasok\/chloe-macary-carney-tony-lavazza-kenes-piramis-otthona\/\">Chlo\u00e9 Macary-Carney |\u00a0<em>Tony Lavazza\u2019s Sulphurous Pyramid Home<\/em><\/a><\/p>\n<p><a href=\"https:\/\/budapestgaleria.hu\/_\/en\/2022-kiallitasok\/novenyek-orszaga\/\"><em>Plant Kingdom<\/em><\/a><\/p>\n<p><a href=\"https:\/\/budapestgaleria.hu\/_\/en\/2022-kiallitasok\/andreas-fogarasi-skin-calendar\/\">Andreas Fogarasi |\u00a0<em>Skin Calendar<\/em><\/a><\/p>\n<p class=\"archive\"><a href=\"https:\/\/budapestgaleria.hu\/_\/en\/2022-kiallitasok\/winterreise\/\">Zsolt Tibor, J\u00falia V\u00e9csei |\u00a0<em>Winterreise<\/em><\/a><\/p>\n<p class=\"archive\"><a href=\"https:\/\/budapestgaleria.hu\/_\/en\/2022-kiallitasok\/journal-intime\/\">M\u00e1rton Tak\u00e1ts |\u00a0<em>Journal intime<\/em><\/a><\/p>\n<p>[\/vc_column_text][\/vc_accordion_tab][vc_accordion_tab title=&#8221;2021&#8243;][vc_column_text el_class=&#8221;eves-lista&#8221;]<\/p>\n<p class=\"archive\"><a href=\"https:\/\/budapestgaleria.hu\/_\/en\/2021-exhibitions\/and-mistake-these-walls-for-skin\/\"><em>And Mistake These Walls for Skin<\/em><\/a><\/p>\n<p class=\"archive\"><a href=\"https:\/\/budapestgaleria.hu\/_\/en\/2021-exhibitions\/in-motion\/\"><em>Budapest Dance School \u2013 In Motion<\/em><\/a><\/p>\n<p class=\"archive\"><a href=\"https:\/\/budapestgaleria.hu\/_\/en\/2021-exhibitions\/microtomy\/\"><em>Microtomy<\/em><\/a><\/p>\n<p class=\"archive\"><a href=\"https:\/\/budapestgaleria.hu\/_\/en\/2021-exhibitions\/inventory-of-forgotten-knowledge\/\"><em>Inventory of Forgotten Knowledge<\/em><\/a><\/p>\n<p class=\"archive\"><a href=\"https:\/\/budapestgaleria.hu\/_\/en\/2021-exhibitions\/judit-lilla-molnar-planned-accidental\/\">Judit Lilla Moln\u00e1r |\u00a0<em>Planned Accidental<\/em><\/a><\/p>\n<p class=\"archive\"><a href=\"https:\/\/budapestgaleria.hu\/_\/en\/2021-exhibitions\/galhidy-peter-natura-morta\/\">P\u00e9ter G\u00e1lhidy |\u00a0<em>Natura morta<\/em><\/a><\/p>\n<p>[\/vc_column_text][\/vc_accordion_tab][vc_accordion_tab title=&#8221;2020&#8243;][vc_column_text el_class=&#8221;eves-lista&#8221;]<\/p>\n<p class=\"archive\"><a href=\"https:\/\/budapestgaleria.hu\/_\/en\/2020-exhibitions\/light-movement-illusion\/\"><em>Light \u2013 Movement \u2013 Illusion<\/em><\/a><\/p>\n<p class=\"archive\"><a href=\"https:\/\/budapestgaleria.hu\/_\/en\/2020-exhibitions\/little-hungarian-lumino-kinetics\/\"><em>Little Hungarian Lumino-Kinetics<\/em><\/a><\/p>\n<p class=\"archive\"><a href=\"https:\/\/budapestgaleria.hu\/_\/en\/2020-exhibitions\/so-far-so-good\/\"><em>So Far, So Good<\/em><\/a><\/p>\n<p class=\"archive\"><a href=\"https:\/\/budapestgaleria.hu\/_\/en\/2020-exhibitions\/lilla-szasz-greetings-from-my-new-home\/\">Lilla Sz\u00e1sz |\u00a0<em>Greetings From My New Home<\/em><\/a><\/p>\n<p class=\"archive\"><a href=\"https:\/\/budapestgaleria.hu\/_\/en\/2020-exhibitions\/home-ward-bound-less\/\"><em>HOME\/WARD BOUND\/LESS<\/em><\/a><\/p>\n<p class=\"archive\"><a href=\"https:\/\/budapestgaleria.hu\/_\/en\/2019-exhibitions\/katalin-kaldi-perfect-six\/\">Katalin K\u00e1ldi |\u00a0<em>The Perfect Six<\/em><\/a><\/p>\n<p>[\/vc_column_text][\/vc_accordion_tab][vc_accordion_tab title=&#8221;2019&#8243;][vc_column_text el_class=&#8221;eves-lista&#8221;]<\/p>\n<p class=\"archive\"><a href=\"https:\/\/budapestgaleria.hu\/_\/en\/2019-exhibitions\/katalin-kaldi-perfect-six\/\">Katalin K\u00e1ldi |\u00a0<em>The Perfect Six<\/em><\/a><\/p>\n<p class=\"archive\"><a href=\"https:\/\/budapestgaleria.hu\/_\/en\/2019-exhibitions\/camille-juthier-delightful-falls\/\">Camille Juthier |\u00a0<em>Delightful Falls<\/em><\/a><\/p>\n<p class=\"archive\"><a href=\"https:\/\/budapestgaleria.hu\/_\/en\/2019-exhibitions\/picture-this\/\"><em>PICTURE THIS | selected pasts, subverted facts<\/em><\/a><\/p>\n<p class=\"archive\"><a href=\"https:\/\/budapestgaleria.hu\/_\/en\/2019-exhibitions\/andras-gal-radical-paintings-2008-2018\/\">Andr\u00e1s G\u00e1l |\u00a0<em>Radical Paintings 2008\u20132018<\/em><\/a><\/p>\n<p class=\"archive\"><a href=\"https:\/\/budapestgaleria.hu\/_\/en\/2019-exhibitions\/gideon-horvath-i-put-my-hand-into-a-beehive\/\">Gideon Horv\u00e1th |\u00a0<em>I put my hand into a beehive<\/em><\/a><\/p>\n<p class=\"archive\"><a href=\"https:\/\/budapestgaleria.hu\/_\/en\/2019-exhibitions\/among-and-between\/\"><em>Among and Between<\/em><\/a><\/p>\n<p class=\"archive\"><a href=\"https:\/\/budapestgaleria.hu\/_\/en\/2019-exhibitions\/arcana\/\"><em>Arcana<\/em><\/a><\/p>\n<p class=\"archive\"><a href=\"https:\/\/budapestgaleria.hu\/_\/en\/2019-exhibitions\/irregular-order-works-2016-2018\/\"><em>Irregular Order<\/em>\u00a0| Works, 2016\u20132018 | The Inaugural Exhibition of Works by K\u00e1roly SCHMAL, a full member of the Sz\u00e9chenyi Academy of Letters and Arts<\/a><\/p>\n<p class=\"archive\"><a href=\"https:\/\/budapestgaleria.hu\/_\/en\/2019-exhibitions\/gift\/\"><em>Gift<\/em><\/a><\/p>\n<p class=\"archive\"><a href=\"https:\/\/budapestgaleria.hu\/_\/en\/2018-exhibitions\/the-leverkuhn-equation\/\"><em>The Leverk\u00fchn Equation<\/em><\/a><\/p>\n<p>[\/vc_column_text][\/vc_accordion_tab][vc_accordion_tab title=&#8221;2018&#8243;][vc_column_text el_class=&#8221;eves-lista&#8221;]<\/p>\n<p class=\"archive\"><a href=\"https:\/\/budapestgaleria.hu\/_\/en\/2018-exhibitions\/the-leverkuhn-equation\/\"><em>The Leverk\u00fchn Equation<\/em><\/a><\/p>\n<p class=\"archive\"><a href=\"https:\/\/budapestgaleria.hu\/_\/en\/2018-exhibitions\/orsolya-orshi-drozdik-sensuality-and-matter\/\">Orsolya Orchi Drozdik | <em>Sensuality and Matter<\/em><\/a><\/p>\n<p class=\"archive\"><a href=\"https:\/\/budapestgaleria.hu\/_\/en\/2018-exhibitions\/private-storage-works-rescues-the-gyarfas-collection\/\"><em>Private Storage \u2013 Works\/Rescues<\/em>\u00a0\u2013 the Gy\u00e1rf\u00e1s Collection<\/a><\/p>\n<p class=\"archive\"><a href=\"https:\/\/budapestgaleria.hu\/_\/en\/2018-exhibitions\/meanwhile-in-painting\/\"><em>Meanwhile in Painting<\/em> |The diploma project of the Master&#8217;s students in Contemporary Art Theory and Curatorial Knowledge of the Hungarian University of Fine Arts<\/a><\/p>\n<p class=\"archive\"><a href=\"https:\/\/budapestgaleria.hu\/_\/en\/2018-exhibitions\/metanoia-lumber-room\/\"><em>METANOIA LUMBER ROOM<\/em><\/a><\/p>\n<p class=\"archive\"><a href=\"https:\/\/budapestgaleria.hu\/_\/en\/2018-exhibitions\/inside-express-4-my-favourite-experiments\/\">Anna Barnaf\u00f6ldi, Lor\u00e1nd Sz\u00e9cs\u00e9nyi-Nagy | inside express 4. | <em>My Favourite Experiments<\/em><\/a><\/p>\n<p class=\"archive\"><a href=\"https:\/\/budapestgaleria.hu\/_\/en\/2018-exhibitions\/an-exhibition-of-works-by-agnes-von-uray\/\"><em>Turn This Way<\/em> | An exhibition of works by Agnes Von Uray<\/a><\/p>\n<p class=\"archive\"><a href=\"https:\/\/budapestgaleria.hu\/_\/en\/bell-jar-a-thematic-debut-exhibition-of-the-hermina-artist-collective\/\"><em>BELL JAR<\/em>\u00a0| A thematic debut exhibition of the Hermina Artist Collective<\/a><\/p>\n<p>[\/vc_column_text][\/vc_accordion_tab][vc_accordion_tab title=&#8221;2017&#8243;][vc_column_text el_class=&#8221;eves-lista&#8221;]<\/p>\n<p class=\"archive\"><a href=\"https:\/\/budapestgaleria.hu\/_\/en\/bell-jar-a-thematic-debut-exhibition-of-the-hermina-artist-collective\/\"><em>BELL JAR<\/em>\u00a0| A thematic debut exhibition of the Hermina Artist Collective<\/a><\/p>\n<p class=\"archive\"><a href=\"https:\/\/budapestgaleria.hu\/_\/en\/2017-exhibitions\/forsaken-utopias\/\"><em>Forsaken Utopias<\/em> | Andrea Kalinov\u00e1, Moni K. Huber, CSaba Nemes<\/a><\/p>\n<p class=\"archive\"><a href=\"https:\/\/budapestgaleria.hu\/_\/en\/2017-exhibitions\/gaze-of-thought-an-exhibition-of-works-by-miklos-gaal-and-tibor-iski-kocsis\/\"><em>Gaze of Thought<\/em> | An exhibition of works by Miklos Ga\u00e1l and Tibor iSKI Kocsis<\/a><\/p>\n<p class=\"archive\"><a href=\"https:\/\/budapestgaleria.hu\/_\/en\/2017-exhibitions\/true-copy\/\"><em>TRUE COPY<\/em><\/a><\/p>\n<p class=\"archive\"><a href=\"https:\/\/budapestgaleria.hu\/_\/en\/2017-exhibitions\/varadi-brigitta\/\">Brigitta V\u00e1radi| <em>Marking<\/em><\/a><\/p>\n<p class=\"archive\"><a href=\"https:\/\/budapestgaleria.hu\/_\/en\/2017-exhibitions\/bozso-nora\/\">N\u00f3ra Bozs\u00f3 |<em>\u00a0\u201cEight may be a three from both directions.\u201d<\/em><\/a><\/p>\n<p class=\"archive\"><a href=\"https:\/\/budapestgaleria.hu\/_\/en\/2017-exhibitions\/appearances-are-deceiving\/\">BLOCK GROUP | K\u00dcNSTLERHAUS WIEN |\u00a0<em>Appearances are deceiving<\/em><\/a><\/p>\n<p class=\"archive\"><a href=\"https:\/\/budapestgaleria.hu\/_\/en\/2017-exhibitions\/6d-group\/\">PARAMNESIA |\u00a0<em>The Oppressiveness of the Irrepeatability of Perfection<\/em>\u00a0| An Exhibition of the 6D Group<\/a><\/p>\n<p class=\"archive\"><a href=\"https:\/\/budapestgaleria.hu\/_\/en\/2017-exhibitions\/timea-varhelyi\/\">An exhibition of works by T\u00edmea V\u00e1rhelyi<\/a><\/p>\n<p>[\/vc_column_text][\/vc_accordion_tab][vc_accordion_tab title=&#8221;2016&#8243;][vc_column_text el_class=&#8221;eves-lista&#8221;]<\/p>\n<p class=\"archive\"><a href=\"https:\/\/budapestgaleria.hu\/_\/en\/2016-exhibitions\/studio-58-89\/\"><em>STUDIO \u201958-89 \/ A retrospective exhibition of the Studio of Young Artists<\/em><\/a><\/p>\n<p class=\"archive\"><a href=\"https:\/\/budapestgaleria.hu\/_\/en\/2016-exhibitions\/czako-zsolt\/\">ZSolt Czak\u00f3 | <em>From White Through Black to White<\/em><\/a><\/p>\n<p class=\"archive\"><a href=\"https:\/\/budapestgaleria.hu\/_\/en\/2016-exhibitions\/lelkes-a-gergely\/\">Gergely A. Lelkes | <em>Mystic Spring<\/em><\/a><\/p>\n<p class=\"archive\"><a href=\"https:\/\/budapestgaleria.hu\/_\/en\/2016-exhibitions\/inside-express-3\/\">inside express III. | Andi Schmied and Maria Pratts<\/a><\/p>\n<p class=\"archive\"><a href=\"https:\/\/budapestgaleria.hu\/_\/en\/2016-exhibitions\/paizs-peter\/\">P\u00e9ter Paizs | <em>Colour-Space-Time \/ Exhibitions 1984\u20132014<\/em><\/a><\/p>\n<p class=\"archive\"><a href=\"https:\/\/budapestgaleria.hu\/_\/en\/2016-exhibitions\/tamas-komoroczky\/\">Tam\u00e1s Komor\u00f3cky | <em>Logos, Tekhnos, Textos, Videos, Audios, Lajos<\/em><\/a><\/p>\n<p class=\"archive\"><a href=\"https:\/\/budapestgaleria.hu\/_\/en\/2016-exhibitions\/accumulator\/\"><em>Accumulator<\/em><\/a><\/p>\n<p class=\"archive\"><a href=\"https:\/\/budapestgaleria.hu\/_\/en\/2016-exhibitions\/nagy-csilla\/\">Csilla Nagy | <\/a><em><a href=\"https:\/\/budapestgaleria.hu\/_\/en\/2016-exhibitions\/nagy-csilla\/\">From the House, from the Garden..<\/a>.<\/em><\/p>\n<p class=\"archive\"><a href=\"https:\/\/budapestgaleria.hu\/_\/en\/2016-exhibitions\/suveges-rita\/\">Rita S\u00fcveges | <em>Greyfield<\/em><\/a><\/p>\n<p class=\"archive\"><a href=\"https:\/\/budapestgaleria.hu\/_\/en\/2016-exhibitions\/eva-ronai\/\">\u00c9va R\u00f3nai | <em>Rescuing Our Forefather<\/em><\/a><\/p>\n<p class=\"archive\"><a href=\"https:\/\/budapestgaleria.hu\/_\/en\/2016-exhibitions\/pokorny-attila\/\">Attila Pokorny | <em>Dryer<\/em><\/a><\/p>\n<p>[\/vc_column_text][\/vc_accordion_tab][vc_accordion_tab title=&#8221;2015&#8243;][vc_column_text]<\/p>\n<p class=\"archive\"><a href=\"https:\/\/budapestgaleria.hu\/_\/en\/2015-exhibitions\/private-nationalism-budapest\/\">Imagined communities, personal imaginations<\/a><\/p>\n<p class=\"archive\"><a href=\"https:\/\/budapestgaleria.hu\/_\/en\/2015-exhibitions\/inside-express-2\/\">inside express II | Orsolya Barna and Bence Gy\u00f6rgy P\u00e1link\u00e1s<\/a><\/p>\n<p class=\"archive\"><a href=\"https:\/\/budapestgaleria.hu\/_\/en\/2015-exhibitions\/memory-lake\/\">Memory Lake<\/a><\/p>\n<p class=\"archive\"><a href=\"https:\/\/budapestgaleria.hu\/_\/en\/2015-exhibitions\/eva-krajcsovics\/\">\u00c9va Krajcsovics | <em>The Explored and the Unexplored<\/em><\/a><\/p>\n<p class=\"archive\"><a href=\"https:\/\/budapestgaleria.hu\/_\/en\/2015-exhibitions\/gabor-lajta\/\">G\u00e1bor Lajta | <em>The Lion\u2019s Tongue<\/em><\/a><\/p>\n<p class=\"archive\"><a href=\"https:\/\/budapestgaleria.hu\/_\/en\/2015-exhibitions\/essl-art-award-cee-2015\/\">ESSL ART AWARD CEE 2015<\/a><\/p>\n<p class=\"archive\"><a href=\"https:\/\/budapestgaleria.hu\/_\/2015-exhibitions\/karoly-chochol-processing-memories\/?lang=en\">K\u00e1roly Chochol | <em>Processing Memories<\/em><\/a><\/p>\n<p class=\"archive\"><a href=\"https:\/\/budapestgaleria.hu\/_\/2015-exhibitions\/exhibition-of-works-by-karoly-schmal\/?lang=en\">K\u00e1roly Schmal<\/a><\/p>\n<p class=\"archive\"><a href=\"https:\/\/budapestgaleria.hu\/_\/2015-exhibitions\/an-exhibition-of-works-by-sandor-biro\/?lang=en\">S\u00e1ndor<\/a><a href=\"https:\/\/budapestgaleria.hu\/_\/2015-exhibitions\/an-exhibition-of-works-by-sandor-biro\/?lang=en\"> B\u00edr\u00f3<\/a><\/p>\n<p class=\"archive\"><a href=\"https:\/\/budapestgaleria.hu\/_\/2015-exhibitions\/creation-works\/?lang=en\">Creation-Works<\/a><\/p>\n<p class=\"archive\"><a href=\"https:\/\/budapestgaleria.hu\/_\/exhibitions-2014-budapest-gallery\/memorylab-photography-challenges-history\/?lang=en\">MemoryLab \u2013 Photography Challenges History<\/a><\/p>\n<p class=\"archive\"><a href=\"https:\/\/budapestgaleria.hu\/_\/exhibitions-2014-budapest-gallery\/retracings-uses-of-archival-material-in-contemporary-photography\/?lang=en\">Retr<\/a><a href=\"https:\/\/budapestgaleria.hu\/_\/2015-exhibitions\/an-exhibition-of-works-by-sandor-biro\/?lang=en\">DOR<\/a><a href=\"https:\/\/budapestgaleria.hu\/_\/exhibitions-2014-budapest-gallery\/retracings-uses-of-archival-material-in-contemporary-photography\/?lang=en\">acings \u2013 Uses of Archival Material in Contemporary Photography<\/a><\/p>\n<p>[\/vc_column_text][\/vc_accordion_tab][vc_accordion_tab title=&#8221;2014&#8243;][vc_column_text]<\/p>\n<p class=\"archive\"><a href=\"https:\/\/budapestgaleria.hu\/_\/exhibitions-2014-budapest-gallery\/peter-tamas-halasz-light-globe\/?lang=en\">P\u00e9ter Tam\u00e1s Hal\u00e1sz | <em>Light Globe<\/em><\/a><\/p>\n<p class=\"archive\"><a href=\"https:\/\/budapestgaleria.hu\/_\/exhibitions-2014-budapest-gallery\/inside-express-viola-kaulics-viktor-kotun-csaba-szentesi\/?lang=en\">inside express | Vikt\u00f3ria Kaulics, Viktor K\u00f3tun, Csaba Szentesi<\/a><\/p>\n<p class=\"archive\"><a href=\"https:\/\/budapestgaleria.hu\/_\/exhibitions-2014-budapest-gallery\/ioan-bunus-bunus\/?lang=en\">Ioan Bunus | <em>BUNUS<\/em><\/a><\/p>\n<p class=\"archive\"><a href=\"https:\/\/budapestgaleria.hu\/_\/exhibitions-2014-budapest-gallery\/dia-bogi-tamas-juhasz-g-white-and-black\/?lang=en\">Dia B\u00f6gi, Tam\u00e1s Juh\u00e1sz G. | <em>Black and White<\/em><\/a><\/p>\n<p class=\"archive\"><a href=\"https:\/\/budapestgaleria.hu\/_\/exhibitions-2014-budapest-gallery\/zdenko-huzjan-the-unnameable\/?lang=en\">Zdenko Huzjan | <em>The Unnameable<\/em><\/a><\/p>\n<p class=\"archive\"><a href=\"https:\/\/budapestgaleria.hu\/_\/exhibitions-2014-budapest-gallery\/csilla-bondor-huntingtower-watch\/?lang=en\">Csilla Bondor | <em>Huntingtower Watch<\/em><\/a><\/p>\n<p class=\"archive\"><a href=\"https:\/\/budapestgaleria.hu\/_\/exhibitions-2014-budapest-gallery\/andras-vegh-the-two-thousands\/?lang=en\">Andr\u00e1s V\u00e9gh | <em>The Two Thousands<\/em><\/a><\/p>\n<p class=\"archive\"><a href=\"https:\/\/budapestgaleria.hu\/_\/exhibitions-2014-budapest-gallery\/geza-gorgey-plein-atelier\/?lang=en\">G\u00e9za G\u00f6rgey | <em>Plein atelier<\/em><\/a><\/p>\n<p class=\"archive\"><a href=\"https:\/\/budapestgaleria.hu\/_\/exhibitions-2014-budapest-gallery\/laszlo-molnar-new-paintings\/?lang=en\">L\u00e1szl\u00f3 Moln\u00e1r | <em>New Paintings<\/em><\/a><\/p>\n<p>[\/vc_column_text][\/vc_accordion_tab][vc_accordion_tab title=&#8221;2013&#8243;][vc_column_text]<a href=\"https:\/\/budapestgaleria.hu\/_\/en\/past-exhibitions\/\">J\u00e1nos Vet\u0151<\/a>| <a href=\"https:\/\/budapestgaleria.hu\/_\/en\/past-exhibitions\/\">Past exhibitions<\/a>[\/vc_column_text][\/vc_accordion_tab][\/vc_accordion][vc_empty_space height=&#8221;45px&#8221;][vc_column_text]<\/p>\n<h4 class=\"cim_2\">New Budapest Gallery (F\u0151v\u00e1m Square 11-12.)<\/h4>\n<p>[\/vc_column_text][vc_empty_space][vc_accordion style=&#8221;accordion&#8221;][vc_accordion_tab title=&#8221;2019&#8243;][vc_column_text el_class=&#8221;eves-lista&#8221;]<\/p>\n<p class=\"archive\"><em><a href=\"https:\/\/budapestgaleria.hu\/_\/en\/2019-exhibitions\/14-madeinhungary-7-meed-hatartalan-design\/\">14. madeinhungary + 7. MeeD | DESIGN WITHOUT BORDERS<\/a><\/em><\/p>\n<p class=\"archive\"><a href=\"https:\/\/budapestgaleria.hu\/_\/en\/2019-exhibitions\/csorgo-attila-mozgasterek\/\">Attila Cs\u00f6rg\u0151 | <em>Spaces for Manoeuvre<\/em><\/a><\/p>\n<p>[\/vc_column_text][\/vc_accordion_tab][vc_accordion_tab title=&#8221;2018&#8243;][vc_column_text el_class=&#8221;eves-lista&#8221;]<\/p>\n<p class=\"archive\"><a href=\"https:\/\/budapestgaleria.hu\/_\/en\/2018-exhibitions\/leptek\/\"><em>Scale<\/em><\/a><\/p>\n<p class=\"archive\"><a href=\"https:\/\/budapestgaleria.hu\/_\/en\/2018-exhibitions\/transparent-labyrinth-gizella-rakoczy-1947-2015\/\">Gizella R\u00e1k\u00f3czy (1947-2015) | <em>Transparent Labyrinth<\/em><\/a><\/p>\n<p class=\"archive\"><a href=\"https:\/\/budapestgaleria.hu\/_\/en\/2018-exhibitions\/13-madeinhungary-6-meed-hatartalan-design\/\"><em>13. madeinhungary + 6. MeeD | DESIGN WITHOUT BORDERS<\/em><\/a><\/p>\n<p class=\"archive\"><a href=\"https:\/\/budapestgaleria.hu\/_\/en\/2018-exhibitions\/ketfeju-gyufa-valogatas-negy-kortars-roman-magangyujtemenybol\/\"><em>Double Heads Matches | A selection of contemporary artworks from four Romanian private collections<\/em><\/a><\/p>\n<p>[\/vc_column_text][\/vc_accordion_tab][vc_accordion_tab title=&#8221;2017&#8243;][vc_column_text el_class=&#8221;eves-lista&#8221;]<\/p>\n<p class=\"archive\"><a href=\"https:\/\/budapestgaleria.hu\/_\/en\/2018-exhibitions\/a-jelen-keplete-digitalis-bennszulottek-digitalis-bevandorlok\/\"><em>The Formula of the Present | Digital Natives, Digital Immigrants<\/em><\/a><\/p>\n<p class=\"archive\"><a href=\"https:\/\/budapestgaleria.hu\/_\/en\/2017-exhibitions\/leopold-bloom-art-award-2017\/\"><em>Leopold Bloom Art Award | 2017<\/em><\/a><\/p>\n<p class=\"archive\"><a href=\"https:\/\/budapestgaleria.hu\/_\/en\/2017-exhibitions\/budburst-substitute-thirsters\/\"><em>Budburst | The early period of the Substitute Thirsters (1984\u20131987)<\/em><\/a><\/p>\n<p class=\"archive\"><a href=\"https:\/\/budapestgaleria.hu\/_\/en\/2017-exhibitions\/12-madeinhungary-design-without-borders\/\"><em>12. madeinhungary + 5. MeeD | DESIGN WITHOUT BORDERS<\/em><\/a><\/p>\n<p class=\"archive\"><em>Passage to the Future | Art from a New Generation in Japan<\/em><\/p>\n<p>[\/vc_column_text][\/vc_accordion_tab][vc_accordion_tab title=&#8221;2016&#8243;][vc_column_text el_class=&#8221;eves-lista&#8221;]<\/p>\n<p class=\"archive\"><a href=\"https:\/\/budapestgaleria.hu\/_\/en\/2016-exhibitions\/the-prophets-parade-lodz-kaliska\/\"><em>The Prophets\u2019 Parade | An artistic project by the group \u0141\u00f3d\u017a Kaliska<\/em><\/a><\/p>\n<p class=\"archive\"><a href=\"https:\/\/budapestgaleria.hu\/_\/en\/2016-exhibitions\/blow-ups-1963-the-age-of-jancsos-cantata\/\"><em>Blow-ups \u2013 1963. The Age of Jancs\u00f3\u2019s Cantata<\/em><\/a><\/p>\n<p class=\"archive\"><a href=\"https:\/\/budapestgaleria.hu\/_\/en\/2016-exhibitions\/11-madeinhungary-04-meed-hatartalan-design\/\"><em>11. madeinhungary + 4. MeeD | DESIGN WITHOUT BORDERS<\/em><\/a><\/p>\n<p>[\/vc_column_text][\/vc_accordion_tab][vc_accordion_tab title=&#8221;2015&#8243;][vc_column_text el_class=&#8221;eves-lista&#8221;]<\/p>\n<p class=\"archive\"><a href=\"https:\/\/budapestgaleria.hu\/_\/en\/2015-exhibitions\/timebase\/\"><em>Timebase<\/em><\/a><\/p>\n<p class=\"archive\"><a href=\"https:\/\/budapestgaleria.hu\/_\/en\/2015-exhibitions\/leopold-bloom-art-award-2015\/\"><em>Leopold Bloom Art Award | 2015<\/em><\/a><\/p>\n<p class=\"archive\"><a href=\"https:\/\/budapestgaleria.hu\/_\/en\/2015-exhibitions\/more-light-light-environments\/\"><em>More Light! Light Environments<\/em><\/a><\/p>\n<p>[\/vc_column_text][\/vc_accordion_tab][vc_accordion_tab title=&#8221;2014&#8243;][vc_column_text el_class=&#8221;eves-lista&#8221;]<\/p>\n<p class=\"archive\"><a href=\"https:\/\/budapestgaleria.hu\/_\/en\/2014-exhibitions\/contemporaries-collectors-and-artists\/\"><em>Contemporaries: Collectors and Artists<\/em><\/a><\/p>\n<p class=\"archive\"><a href=\"https:\/\/budapestgaleria.hu\/_\/en\/2014-exhibitions\/10-madeinhungary-03-meed-design-without-borders\/\"><em>10. madeinhungary + 3. MeeD | DESIGN WITHOUT BORDERS<\/em><\/a><\/p>\n<p class=\"archive\"><a href=\"https:\/\/budapestgaleria.hu\/_\/en\/2014-exhibitions\/budapest-patron-city-of-the-arts-the-municipal-gallery\/\"><em>Budapest, Patron City of the Arts \u2013 The Municipal Gallery<\/em><\/a><\/p>\n<p>[\/vc_column_text][\/vc_accordion_tab][vc_accordion_tab title=&#8221;2013&#8243;][vc_column_text el_class=&#8221;eves-lista&#8221;]<\/p>\n<p class=\"archive\"><a href=\"https:\/\/budapestgaleria.hu\/_\/en\/2013-exhibitions\/budapest-immersion\/\"><em>Budapest Immersion<\/em><\/a><\/p>\n<p>[\/vc_column_text][\/vc_accordion_tab][\/vc_accordion][vc_empty_space][\/vc_column][\/vc_row][vc_row css_animation=&#8221;&#8221; row_type=&#8221;row&#8221; use_row_as_full_screen_section=&#8221;no&#8221; type=&#8221;full_width&#8221; angled_section=&#8221;no&#8221; text_align=&#8221;left&#8221; background_image_as_pattern=&#8221;without_pattern&#8221;][vc_column][vc_empty_space height=&#8221;45px&#8221;][\/vc_column][\/vc_row]<\/p>\n<\/div>","protected":false},"excerpt":{"rendered":"<p>[vc_row css_animation=&#8221;&#8221; seperator_indeed_locker=&#8221;&#8221; row_type=&#8221;row&#8221; use_row_as_full_screen_section=&#8221;no&#8221; type=&#8221;grid&#8221; angled_section=&#8221;no&#8221; text_align=&#8221;left&#8221; background_image_as_pattern=&#8221;without_pattern&#8221; template=&#8221;ism_template_1&#8243; ism_overlock=&#8221;default&#8221; sm_d_text=&#8221; This content is&#8230;<\/p>\n","protected":false},"author":11,"featured_media":0,"parent":0,"menu_order":0,"comment_status":"closed","ping_status":"closed","template":"full_width.php","meta":{"inline_featured_image":false,"loftloader_pro_show_once":"","loftloader_pro_page_shortcode":"","footnotes":""},"class_list":["post-20227","page","type-page","status-publish","hentry"],"_links":{"self":[{"href":"https:\/\/budapestgaleria.hu\/_\/en\/wp-json\/wp\/v2\/pages\/20227","targetHints":{"allow":["GET"]}}],"collection":[{"href":"https:\/\/budapestgaleria.hu\/_\/en\/wp-json\/wp\/v2\/pages"}],"about":[{"href":"https:\/\/budapestgaleria.hu\/_\/en\/wp-json\/wp\/v2\/types\/page"}],"author":[{"embeddable":true,"href":"https:\/\/budapestgaleria.hu\/_\/en\/wp-json\/wp\/v2\/users\/11"}],"replies":[{"embeddable":true,"href":"https:\/\/budapestgaleria.hu\/_\/en\/wp-json\/wp\/v2\/comments?post=20227"}],"version-history":[{"count":3,"href":"https:\/\/budapestgaleria.hu\/_\/en\/wp-json\/wp\/v2\/pages\/20227\/revisions"}],"predecessor-version":[{"id":24779,"href":"https:\/\/budapestgaleria.hu\/_\/en\/wp-json\/wp\/v2\/pages\/20227\/revisions\/24779"}],"wp:attachment":[{"href":"https:\/\/budapestgaleria.hu\/_\/en\/wp-json\/wp\/v2\/media?parent=20227"}],"curies":[{"name":"wp","href":"https:\/\/api.w.org\/{rel}","templated":true}]}}