{"id":23216,"date":"2025-07-03T14:44:38","date_gmt":"2025-07-03T12:44:38","guid":{"rendered":"https:\/\/budapestgaleria.hu\/_\/2025-exhibitions\/a-ferfi-helyet-senki-nem-firtatja-a-forradalomban\/"},"modified":"2025-10-24T15:50:43","modified_gmt":"2025-10-24T13:50:43","slug":"no-one-ever-asks-what-a-mans-role-in-the-revolution-is","status":"publish","type":"page","link":"https:\/\/budapestgaleria.hu\/_\/en\/2025-exhibitions\/no-one-ever-asks-what-a-mans-role-in-the-revolution-is\/","title":{"rendered":"\u201cNo One Ever Asks What a Man\u2019s Role in the Revolution Is\u201d"},"content":{"rendered":"<div class=\"wpb-content-wrapper\"><p>[vc_row css_animation=&#8221;&#8221; seperator_indeed_locker=&#8221;&#8221; lk_t=&#8221;ism_template_1&#8243; lk_io=&#8221;default&#8221; lk_dm=&#8221;0&#8243; lk_thm=&#8221;0&#8243; lk_tuo=&#8221;0&#8243; ru_on=&#8221;0&#8243; uhc_on=&#8221;0&#8243; ur_on=&#8221;0&#8243; ref_on=&#8221;0&#8243; row_type=&#8221;row&#8221; use_row_as_full_screen_section=&#8221;no&#8221; type=&#8221;grid&#8221; angled_section=&#8221;no&#8221; text_align=&#8221;left&#8221; background_image_as_pattern=&#8221;without_pattern&#8221; template=&#8221;ism_template_1&#8243; ism_overlock=&#8221;default&#8221; sm_d_text=&#8221;<\/p>\n<h2>This content is locked<\/h2>\n<p>Share This Page To Unlock The Content!&#8221;][vc_column][vc_single_image image=&#8221;23239&#8243; img_size=&#8221;full&#8221; qode_css_animation=&#8221;&#8221;][\/vc_column][\/vc_row][vc_row css_animation=&#8221;&#8221; row_type=&#8221;row&#8221; use_row_as_full_screen_section=&#8221;no&#8221; type=&#8221;grid&#8221; angled_section=&#8221;no&#8221; text_align=&#8221;left&#8221; background_image_as_pattern=&#8221;without_pattern&#8221;][vc_column][vc_empty_space height=&#8221;45px&#8221;][vc_column_text css=&#8221;&#8221;]<\/p>\n<h1 class=\"cim_1\"><em>\u201eNo One Ever Asks What a Man\u2019s Role in the Revolution Is\u201d<\/em><\/h1>\n<p>[\/vc_column_text][vc_empty_space height=&#8221;45px&#8221;][\/vc_column][\/vc_row][vc_row css_animation=&#8221;&#8221; row_type=&#8221;row&#8221; use_row_as_full_screen_section=&#8221;no&#8221; type=&#8221;grid&#8221; angled_section=&#8221;no&#8221; text_align=&#8221;left&#8221; background_image_as_pattern=&#8221;without_pattern&#8221; bgparallax=&#8221;parallax&#8221; contentwidth=&#8221;container&#8221; toppadding=&#8221;40&#8243; bottompadding=&#8221;10&#8243; border=&#8221;on&#8221; css=&#8221;.vc_custom_1420648296958{background-color: #ffffff !important;}&#8221;][vc_column width=&#8221;1\/3&#8243; css=&#8221;.vc_custom_1427029754112{padding-right: 25px !important;}&#8221; el_class=&#8221;full-1&#8243;][vc_column_text]<\/p>\n<p class=\"hely_bpgal\">Budapest Gallery<\/p>\n<p class=\"cim_bpgal\">1036 Budapest, Lajos utca 158.<\/p>\n<p class=\"datum_bpgal\">18 July \u2013 5 October 2025<\/p>\n<p>[\/vc_column_text][vc_column_text]<\/p>\n<p class=\"kiemeles_bpgal\">Exhibiting artists:<\/p>\n<p class=\"verzal_bpgal\">Nearly two hundred, mostly female exhibitors, from the 19th century to the present day<\/p>\n<p>[\/vc_column_text][vc_column_text]<\/p>\n<p class=\"kiemeles_bpgal\">Curator:<\/p>\n<p class=\"verzal_bpgal\">Anna Lujza SZ\u00c1SZ<\/p>\n<p>[\/vc_column_text][vc_column_text]<\/p>\n<p class=\"kiemeles_bpgal\">Consultant:<\/p>\n<p class=\"verzal_bpgal\">\u00c9va BICSKEI<\/p>\n<p>[\/vc_column_text][vc_column_text]<\/p>\n<p class=\"kiemeles_bpgal\">Assistant curator:<\/p>\n<p class=\"verzal_bpgal\">Fanni T\u00d3TH<\/p>\n<p>[\/vc_column_text][vc_column_text]<\/p>\n<p class=\"kiemeles_bpgal\">Graphic design:<\/p>\n<p class=\"verzal_bpgal\">Anuri Design Studio<\/p>\n<p>[\/vc_column_text][vc_column_text]<\/p>\n<p class=\"kiemeles_bpgal\">Ford\u00edt\u00e1s:<\/p>\n<p class=\"verzal_bpgal\">SIPOS D\u00e1niel<\/p>\n<p>[\/vc_column_text][vc_column_text]<\/p>\n<p class=\"kiemeles_bpgal\">Reader editing:<\/p>\n<p class=\"verzal_bpgal\">D\u00f3ra SZEKERES<\/p>\n<p>[\/vc_column_text][vc_column_text]<\/p>\n<p class=\"kiemeles_bpgal\">Artwork cards for children:<\/p>\n<p class=\"verzal_bpgal\">\u00c1gnes SZABICS and Fanni T\u00d3TH<\/p>\n<p>[\/vc_column_text][vc_column_text]<\/p>\n<p class=\"kiemeles_bpgal\">Installation:<\/p>\n<p class=\"verzal_bpgal\">P\u00e9ter GYENEI, Zsigmond PETERN\u00c1K, Imre SZAKSZON<\/p>\n<p>[\/vc_column_text][vc_column_text]<\/p>\n<p class=\"kiemeles_bpgal\">Press:<\/p>\n<p class=\"verzal_bpgal\">Zsuzsa G\u00c1M\u00c1N<\/p>\n<p>[\/vc_column_text][vc_column_text css=&#8221;&#8221;]<\/p>\n<p class=\"kiemeles_bpgal\">Opening:<\/p>\n<p class=\"datum_bpgal_2\">17 July 2025 (Thursday), 6 pm<\/p>\n<p class=\"kiemeles_bpgal\">Opening speech by:<\/p>\n<p class=\"verzal_bpgal\">Emese S\u00dcVECZ<\/p>\n<p class=\"titulus\">art historian, one of the founders, executive director of Hungarian Women Fund<\/p>\n<p>[\/vc_column_text][vc_empty_space][\/vc_column][vc_column width=&#8221;2\/3&#8243; el_class=&#8221;full-2&#8243;][vc_column_text]Over the years, women have launched several community fundraising campaigns associated with the Hungarian Academy of Sciences, the institutional embodiment of the national idea and movement. One of the first of these was the making of the <em>floral carpet<\/em> between 1865 and 1867.<\/p>\n<p>The Academy\u2019s headquarters were inaugurated in 1865, but by the time the building was completed, money had run out and the interiors were left undecorated. This information was most likely brought to the attention of Mrs. J\u00e1nos Bohus, n\u00e9e Ant\u00f3nia Sz\u0151gy\u00e9n (1803-1890) in Arad, who launched a public call to the community in several newspapers for a carpet to be made for the Academy\u2019s ceremonial hall. The carpet was completed by 1867 and brought to the Academy building, to take its place in the ceremonial hall first into a piece of furnishing, then as a decorative object representing the institutional authority across regimes and eras. The groups of women involved in the embroidery, counting over a hundred and sixty individuals, represented almost every stratum of society in terms of social class, denomination, age and marital status. The barriers to entry were the ability to sew and the purchase of a 75 x 75 cm unit to be crafted.<\/p>\n<p>The carpet reflects the stylistic traits of the late Biedermeier period. The necessity of making the Academy homely was only part of the reason underlying gesture that it was crafted to be placed \u2018under\u2019 the men, on the floor of the Ceremonial Hall. There was a much deeper meaning to it: by making their appearance in the representative central space of this institution of national foundations, women also entered the academic and social public sphere and expressed the need and desire to belong to the national community. Through sewing, women\u2019s gatherings created community, wove networks and carried power. Since most of the participants were widows or orphans of the Revolution of 1848, the foundations of their organisation were politically rooted in the ideas of \u201848 resistance and independence.<\/p>\n<p>In a grid of ten by sixteen fields on the carpet, the floral motif appears arranged in a reddish-brown frame on a green background, sometimes as a wreath, sometimes as a bouquet. The pattern on each unit was pre-printed, embroidered by cross-stitching with wool yarn, and then the hundred and sixty variegated yet similar fields were stitched together into a single structure \u2013 network \u2013 under the guidance of Mrs. Bohus. The resulting carpet was thus enormous, 7.5 x 12 metres in size. Later, probably before 1917, it was cut into two units of eighty fields each (582 x 710 cm and 566 x 728 cm).<\/p>\n<p>The exhibition seeks to delve into and disseminate the history of the carpet and explore its layers of meaning, interweaving them with other 19th century and contemporary Hungarian and international works. It also attempts to present alternative art histories through the history of the carpet and the artworks and artefacts surrounding it, with a special focus on those never acknowledged or long forgotten 19th century handiworks that can be considered an integral part of Hungarian decorative or applied art. Institutional (self-)reflection may also come under scrutiny within the framework of the exhibition, especially in the light of the fact that the autonomy of the spaces of culture and science is being increasingly undermined \u2013 partly by privatisation and partly by unsustainability \u2013 or becoming intertwined with the powers that be. The gallery\u2019s spaces are thus opening up to knowledge and academic works that have hitherto remained hidden, even though they carry considerable cultural-political weight. However, we must recognise that the carpet is impossible to present in its entirety and in the manner it deserves, not only because it is now cut into two pieces, but also because the spaces of culture are becoming ever so tight both symbolically and practically.<\/p>\n<p>The title intends to highlight the status of \u201eman\u201d as unidentified identifier. The translucent position in which \u2013 regardless of all the historical practices that can shape individual and collective experience \u2013 the man remains normative and unclassified, and in comparison to which the woman\u2019s position is mostly secondary. By unmasking this status, this exhibition focuses on women and the stories they tell.<\/p>\n<p>Special thanks to: ALBRECHT Zs\u00f3fia, B\u00c1LINT M\u00f3nika, CZERN\u00c1K Dorottya, Mia EVE, ILAUSZKY Irma, ILAUSZKY Tam\u00e1s, KISKOV\u00c1CS Eszter, Anton LEDERER, Tev\u017e LOGAR, Margarethe MAKOVEC, MOLN\u00c1R Emese, P\u00c1L Rebeka, R\u00c1CZ Katalin, UGRY B\u00e1lint, V\u00c1G\u00c1NY Judit<\/p>\n<p>Artwork loans: Akad\u00e9miai Lev\u00e9lt\u00e1r, Budapesti M\u0171szaki Egyetem \u00c9p\u00edt\u00e9szett\u00f6rt\u00e9neti \u00e9s M\u0171eml\u00e9ki Tansz\u00e9k, Catholics for Choice, F\u0151v\u00e1rosi Szab\u00f3 Ervin K\u00f6nyvt\u00e1r, Honv\u00e9delmi Miniszt\u00e9rium Hadt\u00f6rt\u00e9neti Int\u00e9zet \u00e9s M\u00fazeum, Katarzyna Pabijanek, Lits Levente, Magyar Nemzeti M\u00fazeum K\u00f6zgy\u0171jtem\u00e9nyi K\u00f6zpont, Magyar Tudom\u00e1nyos Akad\u00e9mia K\u00f6nyvt\u00e1r \u00e9s Inform\u00e1ci\u00f3s K\u00f6zpont, Magyar Tudom\u00e1nyos Akad\u00e9mia M\u0171v\u00e9szeti Gy\u0171jtem\u00e9ny, National AIDS Memorial, Zempl\u00e9ni M\u00fazeum.<\/p>\n<p>The exhibition was prepared in cooperation with the Hungarian Academy of Sciences, which is 200 years old this year.[\/vc_column_text][vc_empty_space height=&#8221;45px&#8221;][vc_video link=&#8221;https:\/\/youtu.be\/UWt6JzNl-Hc?si=tLETUiZW9Va_Wrjo&#8221; align=&#8221;center&#8221; css=&#8221;&#8221;][vc_empty_space height=&#8221;45px&#8221;][vc_single_image image=&#8221;23739&#8243; img_size=&#8221;full&#8221; alignment=&#8221;center&#8221; css=&#8221;&#8221; qode_css_animation=&#8221;&#8221;][vc_empty_space][vc_single_image image=&#8221;23750&#8243; img_size=&#8221;full&#8221; alignment=&#8221;center&#8221; css=&#8221;&#8221; qode_css_animation=&#8221;&#8221;][vc_empty_space][vc_single_image image=&#8221;23753&#8243; img_size=&#8221;full&#8221; alignment=&#8221;center&#8221; css=&#8221;&#8221; qode_css_animation=&#8221;&#8221;][vc_empty_space][vc_single_image image=&#8221;23757&#8243; img_size=&#8221;full&#8221; alignment=&#8221;center&#8221; css=&#8221;&#8221; qode_css_animation=&#8221;&#8221;][vc_empty_space][vc_single_image image=&#8221;23760&#8243; img_size=&#8221;full&#8221; alignment=&#8221;center&#8221; css=&#8221;&#8221; qode_css_animation=&#8221;&#8221;][vc_empty_space][vc_single_image image=&#8221;23767&#8243; img_size=&#8221;full&#8221; alignment=&#8221;center&#8221; css=&#8221;&#8221; qode_css_animation=&#8221;&#8221;][vc_empty_space][vc_single_image image=&#8221;23771&#8243; img_size=&#8221;full&#8221; alignment=&#8221;center&#8221; css=&#8221;&#8221; qode_css_animation=&#8221;&#8221;][vc_empty_space][vc_single_image image=&#8221;23775&#8243; img_size=&#8221;full&#8221; alignment=&#8221;center&#8221; css=&#8221;&#8221; qode_css_animation=&#8221;&#8221;][vc_empty_space][vc_single_image image=&#8221;23778&#8243; img_size=&#8221;full&#8221; alignment=&#8221;center&#8221; css=&#8221;&#8221; qode_css_animation=&#8221;&#8221;][vc_empty_space][vc_single_image image=&#8221;23781&#8243; img_size=&#8221;full&#8221; alignment=&#8221;center&#8221; css=&#8221;&#8221; qode_css_animation=&#8221;&#8221;][vc_empty_space][vc_single_image image=&#8221;23784&#8243; img_size=&#8221;full&#8221; alignment=&#8221;center&#8221; css=&#8221;&#8221; qode_css_animation=&#8221;&#8221;][vc_empty_space][vc_single_image image=&#8221;23787&#8243; img_size=&#8221;full&#8221; alignment=&#8221;center&#8221; css=&#8221;&#8221; qode_css_animation=&#8221;&#8221;][vc_empty_space][vc_single_image image=&#8221;23791&#8243; img_size=&#8221;full&#8221; alignment=&#8221;center&#8221; css=&#8221;&#8221; qode_css_animation=&#8221;&#8221;][vc_empty_space][vc_single_image image=&#8221;23794&#8243; img_size=&#8221;full&#8221; alignment=&#8221;center&#8221; css=&#8221;&#8221; qode_css_animation=&#8221;&#8221;][vc_empty_space][vc_single_image image=&#8221;23798&#8243; img_size=&#8221;full&#8221; alignment=&#8221;center&#8221; css=&#8221;&#8221; qode_css_animation=&#8221;&#8221;][vc_empty_space][vc_single_image image=&#8221;23798&#8243; img_size=&#8221;full&#8221; alignment=&#8221;center&#8221; css=&#8221;&#8221; qode_css_animation=&#8221;&#8221;][vc_empty_space][vc_single_image image=&#8221;23802&#8243; img_size=&#8221;full&#8221; alignment=&#8221;center&#8221; css=&#8221;&#8221; qode_css_animation=&#8221;&#8221;][vc_empty_space][vc_single_image image=&#8221;23805&#8243; img_size=&#8221;full&#8221; alignment=&#8221;center&#8221; css=&#8221;&#8221; qode_css_animation=&#8221;&#8221;][vc_empty_space][vc_single_image image=&#8221;23810&#8243; img_size=&#8221;full&#8221; alignment=&#8221;center&#8221; css=&#8221;&#8221; qode_css_animation=&#8221;&#8221;][vc_empty_space][vc_single_image image=&#8221;23812&#8243; img_size=&#8221;full&#8221; alignment=&#8221;center&#8221; css=&#8221;&#8221; qode_css_animation=&#8221;&#8221;][vc_empty_space][vc_single_image image=&#8221;23814&#8243; img_size=&#8221;full&#8221; alignment=&#8221;center&#8221; css=&#8221;&#8221; qode_css_animation=&#8221;&#8221;][vc_empty_space][vc_single_image image=&#8221;23816&#8243; img_size=&#8221;full&#8221; alignment=&#8221;center&#8221; css=&#8221;&#8221; qode_css_animation=&#8221;&#8221;][vc_empty_space][vc_single_image image=&#8221;23818&#8243; img_size=&#8221;full&#8221; alignment=&#8221;center&#8221; css=&#8221;&#8221; qode_css_animation=&#8221;&#8221;][vc_empty_space][vc_single_image image=&#8221;23820&#8243; img_size=&#8221;full&#8221; alignment=&#8221;center&#8221; css=&#8221;&#8221; qode_css_animation=&#8221;&#8221;][vc_empty_space][vc_single_image image=&#8221;23822&#8243; img_size=&#8221;full&#8221; alignment=&#8221;center&#8221; css=&#8221;&#8221; qode_css_animation=&#8221;&#8221;][vc_empty_space][vc_single_image image=&#8221;23824&#8243; img_size=&#8221;full&#8221; alignment=&#8221;center&#8221; css=&#8221;&#8221; qode_css_animation=&#8221;&#8221;][vc_empty_space][vc_column_text css=&#8221;&#8221;]<\/p>\n<p class=\"kepalairas_cim_jobb\">Photos: Tam\u00e1s Juh\u00e1sz G.<\/p>\n<p>[\/vc_column_text][vc_empty_space][\/vc_column][\/vc_row]<\/p>\n<\/div>","protected":false},"excerpt":{"rendered":"<p>[vc_row css_animation=&#8221;&#8221; seperator_indeed_locker=&#8221;&#8221; lk_t=&#8221;ism_template_1&#8243; lk_io=&#8221;default&#8221; lk_dm=&#8221;0&#8243; lk_thm=&#8221;0&#8243; lk_tuo=&#8221;0&#8243; ru_on=&#8221;0&#8243; uhc_on=&#8221;0&#8243; ur_on=&#8221;0&#8243; ref_on=&#8221;0&#8243; row_type=&#8221;row&#8221; use_row_as_full_screen_section=&#8221;no&#8221; type=&#8221;grid&#8221;&#8230;<\/p>\n","protected":false},"author":15,"featured_media":0,"parent":22249,"menu_order":0,"comment_status":"closed","ping_status":"closed","template":"full_width.php","meta":{"inline_featured_image":false,"loftloader_pro_show_once":"","loftloader_pro_page_shortcode":"","footnotes":""},"class_list":["post-23216","page","type-page","status-publish","hentry"],"_links":{"self":[{"href":"https:\/\/budapestgaleria.hu\/_\/en\/wp-json\/wp\/v2\/pages\/23216","targetHints":{"allow":["GET"]}}],"collection":[{"href":"https:\/\/budapestgaleria.hu\/_\/en\/wp-json\/wp\/v2\/pages"}],"about":[{"href":"https:\/\/budapestgaleria.hu\/_\/en\/wp-json\/wp\/v2\/types\/page"}],"author":[{"embeddable":true,"href":"https:\/\/budapestgaleria.hu\/_\/en\/wp-json\/wp\/v2\/users\/15"}],"replies":[{"embeddable":true,"href":"https:\/\/budapestgaleria.hu\/_\/en\/wp-json\/wp\/v2\/comments?post=23216"}],"version-history":[{"count":4,"href":"https:\/\/budapestgaleria.hu\/_\/en\/wp-json\/wp\/v2\/pages\/23216\/revisions"}],"predecessor-version":[{"id":24111,"href":"https:\/\/budapestgaleria.hu\/_\/en\/wp-json\/wp\/v2\/pages\/23216\/revisions\/24111"}],"up":[{"embeddable":true,"href":"https:\/\/budapestgaleria.hu\/_\/en\/wp-json\/wp\/v2\/pages\/22249"}],"wp:attachment":[{"href":"https:\/\/budapestgaleria.hu\/_\/en\/wp-json\/wp\/v2\/media?parent=23216"}],"curies":[{"name":"wp","href":"https:\/\/api.w.org\/{rel}","templated":true}]}}