{"id":10382,"date":"2015-04-07T16:45:17","date_gmt":"2015-04-07T16:45:17","guid":{"rendered":"http:\/\/budapestgaleria.hu\/_\/?page_id=10382"},"modified":"2017-02-23T06:41:28","modified_gmt":"2017-02-23T06:41:28","slug":"8-kerulet","status":"publish","type":"page","link":"https:\/\/budapestgaleria.hu\/_\/kozteri-muveszeti-osztaly\/muvek-budapesten\/8-kerulet\/","title":{"rendered":"VIII. ker\u00fclet"},"content":{"rendered":"<div class=\"wpb-content-wrapper\"><p>[vc_row template=&#8221;ism_template_1&#8243; ism_overlock=&#8221;default&#8221; sm_d_text=&#8221;<\/p>\n<h2>This content is locked<\/h2>\n<p>Share This Page To Unlock The Content!&#8221; row_type=&#8221;row&#8221; use_row_as_full_screen_section=&#8221;no&#8221; type=&#8221;full_width&#8221; angled_section=&#8221;no&#8221; text_align=&#8221;left&#8221; background_image_as_pattern=&#8221;without_pattern&#8221; css_animation=&#8221;&#8221;][vc_column el_class=&#8221;full-1024-1&#8243;][vc_empty_space height=&#8221;15px&#8221;][vc_column_text]<\/p>\n<p>[shortmenu menu=&#8221;Ker\u00fcletek&#8221; display=&#8221;inline&#8221; enhance=&#8221;true&#8221; menu_color=&#8221;#efefef&#8221; menu_anchor_color=&#8221;#4e4e4e&#8221; menu_anchor_hover_color=&#8221;#dd5656&#8243; submenu_transparency=&#8221;0.8&#8243; arrow=&#8221;true&#8221; is_responsive=&#8221;false&#8221; ]<\/p>\n<p>[\/vc_column_text][vc_empty_space][vc_column_text]<\/p>\n<p><strong>VIII. ker\u00fclet<\/strong><\/p>\n<p>[\/vc_column_text][vc_empty_space][vc_column_text]<\/p>\n<p>[put_wpgm id=16]<\/p>\n<p>[\/vc_column_text][vc_empty_space][\/vc_column][\/vc_row][vc_row template=&#8221;ism_template_1&#8243; ism_overlock=&#8221;default&#8221; sm_d_text=&#8221;<\/p>\n<h2>This content is locked<\/h2>\n<p>Share This Page To Unlock The Content!&#8221; row_type=&#8221;row&#8221; use_row_as_full_screen_section=&#8221;no&#8221; type=&#8221;full_width&#8221; angled_section=&#8221;no&#8221; text_align=&#8221;left&#8221; background_image_as_pattern=&#8221;without_pattern&#8221; css_animation=&#8221;&#8221; bgparallax=&#8221;parallax&#8221; contentwidth=&#8221;fullwidth&#8221; toppadding=&#8221;50&#8243; bottompadding=&#8221;60&#8243;][vc_column el_class=&#8221;full-1024-1&#8243;][vc_empty_space][vc_column_text]<\/p>\n<p class=\"szoborleiras\">Fel\u00e1ll\u00edt\u00e1s helye: VIII., Blaha Lujza t\u00e9r<br \/>\nAlkot\u00f3: Buza Barna<br \/>\nC\u00edm: NEMZETI SZ\u00cdNH\u00c1Z EML\u00c9KK\u0150<br \/>\nJelleg: eml\u00e9km\u0171<br \/>\nAnyag: m\u00e9szk\u0151<br \/>\nFel\u00e1ll\u00edt\u00e1s ideje: 1973<br \/>\n\u00c1ll\u00edttat\u00f3k: F\u0151v\u00e1rosi Tan\u00e1cs<br \/>\nMegjegyz\u00e9sek:<\/p>\n<p class=\"szoborleiras\">Fel\u00e1ll\u00edt\u00e1s helye: Baross u. 21.<br \/>\nAlkot\u00f3: Buda Istv\u00e1n<br \/>\nC\u00edm: SZ\u0150NYI ISTV\u00c1N<br \/>\nJelleg: domborm\u0171ves eml\u00e9kt\u00e1bla<br \/>\nAnyag: bronz, m\u00e9szk\u0151<br \/>\nA fel\u00e1ll\u00edt\u00e1s ideje: 2009<br \/>\n\u00c1ll\u00edttat\u00f3: Sz\u0151nyi Istv\u00e1n Alap\u00edtv\u00e1ny<br \/>\nFelirat: E H\u00c1ZBAN \u00c9LT,\/ALKOTOTT \u00c9S TAN\u00cdTOTT\/1930-1947 K\u00d6Z\u00d6TT\/SZ\u0150NYI ISTV\u00c1N\/1894-1960\/FEST\u0150M\u0170V\u00c9SZ\/A II. VIL\u00c1GH\u00c1BOR\u00daBAN CSAL\u00c1DJ\u00c1VAL EGY\u00dcTT\/\u00dcLD\u00d6Z\u00d6TTEK \u00c9LET\u00c9T MENTETTE MEG\/\u00c1LL\u00cdTTATTA: SZ\u0150NYI ISTV\u00c1N ALAP\u00cdTV\u00c1NY 2009<\/p>\n<p class=\"szoborleiras\">Fel\u00e1ll\u00edt\u00e1s helye: VIII. B\u00f3kay J\u00e1nos u. 53.<br \/>\nAlkot\u00f3: Sidl\u00f3 Ferenc<br \/>\nC\u00edm: IFJ. B\u00d3KAY J\u00c1NOS<br \/>\nJelleg: mellszobor<br \/>\nAnyag: bronz<br \/>\nFel\u00e1ll\u00edt\u00e1s ideje: 1937 ut\u00e1n<br \/>\n\u00c1ll\u00edttat\u00f3k:<br \/>\nMegjegyz\u00e9s:<\/p>\n<p class=\"szoborleiras\">Fel\u00e1ll\u00edt\u00e1s helye: VIII., Br\u00f3dy S\u00e1ndor u. 17.<br \/>\nAlkot\u00f3: Szab\u00f3 Iv\u00e1n<br \/>\nC\u00edm: K\u00c1D\u00c1R B\u00c9LA<br \/>\nJelleg: domborm\u0171ves eml\u00e9kt\u00e1bla<br \/>\nAnyag: bronz, m\u00e9szk\u0151<br \/>\nFel\u00e1ll\u00edt\u00e1s ideje: 1977<br \/>\n\u00c1ll\u00edttat\u00f3k: F\u0151v\u00e1rosi Tan\u00e1cs<br \/>\nMegjegyz\u00e9sek:<\/p>\n<p class=\"szoborleiras\">Fel\u00e1ll\u00edt\u00e1s helye: VIII., Br\u00f3dy S\u00e1ndor u. 18-20.<br \/>\nAlkot\u00f3: Gul\u00e1csy-Horv\u00e1th Zsolt<br \/>\nC\u00edm: VIZI J\u00c1NOS EML\u00c9KT\u00c1BL\u00c1JA<br \/>\nJelleg: domborm\u0171ves eml\u00e9kt\u00e1bla<br \/>\nAnyag: m\u00e9szk\u0151, bronz<br \/>\nFel\u00e1ll\u00edt\u00e1s ideje: 1995<br \/>\n\u00c1ll\u00edttat\u00f3k: Pongr\u00e1tz Gergely \u00e9s m\u00e1sok<br \/>\nMegjegyz\u00e9sek:<\/p>\n<p class=\"szoborleiras\">Fel\u00e1ll\u00edt\u00e1s helye: VIII. Br\u00f3dy S\u00e1ndor u. 8.<br \/>\nAlkot\u00f3: Diego Cudin (Olaszorsz\u00e1g)<br \/>\nC\u00edm: GIORGIO PERLASCA<br \/>\nJelleg: mellszobor<br \/>\nAnyag: bronz, m\u00e9szk\u0151<br \/>\nA fel\u00e1ll\u00edt\u00e1s ideje: 2008<br \/>\n\u00c1ll\u00edttat\u00f3: a Budapesti Olasz Kult\u00farint\u00e9zet az Olasz \u00c1llam megb\u00edz\u00e1s\u00e1b\u00f3l<\/p>\n<p class=\"szoborleiras\">Fel\u00e1ll\u00edt\u00e1s helye: VIII., Corvin k\u00f6z<br \/>\nAlkot\u00f3: Gul\u00e1csy-Horv\u00e1th Zsolt<br \/>\nC\u00edm: AZ 1956-OS PESTI SR\u00c1COK EML\u00c9KM\u0170VE<br \/>\nJelleg: eml\u00e9km\u0171<br \/>\nAnyag: k\u0151, festett f\u00e9m z\u00e1szl\u00f3r\u00fad, bronz<br \/>\nFel\u00e1ll\u00edt\u00e1s ideje: 1996<br \/>\n\u00c1ll\u00edttat\u00f3k: Corvin Budapest Filmpalota<br \/>\nMegjegyz\u00e9sek:<\/p>\n<p class=\"szoborleiras\">Fel\u00e1ll\u00edt\u00e1s helye: VIII., Corvin k\u00f6z<br \/>\nAlkot\u00f3: Gy\u0151rfi Lajos<br \/>\nC\u00edm: AZ &#8217;56-OS PESTI SR\u00c1C EML\u00c9KM\u0170VE<br \/>\nJelleg: eml\u00e9km\u0171<br \/>\nAnyag: bronz, k\u0151<br \/>\nFel\u00e1ll\u00edt\u00e1s ideje: 1996<br \/>\n\u00c1ll\u00edttat\u00f3k: Pesti Sr\u00e1c Alap\u00edtv\u00e1ny<br \/>\nMegjegyz\u00e9sek:<\/p>\n<p class=\"szoborleiras\">Fel\u00e1ll\u00edt\u00e1s helye: VIII., Corvin k\u00f6z 1.<br \/>\nAlkot\u00f3: Gul\u00e1csy-Horv\u00e1th Zsolt<br \/>\nC\u00edm: A CORVIN K\u00d6ZI M\u00c1RT\u00cdROK EML\u00c9KT\u00c1BL\u00c1JA<br \/>\nJelleg: domborm\u0171ves eml\u00e9kt\u00e1bla<br \/>\nAnyag: bronz<br \/>\nFel\u00e1ll\u00edt\u00e1s ideje: 1994<br \/>\n\u00c1ll\u00edttat\u00f3k: Corvin k\u00f6zi bajt\u00e1rsak<br \/>\nMegjegyz\u00e9sek:<\/p>\n<p class=\"szoborleiras\">Fel\u00e1ll\u00edt\u00e1s helye: VIII., Corvin k\u00f6z l.<br \/>\nAlkot\u00f3: Domonkos B\u00e9la<br \/>\nC\u00edm: SZAB\u00d3 ILONA<br \/>\nJelleg: domborm\u0171ves eml\u00e9kt\u00e1bla<br \/>\nAnyag: m\u00e9szk\u0151, bronz<br \/>\nFel\u00e1ll\u00edt\u00e1s ideje: 1994<br \/>\n\u00c1ll\u00edttat\u00f3k: &#8217;56-os Forradalmi Nemzeti Sz\u00f6vets\u00e9g; Igazolt Magyar Szabads\u00e1gharcos Vil\u00e1gsz\u00f6vets\u00e9g<br \/>\nMegjegyz\u00e9sek:<\/p>\n<p class=\"szoborleiras\">Fel\u00e1ll\u00edt\u00e1s helye: VIII., Corvin k\u00f6z 2.<br \/>\nAlkot\u00f3: Ugray Gy\u00f6rgy<br \/>\nC\u00edm: S\u00dcPEK OTT\u00d3 EML\u00c9KT\u00c1BL\u00c1JA<br \/>\nJelleg: domborm\u0171ves eml\u00e9kt\u00e1bla<br \/>\nAnyag: m\u00e9szk\u0151, bronz<br \/>\nFel\u00e1ll\u00edt\u00e1s ideje: 1995<br \/>\n\u00c1ll\u00edttat\u00f3k: S\u00fcpek csal\u00e1d<br \/>\nMegjegyz\u00e9sek:<\/p>\n<p class=\"szoborleiras\">Fel\u00e1ll\u00edt\u00e1s helye: VIII., Corvin k\u00f6z 2-3.<br \/>\nAlkot\u00f3: Gul\u00e1csy-Horv\u00e1th Zsolt<br \/>\nC\u00edm: 1956-OS EML\u00c9KT\u00c1BLA<br \/>\nJelleg: domborm\u0171ves eml\u00e9kt\u00e1bla<br \/>\nAnyag: bronz<br \/>\nFel\u00e1ll\u00edt\u00e1s ideje: 1990<br \/>\n\u00c1ll\u00edttat\u00f3k: &#8217;56-os Kegyeleti Bizotts\u00e1g<br \/>\nEredeti helye:<br \/>\nMegjegyz\u00e9sek:<\/p>\n<p class=\"szoborleiras\">Fel\u00e1ll\u00edt\u00e1s helye: VIII., Gutenberg t\u00e9r<br \/>\nAlkot\u00f3: Ifj. Vastagh Gy\u00f6rgy<br \/>\nC\u00edm: FODOR J\u00d3ZSEF<br \/>\nJelleg: mellszobor<br \/>\nAnyag: bronz, m\u00e9szk\u0151<br \/>\nFel\u00e1ll\u00edt\u00e1s ideje: 1909<br \/>\n\u00c1ll\u00edttat\u00f3k: Orsz\u00e1gos K\u00f6zeg\u00e9szs\u00e9gi Egyes\u00fclet k\u00f6zadakoz\u00e1sb\u00f3l<br \/>\nEredeti helye:<br \/>\nMegjegyz\u00e9sek:<\/p>\n<p class=\"szoborleiras\">Fel\u00e1ll\u00edt\u00e1s helye: VIII., Gutenberg t\u00e9r 4.<br \/>\nAlkot\u00f3: V\u00edgh Tam\u00e1s<br \/>\nC\u00edm: JOHANNES GUTENBERG- EML\u00c9K<br \/>\nJelleg: domborm\u0171ves eml\u00e9kt\u00e1bla<br \/>\nAnyag: bronz<br \/>\nFel\u00e1ll\u00edt\u00e1s ideje: 1987<br \/>\n\u00c1ll\u00edttat\u00f3k: VIII. ker\u00fcleti Tan\u00e1cs<br \/>\nEredeti helye:<br \/>\nMegjegyz\u00e9sek:<\/p>\n<p class=\"szoborleiras\">Fel\u00e1ll\u00edt\u00e1s helye: Gyulai P\u00e1l utca, a Szent R\u00f3kus K\u00f3rh\u00e1z el\u0151tti park<br \/>\nAlkot\u00f3: T\u00f6rley M\u00e1ria<br \/>\nC\u00edm: TORMAY C\u00c9CILE<br \/>\nJelleg: mellszobor<br \/>\nAnyag: bronz<br \/>\nA fel\u00e1ll\u00edt\u00e1s ideje: 2012<br \/>\n\u00c1ll\u00edttat\u00f3: Nemzeti \u00c9rt\u00e9kv\u00e9d\u0151 Egyes\u00fclet<\/p>\n<p class=\"szoborleiras\">Fel\u00e1ll\u00edt\u00e1s helye: VIII., Gyulai P\u00e1l u. 2.<br \/>\nAlkot\u00f3: Rem\u00e9nyi J\u00f3zsef<br \/>\nC\u00edm: SEMMELWEIS IGN\u00c1C<br \/>\nJelleg: domborm\u0171ves eml\u00e9kt\u00e1bla<br \/>\nAnyag: bronz, m\u00e1rv\u00e1ny<br \/>\nFel\u00e1ll\u00edt\u00e1s ideje: 1934<br \/>\n\u00c1ll\u00edttat\u00f3k: K\u00f6zk\u00f3rh\u00e1zi Orvost\u00e1rsulat<br \/>\nEredeti helye:<br \/>\nMegjegyz\u00e9sek:<\/p>\n<p class=\"szoborleiras\">Fel\u00e1ll\u00edt\u00e1s helye: VIII., Gyulai P\u00e1l u. 2. a R\u00f3kus k\u00f3rh\u00e1z el\u0151tt<br \/>\nAlkot\u00f3: Str\u00f3bl Alajos<br \/>\nC\u00edm: SEMMELWEIS IGN\u00c1C<br \/>\nJelleg: eml\u00e9km\u0171<br \/>\nAnyag: m\u00e1rv\u00e1ny, m\u00e9szk\u0151<br \/>\nFel\u00e1ll\u00edt\u00e1s ideje: 1906<br \/>\n\u00c1ll\u00edttat\u00f3k: nemzetk\u00f6zi k\u00f6zadakoz\u00e1s<br \/>\nEredeti helye: V., Erzs\u00e9bet t\u00e9r<br \/>\nMegjegyz\u00e9sek: 1906 elhelyez\u00e9s az V., Erzs\u00e9bet t\u00e9ren<br \/>\n1948 \u00e1thelyez\u00e9s a jelenlegi helysz\u00ednre<\/p>\n<p class=\"szoborleiras\">Fel\u00e1ll\u00edt\u00e1s helye: VIII., Harminckettesek tere<br \/>\nAlkot\u00f3: Szentgy\u00f6rgyi Istv\u00e1n<br \/>\nC\u00edm: HARMINCKETTESEK H\u0150SI EML\u00c9KE<br \/>\nJelleg: eml\u00e9km\u0171<br \/>\nAnyag: bronz, k\u0151<br \/>\nFel\u00e1ll\u00edt\u00e1s ideje: 1933<br \/>\n\u00c1ll\u00edttat\u00f3k: k\u00f6zadakoz\u00e1sb\u00f3l<br \/>\nMegjegyz\u00e9sek:<\/p>\n<p class=\"szoborleiras\">Fel\u00e1ll\u00edt\u00e1s helye: VIII., Hor\u00e1nszky u. 11.<br \/>\nAlkot\u00f3: Madarassy Walter<br \/>\nC\u00edm: BANGHA B\u00c9LA<br \/>\nJelleg: domborm\u0171ves eml\u00e9kt\u00e1bla<br \/>\nAnyag: m\u00e1rv\u00e1ny<br \/>\nFel\u00e1ll\u00edt\u00e1s ideje: 1942<br \/>\n\u00c1ll\u00edttat\u00f3k: a Jezsuita Rend<br \/>\nMegjegyz\u00e9sek: A t\u00e1bl\u00e1t 1950(?)-ben befalazt\u00e1k, a F\u0151v\u00e1rosi \u00d6nkorm\u00e1nyzat 1992-ben kibontatta \u00e9s restaur\u00e1ltatta.<\/p>\n<p class=\"szoborleiras\">Fel\u00e1ll\u00edt\u00e1s helye: VIII., Hor\u00e1nszky u. 27.<br \/>\nAlkot\u00f3: M. Sz\u0171cs Ilona<br \/>\nC\u00edm: PILINSZKY J\u00c1NOS<br \/>\nJelleg: d\u00edsz\u00edt\u0151szobor<br \/>\nAnyag: m\u00e9szk\u0151, bronz<br \/>\nFel\u00e1ll\u00edt\u00e1s ideje: 1999<br \/>\n\u00c1ll\u00edttat\u00f3k: VIII. ker\u00fcleti \u00d6nkorm\u00e1nyzat<br \/>\nMegjegyz\u00e9sek:<\/p>\n<p class=\"szoborleiras\">Fel\u00e1ll\u00edt\u00e1s helye: VIII., Horv\u00e1th Mih\u00e1ly t\u00e9r<br \/>\nAlkot\u00f3: G\u00e1rdos Alad\u00e1r<br \/>\nC\u00edm: ELHAGYOTTAK<br \/>\nJelleg: d\u00edsz\u00edt\u0151szobor<br \/>\nAnyag: bronz<br \/>\nFel\u00e1ll\u00edt\u00e1s ideje: 1932<br \/>\n\u00c1ll\u00edttat\u00f3k: F\u0151v\u00e1ros<br \/>\nMegjegyz\u00e9sek: Az 1905-ben k\u00e9sz\u00fclt \u00e9s az 1906-os Tavaszi T\u00e1rlaton Hajl\u00e9ktalanok c\u00edmen bemutatott kisplasztika terv\u00e9t a F\u0151v\u00e1ros megv\u00e1s\u00e1rolta, m\u00e9retv\u00e1ltozat\u00e1t 1932-ben k\u00f6zt\u00e9rre \u00e1ll\u00edttatta.<\/p>\n<p class=\"szoborleiras\">Fel\u00e1ll\u00edt\u00e1s helye: VIII., Horv\u00e1th Mih\u00e1ly t\u00e9r 17-18. a J\u00f3zsefv\u00e1rosi Telefonk\u00f6zpont f\u0151bej\u00e1rat\u00e1n<br \/>\nAlkot\u00f3: Sz\u0151dy Szil\u00e1rd<br \/>\nC\u00edm: PUSK\u00c1S TIVADAR \u00c9S FERENC<br \/>\nJelleg: domborm\u0171ves eml\u00e9kt\u00e1bla<br \/>\nAnyag: bronz<br \/>\nFel\u00e1ll\u00edt\u00e1s ideje: 1931<br \/>\n\u00c1ll\u00edttat\u00f3k: A Magyar Kir\u00e1lyi Posta<br \/>\nMegjegyz\u00e9sek:<\/p>\n<p class=\"szoborleiras\">Fel\u00e1ll\u00edt\u00e1s helye: VIII., Horv\u00e1th Mih\u00e1ly t\u00e9r<br \/>\nAlkot\u00f3: Domj\u00e1n \u00c1rp\u00e1d<br \/>\nC\u00edm: HORV\u00c1TH MIH\u00c1LY EML\u00c9KOSZLOP<br \/>\nJelleg: eml\u00e9km\u0171<br \/>\nAnyag: m\u00e9szk\u0151<br \/>\nFel\u00e1ll\u00edt\u00e1s ideje: 1948<br \/>\n\u00c1ll\u00edttat\u00f3k: F\u0151v\u00e1ros<br \/>\nMegjegyz\u00e9sek:<\/p>\n<p class=\"szoborleiras\">Fel\u00e1ll\u00edt\u00e1s helye: VIII., Horv\u00e1th Mih\u00e1ly t\u00e9r<br \/>\nAlkot\u00f3: Radnai B\u00e9la<br \/>\nC\u00edm: P\u00c1ZM\u00c1NY P\u00c9TER<br \/>\nJelleg: portr\u00e9szobor<br \/>\nAnyag: m\u00e9szk\u0151<br \/>\nFel\u00e1ll\u00edt\u00e1s ideje: 1914<br \/>\n\u00c1ll\u00edttat\u00f3k: I. Ferenc J\u00f3zsef<br \/>\nEredeti helye: IV., K\u00edgy\u00f3 t\u00e9r<br \/>\nMegjegyz\u00e9sek: 1914 elhelyez\u00e9s a IV., K\u00edgy\u00f3 t\u00e9ren (ma a Ferenciek tere \u00e9szaki oldala), 1949-ben lebontott\u00e1k, 1958 \u00f3ta \u00e1ll a jelenlegi hely\u00e9n<\/p>\n<p class=\"szoborleiras\">Fel\u00e1ll\u00edt\u00e1s helye: VIII., J\u00f3zsef krt. 47. \u2013 Kr\u00fady u.<br \/>\nAlkot\u00f3: Kiss Gy\u00f6rgy<br \/>\nC\u00edm: CSIRKEFOG\u00d3<br \/>\nJelleg: d\u00edsz\u00edt\u0151szobor<br \/>\nAnyag: bronz<br \/>\nFel\u00e1ll\u00edt\u00e1s ideje: 1927<br \/>\n\u00c1ll\u00edttat\u00f3k: F\u0151v\u00e1ros<br \/>\nMegjegyz\u00e9sek:<\/p>\n<p class=\"szoborleiras\">Fel\u00e1ll\u00edt\u00e1s helye: VIII., J\u00f3zsef krt. &#8211; Kr\u00fady u.<br \/>\nAlkot\u00f3: Kampfl J\u00f3zsef<br \/>\nC\u00edm: D\u00cdSZK\u00daT<br \/>\nJelleg: d\u00edszk\u00fat<br \/>\nAnyag: andezit, gr\u00e1nit, bronz<br \/>\nFel\u00e1ll\u00edt\u00e1s ideje: 1998<br \/>\n\u00c1ll\u00edttat\u00f3k: J\u00f3zsefv\u00e1ros \u00d6nkorm\u00e1nyzata<br \/>\nMegjegyz\u00e9sek:<\/p>\n<p class=\"szoborleiras\">Fel\u00e1ll\u00edt\u00e1s helye: J\u00f3zsef utca 16-18.<br \/>\nAlkot\u00f3: Varga M\u00e1ty\u00e1s<br \/>\nC\u00edm: T\u00c1BORI GY\u00d6RGY<br \/>\nJelleg: domborm\u0171ves eml\u00e9kt\u00e1bla<br \/>\nAnyag: bronz, m\u00e9szk\u0151<br \/>\nA fel\u00e1ll\u00edt\u00e1s ideje: 2010<br \/>\n\u00c1ll\u00edttat\u00f3: Magyar Sz\u00ednh\u00e1zi T\u00e1rsas\u00e1g, F\u0151v\u00e1rosi \u00d6nkorm\u00e1nyzat<br \/>\nFelirat: EBBEN A H\u00c1ZBAN SZ\u00dcLETETT\/T\u00c1BORI GY\u00d6RGY\/(1914-2007)\/A NEMZETK\u00d6ZI SZ\u00cdNH\u00c1ZI \u00c9LET\/KIEMELKED\u0150 SZEM\u00c9LYIS\u00c9GE\/\u00c1LL\u00cdTTATTA\/A MAGYAR SZ\u00cdNH\u00c1ZI T\u00c1RAS\u00c1G\/A F\u0150V\u00c1ROSI \u00d6NKORM\u00c1NYZAT\/T\u00c1MOGAT\u00c1S\u00c1VAL\/2009<\/p>\n<p class=\"szoborleiras\">Fel\u00e1ll\u00edt\u00e1s helye: VIII., J\u00f3zsef u. 22.<br \/>\nAlkot\u00f3: Martsa Istv\u00e1n<br \/>\nC\u00edm: \u00dcL\u0150 N\u0150<br \/>\nJelleg: d\u00edsz\u00edt\u0151szobor<br \/>\nAnyag: m\u00e9szk\u0151<br \/>\nFel\u00e1ll\u00edt\u00e1s ideje: 1968<br \/>\n\u00c1ll\u00edttat\u00f3k: F\u0151v\u00e1rosi Tan\u00e1cs<br \/>\nMegjegyz\u00e9sek:<\/p>\n<p class=\"szoborleiras\">Fel\u00e1ll\u00edt\u00e1s helye: VIII., K\u00e1lv\u00e1ria t\u00e9r<br \/>\nAlkot\u00f3: Makrisz Agamemnon<br \/>\nC\u00edm: D\u00cdSZK\u00daT<br \/>\nJelleg: d\u00edsz\u00edt\u0151szobor<br \/>\nAnyag: m\u00e9szk\u0151, bronz<br \/>\nFel\u00e1ll\u00edt\u00e1s ideje: 1992<br \/>\n\u00c1ll\u00edttat\u00f3k: F\u0151v\u00e1rosi \u00d6nkorm\u00e1nyzat<br \/>\nMegjegyz\u00e9sek: A m\u0171 1981-ben k\u00e9sz\u00fclt.<\/p>\n<p class=\"szoborleiras\">A fel\u00e1ll\u00edt\u00e1s helye: VIII. K\u00e1lv\u00e1ria t\u00e9r, \u00c9K-i oldal<br \/>\nAlkot\u00f3: Fekete G\u00e9za<br \/>\nC\u00edm: KOCSIS S\u00c1NDOR<br \/>\nJelleg: domborm\u0171ves eml\u00e9kt\u00e1bla<br \/>\nAnyag: bronz 37 x 22 cm<br \/>\nA fel\u00e1ll\u00edt\u00e1s ideje: 2014<br \/>\n\u00c1ll\u00edttat\u00f3: FTC Bar\u00e1ti K\u00f6r<br \/>\nFelirat: ?<\/p>\n<p class=\"szoborleiras\">A fel\u00e1ll\u00edt\u00e1s helye: VIII. Kerepesi \u00fat 15., a F\u0150TAXI sz\u00e9kh\u00e1za<br \/>\nAlkot\u00f3: Narancsikn\u00e9 Bog\u00e1r L\u00edvia (tervez\u0151 grafikus)<br \/>\nC\u00edm: HALTENBERGER SAMU<br \/>\nJelleg: eml\u00e9kt\u00e1bla<br \/>\nAnyag: bronzra maratott portr\u00e9 30 x 30 cm, m\u00e1rv\u00e1ny 80 x 50 cm<br \/>\nA fel\u00e1ll\u00edt\u00e1s ideje: 2013<br \/>\n\u00c1ll\u00edttat\u00f3: F\u0150TAXI Aut\u00f3k\u00f6zleked\u00e9si \u00e9s Szolg\u00e1ltat\u00f3 Zrt.<br \/>\nFelirat: HALTENBERGER SAMU\/1875. FEBRU\u00c1R 20.\u20131956. \u00c1PRILIS 20.\/A SZ\u00dcRKETAXI (MA F\u0150TAXI)\/EGYIK ALAP\u00cdT\u00d3JA, VEZ\u00c9RIGAZGAT\u00d3JA\/ \u00c1LL\u00cdTTATTA\/A 100 \u00c9VES F\u0150TAXI ZRT.\/BUDAPEST, 2013. J\u00daNIUS 1.<\/p>\n<p class=\"szoborleiras\">Fel\u00e1ll\u00edt\u00e1s helye: VIII., K\u00f6lcsey u. 1.<br \/>\nAlkot\u00f3: Beck \u00d6. F\u00fcl\u00f6p<br \/>\nC\u00edm: K\u00d6LCSEY FERENC<br \/>\nJelleg: domborm\u0171ves eml\u00e9kt\u00e1bla<br \/>\nAnyag: m\u00e9szk\u0151, bronz<br \/>\nFel\u00e1ll\u00edt\u00e1s ideje: 1955<br \/>\n\u00c1ll\u00edttat\u00f3k: F\u0151v\u00e1rosi Tan\u00e1cs<br \/>\nMegjegyz\u00e9sek:<\/p>\n<p class=\"szoborleiras\">Fel\u00e1ll\u00edt\u00e1s helye: VIII., K\u00f6nyves K\u00e1lm\u00e1n krt. 52.<br \/>\nAlkot\u00f3: Vasas K\u00e1roly<br \/>\nC\u00edm: OLVAS\u00d3 F\u00c9RFI \u00c9S N\u0150<br \/>\nJelleg: d\u00edsz\u00edt\u0151szobor<br \/>\nAnyag: m\u00e9szk\u0151<br \/>\nFel\u00e1ll\u00edt\u00e1s ideje: 1967<br \/>\n\u00c1ll\u00edttat\u00f3k: Orsz\u00e1gos Vezet\u0151k\u00e9pz\u0151 K\u00f6zpont<br \/>\nMegjegyz\u00e9sek:<\/p>\n<p class=\"szoborleiras\">Fel\u00e1ll\u00edt\u00e1s helye: VIII., K\u00f6zt\u00e1rsas\u00e1g t\u00e9r, \u00c9NY-i oldal<br \/>\nAlkot\u00f3: Szab\u00f3 G\u00e1bor<br \/>\nC\u00edm: JEAN-PIERRE PEDRAZZINI<br \/>\nJelleg: mellszobor<br \/>\nAnyag: bronz<br \/>\nFel\u00e1ll\u00edt\u00e1s ideje: 2006<br \/>\n\u00c1ll\u00edttat\u00f3k: Francia K\u00f6zt\u00e1rsas\u00e1g Budapesti Nagyk\u00f6vets\u00e9ge, Sv\u00e1jc Budapesti Nagyk\u00f6vets\u00e9ge, Paris Match<br \/>\nMegjegyz\u00e9sek:<\/p>\n<p class=\"szoborleiras\">Fel\u00e1ll\u00edt\u00e1s helye: VIII., Kr\u00fady Gyula u. 22.<br \/>\nAlkot\u00f3: V\u00edgh Tam\u00e1s<br \/>\nC\u00edm: KR\u00daDY GYULA<br \/>\nJelleg: domborm\u0171ves eml\u00e9kt\u00e1bla<br \/>\nAnyag: \u00f3lom<br \/>\nFel\u00e1ll\u00edt\u00e1s ideje: 1958<br \/>\n\u00c1ll\u00edttat\u00f3k: VIII. ker. Tan\u00e1cs<br \/>\nMegjegyz\u00e9sek:<\/p>\n<p class=\"szoborleiras\">Fel\u00e1ll\u00edt\u00e1s helye: VIII., L\u00e9gszesz u. 1.<br \/>\nAlkot\u00f3: Cs\u00edkszentmih\u00e1lyi R\u00f3bert<br \/>\nC\u00edm: L\u00c9GSZESZ UTCA<br \/>\nJelleg: v\u00e9dett utcan\u00e9vjelz\u0151 t\u00e1bla<br \/>\nAnyag: m\u00e9szk\u0151<br \/>\nFel\u00e1ll\u00edt\u00e1s ideje: 1974<br \/>\n\u00c1ll\u00edttat\u00f3k: F\u0151v\u00e1rosi Tan\u00e1cs<br \/>\nMegjegyz\u00e9sek:<\/p>\n<p class=\"szoborleiras\">Fel\u00e1ll\u00edt\u00e1s helye: VIII., Leonardo da Vinci u. 52.<br \/>\nAlkot\u00f3: Vilt Tibor<br \/>\nC\u00edm: LEONARDO DA VINCI<br \/>\nJelleg: domborm\u0171ves eml\u00e9kt\u00e1bla<br \/>\nAnyag: m\u00e9szk\u0151, \u00f3lom<br \/>\nFel\u00e1ll\u00edt\u00e1s ideje: 1954<br \/>\n\u00c1ll\u00edttat\u00f3k: F\u0151v\u00e1rosi Tan\u00e1cs<br \/>\nMegjegyz\u00e9sek:<\/p>\n<p class=\"szoborleiras\">Fel\u00e1ll\u00edt\u00e1s helye: VIII., L\u0151rinc pap t\u00e9r<br \/>\nAlkot\u00f3: Orb\u00e1n Antal<br \/>\nC\u00edm: GR\u00d3F ZICHY N\u00c1NDOR<br \/>\nJelleg: eml\u00e9km\u0171<br \/>\nAnyag: bronz, m\u00e9szk\u0151<br \/>\nFel\u00e1ll\u00edt\u00e1s ideje: 1930<br \/>\n\u00c1ll\u00edttat\u00f3k: Szent Istv\u00e1n T\u00e1rsulat<br \/>\nEredeti helye: VIII. Szcitovszky t\u00e9r (ma L\u0151rinc pap t\u00e9r)<br \/>\nMegjegyz\u00e9sek: 1949 ut\u00e1n lebontott\u00e1k, 1949-1992 k\u00f6z\u00f6tt rakt\u00e1rban, 1992-ben eredeti hely\u00e9n \u00fajra fel\u00e1ll\u00edtatta a F\u0151v\u00e1rosi \u00d6nkorm\u00e1nyzat.<\/p>\n<p class=\"szoborleiras\">Fel\u00e1ll\u00edt\u00e1s helye: VIII., Ludovika t\u00e9r<br \/>\nAlkot\u00f3: Horvay J\u00e1nos<br \/>\nC\u00edm: N\u00c9VTELEN H\u0150S\u00d6K EML\u00c9KE<br \/>\nJelleg: eml\u00e9km\u0171<br \/>\nAnyag: m\u00e1rv\u00e1ny, m\u00e9szk\u0151<br \/>\nFel\u00e1ll\u00edt\u00e1s ideje: 1924<br \/>\n\u00c1ll\u00edttat\u00f3k: k\u00f6zadakoz\u00e1sb\u00f3l<br \/>\nMegjegyz\u00e9sek:<\/p>\n<p class=\"szoborleiras\">Fel\u00e1ll\u00edt\u00e1s helye: VIII., Ludovika t\u00e9r, a N\u00e9vtelen h\u0151s\u00f6k eml\u00e9km\u0171v\u00e9n<br \/>\nAlkot\u00f3: Domonkos L\u00e1szl\u00f3<br \/>\nC\u00edm: A LUDOVIKA AKAD\u00c9MIA M\u00c1SODIK VIL\u00c1GH\u00c1BOR\u00daS H\u0150SI HALOTTAINAK EML\u00c9KT\u00c1BL\u00c1JA<br \/>\nJelleg: domborm\u0171ves eml\u00e9kt\u00e1bla<br \/>\nAnyag: bronz<br \/>\nFel\u00e1ll\u00edt\u00e1s ideje: 1995<br \/>\n\u00c1ll\u00edttat\u00f3k: Honv\u00e9d Hagyom\u00e1ny\u0151rz\u0151 Egyes\u00fclet<br \/>\nMegjegyz\u00e9sek:<\/p>\n<p class=\"szoborleiras\">Fel\u00e1ll\u00edt\u00e1s helye: VIII. Ludovika t\u00e9r<br \/>\nAlkot\u00f3: Marija Ulevi\u0107 Galetovi\u0107<br \/>\nC\u00edm: MIROSLAV KRLE\u017dA<br \/>\nJelleg: eg\u00e9szalakos portr\u00e9szobor<br \/>\nAnyag: bronz<br \/>\nA fel\u00e1ll\u00edt\u00e1s ideje: 2011<br \/>\n\u00c1ll\u00edttat\u00f3: Budapest F\u0151v\u00e1ros \u00d6nkorm\u00e1nyzata<br \/>\nFelirat: MIROSLAV KRLE\u017dA (1893-1981) \u00cdR\u00d3, A MAGYARUL TUD\u00d3 HORV\u00c1T KLASSZIKUS. MARIJA UJEVI\u0106 GALETOVI\u0106 SZOBRA Z\u00c1GR\u00c1B V\u00c1ROS AJ\u00c1ND\u00c9KA BUDAPEST V\u00c1ROS\u00c1NAK A MAGYAR-HORV\u00c1T BAR\u00c1TS\u00c1G \u00c9S A T\u00d6BB \u00c9VSZ\u00c1ZADOS KULTUR\u00c1LIS KAPCSOLATOK JEGY\u00c9BEN.<\/p>\n<p class=\"szoborleiras\">Fel\u00e1ll\u00edt\u00e1s helye: VIII. M\u00e1ty\u00e1s t\u00e9r<br \/>\nAlkot\u00f3: Hargitai Ott\u00f3<br \/>\nC\u00edm: BAUER S\u00c1NDOR<br \/>\nJelleg: mellszobor<br \/>\nAnyag: bronz<br \/>\nA fel\u00e1ll\u00edt\u00e1s ideje: 2012<br \/>\n\u00c1ll\u00edttat\u00f3: V\u00e1cz Gyula<br \/>\nFelirat: BAUER S\u00c1NDOR\/1952-1969\/\u201dSZERETN\u00c9K M\u00c9G \u00c9LNI, DE MOST SZ\u00c9NN\u00c9 \u00c9GETT HOLTTESTEMRE VAN SZ\u00dcKS\u00c9GE A NEMZETNEK\u201d\/\u201d\u2026F\u00d6LMUTATJA, V\u00c9ZNA KAMASZB\u00d3L MIK\u00c9NT LESZ\/ROBUSZTUS T\u0170ZNYAL\u00c1BOKB\u00d3L \u00c9P\u00cdTETT L\u00c1NGKOLOSSZUS\u2026\u201d\/D\u00f6brentei Korn\u00e9l: F\u00e1klya<\/p>\n<p class=\"szoborleiras\">Fel\u00e1ll\u00edt\u00e1s helye: VIII., Miksz\u00e1th K\u00e1lm\u00e1n t\u00e9r<br \/>\nAlkot\u00f3: Kocsis Andr\u00e1s<br \/>\nC\u00edm: MIKSZ\u00c1TH K\u00c1LM\u00c1N<br \/>\nJelleg: portr\u00e9szobor<br \/>\nAnyag: m\u00e9szk\u0151<br \/>\nFel\u00e1ll\u00edt\u00e1s ideje: 1961<br \/>\n\u00c1ll\u00edttat\u00f3k: F\u0151v\u00e1rosi Tan\u00e1cs<br \/>\nMegjegyz\u00e9sek:<\/p>\n<p class=\"szoborleiras\">Fel\u00e1ll\u00edt\u00e1s helye: VIII., Miksz\u00e1th K\u00e1lm\u00e1n t\u00e9r 1.<br \/>\nAlkot\u00f3: Horvay J\u00e1nos<br \/>\nC\u00edm: IRINYI J\u00c1NOS<br \/>\nJelleg: domborm\u0171ves eml\u00e9kt\u00e1bla<br \/>\nAnyag: bronz, m\u00e9szk\u0151<br \/>\nFel\u00e1ll\u00edt\u00e1s ideje: 1936\/1940\/1961<br \/>\n\u00c1ll\u00edttat\u00f3k:<br \/>\nEredeti helye: Esk\u00fc (ma M\u00e1rcius 15-e) t\u00e9r 6. sz. h\u00e1z fal\u00e1n<br \/>\nMegjegyz\u00e9sek: 1936 elhelyez\u00e9s az Esk\u00fc (ma M\u00e1rcius 15-e) t\u00e9r 6. sz. h\u00e1z fal\u00e1n. 1940 \u00e1thelyez\u00e9s a VIII., Miksz\u00e1th K\u00e1lm\u00e1n t\u00e9r 4. sz. h\u00e1zra, 1961 \u00e1thelyez\u00e9s a jelenlegi hely\u00e9re<\/p>\n<p class=\"szoborleiras\">Fel\u00e1ll\u00edt\u00e1s helye: VIII., Miksz\u00e1th K\u00e1lm\u00e1n t\u00e9r 1.<br \/>\nAlkot\u00f3: M\u00e1ty\u00e1ssy L\u00e1szl\u00f3<br \/>\nC\u00edm: SOPHIANUM<br \/>\nJelleg: domborm\u0171ves eml\u00e9kt\u00e1bla<br \/>\nAnyag: bronz, gr\u00e1nit<br \/>\nFel\u00e1ll\u00edt\u00e1s ideje: 2005<br \/>\n\u00c1ll\u00edttat\u00f3k: a Sacr\u00e9 Coeur szerzetesrend Sophianum int\u00e9zet\u00e9nek volt di\u00e1kjai<br \/>\nMegjegyz\u00e9sek:<\/p>\n<p class=\"szoborleiras\">Fel\u00e1ll\u00edt\u00e1s helye: VIII., Miksz\u00e1th K\u00e1lm\u00e1n t\u00e9r 4.<br \/>\nAlkot\u00f3: Kall\u00f3s Ede<br \/>\nC\u00edm: MIKSZ\u00c1TH K\u00c1LM\u00c1N<br \/>\nJelleg: domborm\u0171ves eml\u00e9kt\u00e1bla<br \/>\nAnyag: m\u00e1rv\u00e1ny<br \/>\nFel\u00e1ll\u00edt\u00e1s ideje: 1937<br \/>\n\u00c1ll\u00edttat\u00f3k: F\u0151v\u00e1ros<br \/>\nMegjegyz\u00e9sek:<\/p>\n<p class=\"szoborleiras\">Fel\u00e1ll\u00edt\u00e1s helye: VIII., M\u00fazeum krt. 6-8., az ELTE parkj\u00e1ban<br \/>\nAlkot\u00f3: Kiss J\u00f3zsef<br \/>\nC\u00edm: TREFORT \u00c1GOSTON<br \/>\nJelleg: portr\u00e9szobor<br \/>\nAnyag: bronz<br \/>\nFel\u00e1ll\u00edt\u00e1s ideje: 1904<br \/>\n\u00c1ll\u00edttat\u00f3k: egyetemi \u00e9s m\u0171egyetemi tan\u00e1rok; a Kir\u00e1lyi Magyar Term\u00e9szettudom\u00e1nyi T\u00e1rsulat tagjai<br \/>\nMegjegyz\u00e9sek:<\/p>\n<p class=\"szoborleiras\">Fel\u00e1ll\u00edt\u00e1s helye: VIII., M\u00fazeum krt. 6-8., az ELTE parkj\u00e1ban<br \/>\nAlkot\u00f3: Horv\u00e1th B\u00e9la<br \/>\nC\u00edm: TAN\u00c1ROK H\u0150SI EML\u00c9KE<br \/>\nJelleg: eml\u00e9km\u0171<br \/>\nAnyag: bronz, m\u00e9szk\u0151<br \/>\nFel\u00e1ll\u00edt\u00e1s ideje: 1936<br \/>\n\u00c1ll\u00edttat\u00f3k: P\u00e1zm\u00e1ny P\u00e9ter Tudom\u00e1nyegyetem<br \/>\nMegjegyz\u00e9sek:<\/p>\n<p class=\"szoborleiras\">Fel\u00e1ll\u00edt\u00e1s helye: VIII., M\u00fazeum krt. 14-16.<br \/>\nAlkot\u00f3: Vay Mikl\u00f3s<br \/>\nC\u00edm: BERZSENYI D\u00c1NIEL<br \/>\nJelleg: mellszobor<br \/>\nAnyag: bronz<br \/>\nFel\u00e1ll\u00edt\u00e1s ideje: 1860<br \/>\n\u00c1ll\u00edttat\u00f3k: Somogy V\u00e1rmegye K\u00f6zgy\u0171l\u00e9se k\u00f6zadakoz\u00e1sb\u00f3l<br \/>\nMegjegyz\u00e9sek:<\/p>\n<p class=\"szoborleiras\">Fel\u00e1ll\u00edt\u00e1s helye: VIII., M\u00fazeum krt. 14-16.<br \/>\nAlkot\u00f3: Vay Mikl\u00f3s<br \/>\nC\u00edm: KAZINCZY FERENC MELLSZOBOR<br \/>\nJelleg: mellszobor<br \/>\nAnyag: bronz<br \/>\nFel\u00e1ll\u00edt\u00e1s ideje: 1861<br \/>\n\u00c1ll\u00edttat\u00f3k: k\u00f6zadakoz\u00e1sb\u00f3l<br \/>\nMegjegyz\u00e9sek:<\/p>\n<p class=\"szoborleiras\">Fel\u00e1ll\u00edt\u00e1s helye: VIII., M\u00fazeum krt. 14-16.<br \/>\nAlkot\u00f3: Ferenczy Istv\u00e1n<br \/>\nC\u00edm: KISFALUDY K\u00c1ROLY EML\u00c9K<br \/>\nJelleg: mellszobor<br \/>\nAnyag: m\u00e1rv\u00e1ny<br \/>\nFel\u00e1ll\u00edt\u00e1s ideje: 1875<br \/>\n\u00c1ll\u00edttat\u00f3k: Bar\u00e1tai, a Kisfaludy T\u00e1rsas\u00e1g \u00e9s a sz\u00e9kesfeh\u00e9rv\u00e1ri k\u00e1ptalan<br \/>\nMegjegyz\u00e9sek: 1945-ben er\u0151sen megs\u00e9r\u00fclt, 1952 \u00fajrafarag\u00e1s ut\u00e1n \u00faj talapzatra visszahelyezt\u00e9k.<\/p>\n<p class=\"szoborleiras\">Fel\u00e1ll\u00edt\u00e1s helye: VIII., M\u00fazeum krt. 14-16.<br \/>\nAlkot\u00f3: Str\u00f3bl Alajos<br \/>\nC\u00edm: ARANY J\u00c1NOS<br \/>\nJelleg: eml\u00e9km\u0171<br \/>\nAnyag: bronz, m\u00e9szk\u0151<br \/>\nFel\u00e1ll\u00edt\u00e1s ideje: 1893<br \/>\n\u00c1ll\u00edttat\u00f3k: k\u00f6zadakoz\u00e1sb\u00f3l<br \/>\nMegjegyz\u00e9sek:<\/p>\n<p class=\"szoborleiras\">Fel\u00e1ll\u00edt\u00e1s helye: VIII., M\u00fazeum krt. 14-16.<br \/>\nAlkot\u00f3: Ismeretlen<br \/>\nC\u00edm: BELVEDEREI APOLLO (M\u00c1SOLAT)<br \/>\nJelleg: d\u00edsz\u00edt\u0151szobor<br \/>\nAnyag: \u00f6nt\u00f6ttvas<br \/>\nFel\u00e1ll\u00edt\u00e1s ideje: 1894<br \/>\n\u00c1ll\u00edttat\u00f3k: Tomori Anaszt\u00e1z<br \/>\nMegjegyz\u00e9sek: 1894 elhelyez\u00e9s<br \/>\n1902 \u00e1thelyez\u00e9s a kertben<\/p>\n<p class=\"szoborleiras\">Fel\u00e1ll\u00edt\u00e1s helye: VIII., M\u00fazeum krt. 14-16.<br \/>\nAlkot\u00f3: Ist\u00f3k J\u00e1nos<br \/>\nC\u00edm: GR\u00d3F SZ\u00c9CH\u00c9NYI FERENC<br \/>\nJelleg: portr\u00e9szobor<br \/>\nAnyag: bronz<br \/>\nFel\u00e1ll\u00edt\u00e1s ideje: 1902<br \/>\n\u00c1ll\u00edttat\u00f3k: a Nemzeti M\u00fazeum<br \/>\nMegjegyz\u00e9sek:<\/p>\n<p class=\"szoborleiras\">Fel\u00e1ll\u00edt\u00e1s helye: VIII., M\u00fazeum krt. 14-16.<br \/>\nAlkot\u00f3: Petrovits D\u00f6me<br \/>\nC\u00edm: KISFALUDY S\u00c1NDOR &#8211; EML\u00c9K<br \/>\nJelleg: eml\u00e9km\u0171<br \/>\nAnyag: bronz, gr\u00e1nit<br \/>\nFel\u00e1ll\u00edt\u00e1s ideje: 1903<br \/>\n\u00c1ll\u00edttat\u00f3k: k\u00f6zadakoz\u00e1sb\u00f3l<br \/>\nMegjegyz\u00e9sek: Az 1848-ban elk\u00e9sz\u00fclt m\u0171vet a k\u00f6zt\u00e9ri elhelyez\u00e9sig a Nemzeti M\u00fazeum \u0151rizte.<\/p>\n<p class=\"szoborleiras\">Fel\u00e1ll\u00edt\u00e1s helye: VIII., M\u00fazeum krt. 14-16.<br \/>\nAlkot\u00f3: Damk\u00f3 J\u00f3zsef<br \/>\nC\u00edm: R\u00c9G\u00c9SZEK EML\u00c9KE<br \/>\nJelleg: eml\u00e9km\u0171<br \/>\nAnyag: m\u00e9szk\u0151<br \/>\nFel\u00e1ll\u00edt\u00e1s ideje: 1916<br \/>\n\u00c1ll\u00edttat\u00f3k: Frakn\u00f3i Vilmos<br \/>\nMegjegyz\u00e9sek: R\u00f3mer Fl\u00f3ris, Pulszky Ferenc \u00e9s Hampel J\u00f3zsef portr\u00e9domborm\u0171veivel<\/p>\n<p class=\"szoborleiras\">Fel\u00e1ll\u00edt\u00e1s helye: VIII., M\u00fazeum krt. 14-16.<br \/>\nAlkot\u00f3: Ismeretlen<br \/>\nC\u00edm: OSZLOP A FORUM ROMANUMR\u00d3L<br \/>\nJelleg: eml\u00e9km\u0171<br \/>\nAnyag: m\u00e1rv\u00e1ny<br \/>\nFel\u00e1ll\u00edt\u00e1s ideje: 1929<br \/>\n\u00c1ll\u00edttat\u00f3k: R\u00f3ma v\u00e1ros aj\u00e1nd\u00e9ka<br \/>\nMegjegyz\u00e9sek:<\/p>\n<p class=\"szoborleiras\">Fel\u00e1ll\u00edt\u00e1s helye: VIII., M\u00fazeum krt. 14-16.<br \/>\nAlkot\u00f3: Horvay J\u00e1nos-Cs\u00facs Ferenc<br \/>\nC\u00edm: HERMAN OTT\u00d3-EML\u00c9K<br \/>\nJelleg: eml\u00e9km\u0171<br \/>\nAnyag: m\u00e9szk\u0151<br \/>\nFel\u00e1ll\u00edt\u00e1s ideje: 1930<br \/>\n\u00c1ll\u00edttat\u00f3k: Magyar Ornitol\u00f3gusok Sz\u00f6vets\u00e9ge \u00e9s a N\u00e9prajzi T\u00e1rsas\u00e1g k\u00f6zadakoz\u00e1sb\u00f3l<br \/>\nMegjegyz\u00e9sek:<\/p>\n<p class=\"szoborleiras\">Fel\u00e1ll\u00edt\u00e1s helye: VIII., M\u00fazeum krt. 14-16.<br \/>\nAlkot\u00f3: Kuzmik L\u00edvia<br \/>\nC\u00edm: B\u00c1R\u00d3 MONTI S\u00c1NDOR<br \/>\nJelleg: mellszobor<br \/>\nAnyag: bronz<br \/>\nFel\u00e1ll\u00edt\u00e1s ideje: 1931<br \/>\n\u00c1ll\u00edttat\u00f3k: Covin M\u00e1ty\u00e1s Magyar-Olasz Egyes\u00fclet<br \/>\nMegjegyz\u00e9sek:<\/p>\n<p class=\"szoborleiras\">Fel\u00e1ll\u00edt\u00e1s helye: VIII., M\u00fazeum krt. 14-16.<br \/>\nAlkot\u00f3: Kuzmik L\u00edvia<br \/>\nC\u00edm: GARIBALDI<br \/>\nJelleg: mellszobor<br \/>\nAnyag: bronz, m\u00e9szk\u0151<br \/>\nFel\u00e1ll\u00edt\u00e1s ideje: 1932<br \/>\n\u00c1ll\u00edttat\u00f3k: Korvin M\u00e1ty\u00e1s Magyar-Olasz Egyes\u00fclet<br \/>\nMegjegyz\u00e9sek:<\/p>\n<p class=\"szoborleiras\">Fel\u00e1ll\u00edt\u00e1s helye: VIII., M\u00fazeum krt. 14-16.<br \/>\nAlkot\u00f3: Hanna Danilewicz<br \/>\nC\u00edm: J\u00d3ZEF WYSOCKI<br \/>\nJelleg: mellszobor<br \/>\nAnyag: bronz<br \/>\nFel\u00e1ll\u00edt\u00e1s ideje: 1976<br \/>\n\u00c1ll\u00edttat\u00f3k: Vars\u00f3 v\u00e1ros aj\u00e1nd\u00e9ka<br \/>\nMegjegyz\u00e9sek:<\/p>\n<p class=\"szoborleiras\">Fel\u00e1ll\u00edt\u00e1s helye: VIII., M\u00fazeum krt. 14-16. a MNM l\u00e9pcs\u0151felj\u00e1r\u00f3 \u00e9szaki fal\u00e1n<br \/>\nAlkot\u00f3: Ligeti Mikl\u00f3s<br \/>\nC\u00edm: VASV\u00c1RI P\u00c1L<br \/>\nJelleg: domborm\u0171ves eml\u00e9kt\u00e1bla<br \/>\nAnyag: bronz, m\u00e9szk\u0151<br \/>\nFel\u00e1ll\u00edt\u00e1s ideje: 1926<br \/>\n\u00c1ll\u00edttat\u00f3k: A Vasv\u00e1ri P\u00e1l K\u00f6r<br \/>\nMegjegyz\u00e9sek:<\/p>\n<p class=\"szoborleiras\">Fel\u00e1ll\u00edt\u00e1s helye: VIII., M\u00fazeum u. 7.<br \/>\nAlkot\u00f3: Czinder Antal<br \/>\nC\u00edm: T\u00c1NCZOS G\u00c1BOR<br \/>\nJelleg: domborm\u0171ves eml\u00e9kt\u00e1bla<br \/>\nAnyag: m\u00e9szk\u0151, bronz<br \/>\nFel\u00e1ll\u00edt\u00e1s ideje: 2006<br \/>\n\u00c1ll\u00edttat\u00f3k: D\u00e9l-Bud\u00e1\u00e9rt Alap\u00edtv\u00e1ny<br \/>\nMegjegyz\u00e9sek:<\/p>\n<p class=\"szoborleiras\">Fel\u00e1ll\u00edt\u00e1s helye: VIII., Nagyv\u00e1rad t\u00e9r<br \/>\nAlkot\u00f3: Sz\u00e9kely P\u00e9ter<br \/>\nC\u00edm: B\u00c9KE<br \/>\nJelleg: eml\u00e9km\u0171<br \/>\nAnyag: bazaltkocka, gr\u00e1nit<br \/>\nFel\u00e1ll\u00edt\u00e1s ideje: 1983<br \/>\n\u00c1ll\u00edttat\u00f3k: F\u0151v\u00e1rosi Tan\u00e1cs<br \/>\nMegjegyz\u00e9sek:<\/p>\n<p class=\"szoborleiras\">Fel\u00e1ll\u00edt\u00e1s helye: VIII., Nagyv\u00e1rad t\u00e9r, a SOTE bej\u00e1rata el\u0151tt<br \/>\nAlkot\u00f3: Domonkos B\u00e9la<br \/>\nC\u00edm: T\u00d3TH ILONA<br \/>\nJelleg: mellszobor<br \/>\nAnyag: bronz<br \/>\nFel\u00e1ll\u00edt\u00e1s ideje: 2001<br \/>\n\u00c1ll\u00edttat\u00f3k: UNIO CIVILIS Bt<br \/>\nMegjegyz\u00e9sek:<\/p>\n<p class=\"szoborleiras\">Fel\u00e1ll\u00edt\u00e1s helye: VIII., N\u00e9psz\u00ednh\u00e1z u. 18.<br \/>\nAlkot\u00f3: Csontos L\u00e1szl\u00f3<br \/>\nC\u00edm: DERKOVITS GYULA<br \/>\nJelleg: domborm\u0171ves eml\u00e9kt\u00e1bla<br \/>\nAnyag: m\u00e9szk\u0151<br \/>\nFel\u00e1ll\u00edt\u00e1s ideje: 1964<br \/>\n\u00c1ll\u00edttat\u00f3k: F\u0151v\u00e1rosi Tan\u00e1cs<br \/>\nMegjegyz\u00e9sek:<\/p>\n<p class=\"szoborleiras\">Fel\u00e1ll\u00edt\u00e1s helye: VIII., N\u00e9psz\u00ednh\u00e1z u. 28.<br \/>\nAlkot\u00f3: Asszonyi Tam\u00e1s<br \/>\nC\u00edm: N\u00c9PSZ\u00cdNH\u00c1Z UTCA<br \/>\nJelleg: v\u00e9dett utcan\u00e9vjelz\u0151 t\u00e1bla<br \/>\nAnyag: s\u00fctt\u0151i m\u00e9szk\u0151<br \/>\nFel\u00e1ll\u00edt\u00e1s ideje: 1971<br \/>\n\u00c1ll\u00edttat\u00f3k: F\u0151v\u00e1rosi Tan\u00e1cs<br \/>\nMegjegyz\u00e9sek:<\/p>\n<p class=\"szoborleiras\">Fel\u00e1ll\u00edt\u00e1s helye: VIII. Orczy-kert<br \/>\nAlkot\u00f3: Bassler Adolf<br \/>\nC\u00edm: M\u00c1RIA LUDOVIKA J\u00d3ZSEF N\u00c1DORRAL \u00c9S GR\u00d3F BUTTLER J\u00c1NOSSAL<br \/>\nJelleg: eml\u00e9km\u0171<br \/>\nAnyag: bronz, m\u00e9szk\u0151<br \/>\nFel\u00e1ll\u00edt\u00e1s ideje: 1901\/1929<br \/>\n\u00c1ll\u00edttat\u00f3k: Ludovika Akad\u00e9mia<br \/>\nMegjegyz\u00e9s: Az 1919-ben led\u00f6nt\u00f6tt \u00e9s megrong\u00e1lt szoborcsoportot Vass Viktor rekonstru\u00e1lta<\/p>\n<p class=\"szoborleiras\">Fel\u00e1ll\u00edt\u00e1s helye: VIII., Orczy-kert<br \/>\nAlkot\u00f3: Vass Viktor<br \/>\nC\u00edm: TISZTI H\u0150SI EML\u00c9K<br \/>\nJelleg: eml\u00e9km\u0171<br \/>\nAnyag: bronz, m\u00e9szk\u0151<br \/>\nFel\u00e1ll\u00edt\u00e1s ideje: 1928<br \/>\n\u00c1ll\u00edttat\u00f3k: Ludovika Akad\u00e9mia<br \/>\nMegjegyz\u00e9sek:<\/p>\n<p class=\"szoborleiras\">Fel\u00e1ll\u00edt\u00e1s helye: VIII., Pr\u00e1ter u. 75.<br \/>\nAlkot\u00f3: Grantner Jen\u0151<br \/>\nC\u00edm: TAVASZ<br \/>\nJelleg: d\u00edsz\u00edt\u0151szobor<br \/>\nAnyag: bronz<br \/>\nFel\u00e1ll\u00edt\u00e1s ideje: 1979<br \/>\n\u00c1ll\u00edttat\u00f3k: F\u0151v\u00e1rosi Tan\u00e1cs<br \/>\nMegjegyz\u00e9sek:<\/p>\n<p class=\"szoborleiras\">Fel\u00e1ll\u00edt\u00e1s helye: VIII., Pr\u00e1ter u.-Szigony u.<br \/>\nAlkot\u00f3: L\u00e9derer Tam\u00e1s<br \/>\nC\u00edm: D\u00cdSZK\u00daT<br \/>\nJelleg: d\u00edsz\u00edt\u0151szobor<br \/>\nAnyag: m\u00e1rv\u00e1ny<br \/>\nFel\u00e1ll\u00edt\u00e1s ideje: 1986<br \/>\n\u00c1ll\u00edttat\u00f3k: F\u0151v\u00e1rosi Tan\u00e1cs<br \/>\nMegjegyz\u00e9sek:<\/p>\n<p class=\"szoborleiras\">Fel\u00e1ll\u00edt\u00e1s helye: VIII. Pr\u00e1ter u. 11-15. asz iskola el\u0151tt<br \/>\nAlkot\u00f3: Szanyi P\u00e9ter<br \/>\nC\u00edm: A P\u00c1L UTCAI FI\u00daK<br \/>\nJelleg: d\u00edsz\u00edt\u0151szobor<br \/>\nAnyag: bronz<br \/>\nA fel\u00e1ll\u00edt\u00e1s ideje: 2007<br \/>\n\u00c1ll\u00edttat\u00f3: F\u0151v\u00e1rosi \u00d6nkorm\u00e1nyzat, VIII. ker\u00fcleti \u00d6nkorm\u00e1nyzat \u2013 R\u00e9v8 Rt.<br \/>\nFelirat:<br \/>\nMegjegyz\u00e9s: Moln\u00e1r Ferenc k\u00f6nyv\u00e9nek 100. \u00e9vfordul\u00f3j\u00e1ra ki\u00edrt zs\u00e1nerszobor-p\u00e1ly\u00e1zat nyertes terve alapj\u00e1n megval\u00f3sult alkot\u00e1s.<\/p>\n<p class=\"szoborleiras\">Fel\u00e1ll\u00edt\u00e1s helye: VIII., Puskin u. 1.<br \/>\nAlkot\u00f3: Ismeretlen<br \/>\nC\u00edm: PUSKIN<br \/>\nJelleg: domborm\u0171ves eml\u00e9kt\u00e1bla<br \/>\nAnyag: m\u00e1rv\u00e1ny, bronz<br \/>\nFel\u00e1ll\u00edt\u00e1s ideje: 1949<br \/>\n\u00c1ll\u00edttat\u00f3k: F\u0151v\u00e1ros<br \/>\nEredeti helye:<br \/>\nMegjegyz\u00e9sek:<\/p>\n<p class=\"szoborleiras\">Fel\u00e1ll\u00edt\u00e1s helye: VIII., Puskin u. 5.<br \/>\nAlkot\u00f3: K\u00e1konyi Istv\u00e1n<br \/>\nC\u00edm: E\u00d6TV\u00d6S LOR\u00c1ND<br \/>\nJelleg: domborm\u0171ves eml\u00e9kt\u00e1bla<br \/>\nAnyag: m\u00e1rv\u00e1ny, bronz<br \/>\nFel\u00e1ll\u00edt\u00e1s ideje: 1955<br \/>\n\u00c1ll\u00edttat\u00f3k: E\u00f6tv\u00f6s Lor\u00e1nd Tudom\u00e1nyegyetem<br \/>\nMegjegyz\u00e9sek:<\/p>\n<p class=\"szoborleiras\">Fel\u00e1ll\u00edt\u00e1s helye: VIII., R\u00e1k\u00f3czi \u00fat l. \u2013 M\u00fazeum krt. 2.<br \/>\nAlkot\u00f3: Horv\u00e1th J\u00e1nos<br \/>\nC\u00edm: NEMZETI SZ\u00cdNH\u00c1Z-EML\u00c9KK\u0150<br \/>\nJelleg: eml\u00e9km\u0171<br \/>\nAnyag: m\u00e9szk\u0151<br \/>\nFel\u00e1ll\u00edt\u00e1s ideje: 1986<br \/>\n\u00c1ll\u00edttat\u00f3k: F\u0151v\u00e1rosi Tan\u00e1cs<br \/>\nEredeti helye:<br \/>\nMegjegyz\u00e9sek: 1990-ben a R\u00e1k\u00f3czi \u00fati oldalra \u00e1thelyezve.<\/p>\n<p class=\"szoborleiras\">Fel\u00e1ll\u00edt\u00e1s helye: VIII., R\u00e1k\u00f3czi \u00fat 31., a Szent R\u00f3kus-k\u00e1polna mellett<br \/>\nAlkot\u00f3: Ismeretlen<br \/>\nC\u00edm: FESZ\u00dcLET<br \/>\nJelleg: fesz\u00fclet<br \/>\nAnyag: m\u00e9szk\u0151<br \/>\nFel\u00e1ll\u00edt\u00e1s ideje: 1798<br \/>\n\u00c1ll\u00edttat\u00f3k: Pest V\u00e1ros Tan\u00e1csa<br \/>\nMegjegyz\u00e9sek:<\/p>\n<p class=\"szoborleiras\">Fel\u00e1ll\u00edt\u00e1s helye: VIII., R\u00e1k\u00f3czi \u00fat 31., a Szent R\u00f3kus-k\u00e1polna el\u0151tt<br \/>\nAlkot\u00f3: Johann HALBIG<br \/>\nC\u00edm: IMMACULATA<br \/>\nJelleg: szobor<br \/>\nAnyag: bronz<br \/>\nFel\u00e1ll\u00edt\u00e1s ideje: 1867\/1991<br \/>\n\u00c1ll\u00edttat\u00f3k: Lengyel Mikl\u00f3s egri kanonok<br \/>\nMegjegyz\u00e9sek: A m\u0171vet 1949-ben lebontott\u00e1k \u00e9s sz\u00e9tszerelt\u00e9k. 1991-ben az eredetileg spi\u00e1ter szobrot a Budapesti V\u00e1rosv\u00e9d\u0151 Egyes\u00fclet kezdem\u00e9nyez\u00e9s\u00e9re a F\u0151v\u00e1rosi \u00d6nkorm\u00e1nyzat rekonstru\u00e1ltatta, bronzba \u00f6nttette \u00e9s \u00fajra fel\u00e1ll\u00edttatta.<\/p>\n<p class=\"szoborleiras\">Fel\u00e1ll\u00edt\u00e1s helye: VIII., Reviczky u. 7.<br \/>\nAlkot\u00f3: Tar Istv\u00e1n-Zs\u00e1kodi Csisz\u00e9r J\u00e1nos<br \/>\nC\u00edm: BABITS MIH\u00c1LY<br \/>\nJelleg: domborm\u0171ves eml\u00e9kt\u00e1bla<br \/>\nAnyag: m\u00e9szk\u0151, bronz<br \/>\nFel\u00e1ll\u00edt\u00e1s ideje: 1948<br \/>\n\u00c1ll\u00edttat\u00f3k: F\u0151v\u00e1ros<br \/>\nMegjegyz\u00e9sek:<\/p>\n<p class=\"szoborleiras\">Fel\u00e1ll\u00edt\u00e1s helye: VIII., Rezs\u0151 t\u00e9r<br \/>\nAlkot\u00f3: L\u00e1szl\u00f3 P\u00e9ter<br \/>\nC\u00edm: BRAUN \u00c9VA EML\u00c9KK\u0150<br \/>\nJelleg: eml\u00e9km\u0171<br \/>\nAnyag: m\u00e9szk\u0151, bronzlemez<br \/>\nFel\u00e1ll\u00edt\u00e1s ideje: 1979<br \/>\n\u00c1ll\u00edttat\u00f3k: F\u0151v\u00e1rosi Tan\u00e1cs<br \/>\nEredeti helye:<br \/>\nMegjegyz\u00e9sek:<\/p>\n<p class=\"szoborleiras\">Fel\u00e1ll\u00edt\u00e1s helye: VIII., Rezs\u0151 t\u00e9r<br \/>\nAlkot\u00f3: P\u00e9terfy L\u00e1szl\u00f3<br \/>\nC\u00edm: G\u00c9ZA FEJEDELEM<br \/>\nJelleg: eml\u00e9km\u0171<br \/>\nAnyag: bronz, bronzlemez<br \/>\nFel\u00e1ll\u00edt\u00e1s ideje: 2001<br \/>\n\u00c1ll\u00edttat\u00f3k: VIII. ker\u00fcleti \u00d6nkorm\u00e1nyzat; Magyar Millennium Korm\u00e1nybiztosi Hivatala, F\u0151v\u00e1rosi \u00d6nkorm\u00e1nyzat<br \/>\nMegjegyz\u00e9sek:<\/p>\n<p class=\"szoborleiras\">Fel\u00e1ll\u00edt\u00e1s helye: VIII., Rezs\u0151 t\u00e9r<br \/>\nAlkot\u00f3: Grantner Jen\u0151<br \/>\nC\u00edm: K\u00c1LV\u00c1RIA<br \/>\nJelleg: k\u00e1lv\u00e1ria<br \/>\nAnyag: m\u00e9szk\u0151<br \/>\nFel\u00e1ll\u00edt\u00e1s ideje: 1942\/1971<br \/>\n\u00c1ll\u00edttat\u00f3k:<br \/>\nEredeti helye: VIII., Golgota t\u00e9r<br \/>\nMegjegyz\u00e9sek: 1942 elhelyez\u00e9s a VIII. Golgota t\u00e9ren, 1971 a K\u00e1lv\u00e1ria-csoport \u00e9s k\u00e9t st\u00e1ci\u00f3 elhelyez\u00e9se a jelenlegi hely\u00e9n<\/p>\n<p class=\"szoborleiras\">Fel\u00e1ll\u00edt\u00e1s helye: VIII., Rezs\u0151 t\u00e9r, a templom mellett<br \/>\nAlkot\u00f3: Ismeretlen<br \/>\nC\u00edm: FESZ\u00dcLET<br \/>\nJelleg: fesz\u00fclet<br \/>\nAnyag: m\u00e9szk\u0151<br \/>\nFel\u00e1ll\u00edt\u00e1s ideje: 1796<br \/>\n\u00c1ll\u00edttat\u00f3k:<br \/>\nMegjegyz\u00e9sek: 1796 elhelyez\u00e9s ismeretlen helyen, 1931 \u00e1thelyez\u00e9s<\/p>\n<p class=\"szoborleiras\">Fel\u00e1ll\u00edt\u00e1s helye: Somogyi B\u00e9la u. 18.<br \/>\nAlkot\u00f3: Krasznai J\u00e1nos<br \/>\nC\u00edm: M\u00c1RKUS L\u00c1SZL\u00d3<br \/>\nJelleg: domborm\u0171ves eml\u00e9kt\u00e1bla<br \/>\nAnyag: bronz, gr\u00e1nit<br \/>\nA fel\u00e1ll\u00edt\u00e1s ideje: 2009<br \/>\n\u00c1ll\u00edttat\u00f3: Magyar \u00c1llami Operah\u00e1z<br \/>\nFelirat: E H\u00c1ZBAN LAKOTT\/M\u00c1RKUS L\u00c1SZL\u00d3\/1882-1948\/AZ OPERAH\u00c1Z F\u0150RENDEZ\u0150JE, IGAZGAT\u00d3JA\/A V\u00c9SZKORSZAKBAN MENED\u00c9KET NY\u00daJTOTT\/A ZSID\u00d3T\u00d6RV\u00c9NYEK K\u00d6VETKEZT\u00c9BEN \u00dcLD\u00d6Z\u00d6TT M\u0170V\u00c9SZKOLLEG\u00c1INAK.\/ \u00c1LL\u00cdTTATTA A MAGYAR \u00c1LLAMI OPERAH\u00c1Z, A F\u0150V\u00c1ROSI \u00d6NKORM\u00c1NYZAT\/\u00c9S A J\u00d3ZSEFV\u00c1ROSI \u00d6NKORM\u00c1NY<\/p>\n<p class=\"szoborleiras\">Fel\u00e1ll\u00edt\u00e1s helye: VIII., Szab\u00f3 Ervin t\u00e9r<br \/>\nAlkot\u00f3: Szentgy\u00f6rgyi Istv\u00e1n<br \/>\nC\u00edm: JUSTITIA-K\u00daT (A MAGYAR IGAZS\u00c1G K\u00daTJA)<br \/>\nJelleg: eml\u00e9km\u0171<br \/>\nAnyag: bronz, m\u00e9szk\u0151<br \/>\nFel\u00e1ll\u00edt\u00e1s ideje: 1929<br \/>\n\u00c1ll\u00edttat\u00f3k: A N\u00e9pnevel\u0151 Filmipari RT<br \/>\nMegjegyz\u00e9sek: A f\u0151n\u00e9zeti oldalon eredetileg Lord Rothermere portr\u00e9domborm\u0171v\u00e9t helyezt\u00e9k el. A domborm\u0171vet 1949-ben lebontott\u00e1k, hely\u00e9re rozett\u00e1t helyeztek. 2004-ben a F\u0151v\u00e1rosi \u00d6nkorm\u00e1nyzat k\u00f6lts\u00e9g\u00e9n Kampfl J\u00f3zsef rekonstru\u00e1lta Lord Rothermere domborm\u0171v\u00e9t.<\/p>\n<p class=\"szoborleiras\">Fel\u00e1ll\u00edt\u00e1s helye: VIII., Szentkir\u00e1lyi u. 23.<br \/>\nAlkot\u00f3: Horv\u00e1th G\u00e9za<br \/>\nC\u00edm: KATONA J\u00d3ZSEF<br \/>\nJelleg: domborm\u0171ves eml\u00e9kt\u00e1bla<br \/>\nAnyag: m\u00e9szk\u0151<br \/>\nFel\u00e1ll\u00edt\u00e1s ideje: 1930<br \/>\n\u00c1ll\u00edttat\u00f3k: F\u0151v\u00e1ros<br \/>\nMegjegyz\u00e9sek:<\/p>\n<p class=\"szoborleiras\">Fel\u00e1ll\u00edt\u00e1s helye: VIII., Tavaszmez\u0151 u. 15-17.<br \/>\nAlkot\u00f3: Rajki L\u00e1szl\u00f3<br \/>\nC\u00edm: KAR\u00c1CSONY S\u00c1NDOR<br \/>\nJelleg: domborm\u0171ves eml\u00e9kt\u00e1bla<br \/>\nAnyag: m\u00e1rv\u00e1ny, bronz<br \/>\nFel\u00e1ll\u00edt\u00e1s ideje: 1995<br \/>\n\u00c1ll\u00edttat\u00f3k: Kar\u00e1csony S\u00e1ndor M\u0171vel\u0151d\u00e9si T\u00e1rsas\u00e1g; F\u00e9nyes Szell\u0151k Bar\u00e1ti K\u00f6r<br \/>\nMegjegyz\u00e9sek:<\/p>\n<p class=\"szoborleiras\">Fel\u00e1ll\u00edt\u00e1s helye: VIII. Tavaszmez\u0151 u., a Sz\u0171z utc\u00e1val szemben<br \/>\nAlkot\u00f3: T\u00f3th B\u00e9la<br \/>\nC\u00edm: KELETI K\u00c1ROLY<br \/>\nJelleg: mellszobor<br \/>\nAnyag: bronz, m\u00e9szk\u0151 posztamens<br \/>\nA fel\u00e1ll\u00edt\u00e1s ideje: 2008<br \/>\n\u00c1ll\u00edttat\u00f3: Budapesti M\u0171szaki F\u0151iskola Keleti K\u00e1roly Gazdas\u00e1gi Kar<br \/>\nFelirat: KELETI K\u00c1ROLY\/1833-1892\/\u201dA TANUL\u00c1S AZ, MELY M\u0170VEL, A MUNKA AZ, MELY GAZDAG\u00cdT\u201d<\/p>\n<p class=\"szoborleiras\">A fel\u00e1ll\u00edt\u00e1s helye: VIII. Teleki t\u00e9r, \u00c9K-i oldal<br \/>\nAlkot\u00f3: M\u00e9sz\u00e1ros Attila<br \/>\nC\u00edm: TELEKI L\u00c1SZL\u00d3, L\u00c1MPAGY\u00daJTOGAT\u00d3, MUTATV\u00c1NYOS<br \/>\nJelleg: eg\u00e9szalakos portr\u00e9szobor \u00e9s k\u00e9t 5\/4-es zs\u00e1nerfigura<br \/>\nAnyag: bronz<br \/>\nA fel\u00e1ll\u00edt\u00e1s ideje: 2014<br \/>\n\u00c1ll\u00edttat\u00f3: VIII. ker\u00fclet J\u00f3zsefv\u00e1ros \u00d6nkorm\u00e1nyzata<br \/>\nFelirat: ??<\/p>\n<p class=\"szoborleiras\">Fel\u00e1ll\u00edt\u00e1s helye: VIII., \u00dcll\u0151i \u00fat 74.<br \/>\nAlkot\u00f3: Radnai B\u00e9la<br \/>\nC\u00edm: B\u00d3KAI J\u00c1NOS<br \/>\nJelleg: mellszobor<br \/>\nAnyag: bronz<br \/>\nFel\u00e1ll\u00edt\u00e1s ideje: 1902<br \/>\n\u00c1ll\u00edttat\u00f3k: A magyar gyermekorvosok k\u00f6zadakoz\u00e1sb\u00f3l<br \/>\nMegjegyz\u00e9sek:<\/p>\n<p class=\"szoborleiras\">Fel\u00e1ll\u00edt\u00e1s helye: VIII., \u00dcll\u0151i \u00fat 74.<br \/>\nAlkot\u00f3: T\u00f6rley M\u00e1ria<br \/>\nC\u00edm: SCH\u00d6PF MEREI \u00c1GOST<br \/>\nJelleg: mellszobor<br \/>\nAnyag: bronz<br \/>\nFel\u00e1ll\u00edt\u00e1s ideje: 2003<br \/>\n\u00c1ll\u00edttat\u00f3k: SOTE I. sz. Gyermekklinika<br \/>\nMegjegyz\u00e9sek:<\/p>\n<p class=\"szoborleiras\">Fel\u00e1ll\u00edt\u00e1s helye: VIII., \u00dcll\u0151i \u00fat &#8211; Kor\u00e1nyi S. u.<br \/>\nAlkot\u00f3: Horvai J\u00e1nos<br \/>\nC\u00edm: ORVOSOK H\u0150SI EML\u00c9KE<br \/>\nJelleg: eml\u00e9km\u0171<br \/>\nAnyag: m\u00e9szk\u0151<br \/>\nFel\u00e1ll\u00edt\u00e1s ideje: 1942<br \/>\n\u00c1ll\u00edttat\u00f3k:<br \/>\nMegjegyz\u00e9sek:<\/p>\n<p class=\"szoborleiras\">Fel\u00e1ll\u00edt\u00e1s helye: VIII., V\u00edg u. 32.<br \/>\nAlkot\u00f3: Kocsis El\u0151d<br \/>\nC\u00edm: NAGY ANTAL \u00c9S NAGY K\u00c1ROLY<br \/>\nJelleg: domborm\u0171ves eml\u00e9kt\u00e1bla<br \/>\nAnyag: m\u00e9szk\u0151, bronz<br \/>\nFel\u00e1ll\u00edt\u00e1s ideje: 1997<br \/>\n\u00c1ll\u00edttat\u00f3k: Ipartest\u00fcletek Orsz\u00e1gos Sz\u00f6vets\u00e9ge; VIII. ker\u00fcleti \u00d6nkorm\u00e1nyzat<br \/>\nMegjegyz\u00e9sek:<\/p>\n<p class=\"szoborleiras\">Fel\u00e1ll\u00edt\u00e1s helye: VIII., Vill\u00e1m u. 11.<br \/>\nAlkot\u00f3: Ifj. Szabados B\u00e9la<br \/>\nC\u00edm: SZABADOS B\u00c9LA<br \/>\nJelleg: domborm\u0171ves eml\u00e9kt\u00e1bla<br \/>\nAnyag: m\u00e1rv\u00e1ny<br \/>\nFel\u00e1ll\u00edt\u00e1s ideje: 1941<br \/>\n\u00c1ll\u00edttat\u00f3k:<br \/>\nMegjegyz\u00e9sek: 1966-ban sz\u00f6vegm\u00f3dos\u00edt\u00e1ssal \u00fajrafaragt\u00e1k.<\/p>\n<p>[\/vc_column_text][vc_empty_space height=&#8221;45px&#8221;][\/vc_column][\/vc_row]<\/p>\n<\/div>","protected":false},"excerpt":{"rendered":"<p>[vc_row template=&#8221;ism_template_1&#8243; ism_overlock=&#8221;default&#8221; sm_d_text=&#8221; This content is locked Share This Page To Unlock The Content!&#8221;&#8230;<\/p>\n","protected":false},"author":1,"featured_media":0,"parent":10255,"menu_order":10,"comment_status":"closed","ping_status":"closed","template":"","meta":{"inline_featured_image":false,"loftloader_pro_show_once":"","loftloader_pro_page_shortcode":"","footnotes":""},"class_list":["post-10382","page","type-page","status-publish","hentry"],"_links":{"self":[{"href":"https:\/\/budapestgaleria.hu\/_\/wp-json\/wp\/v2\/pages\/10382","targetHints":{"allow":["GET"]}}],"collection":[{"href":"https:\/\/budapestgaleria.hu\/_\/wp-json\/wp\/v2\/pages"}],"about":[{"href":"https:\/\/budapestgaleria.hu\/_\/wp-json\/wp\/v2\/types\/page"}],"author":[{"embeddable":true,"href":"https:\/\/budapestgaleria.hu\/_\/wp-json\/wp\/v2\/users\/1"}],"replies":[{"embeddable":true,"href":"https:\/\/budapestgaleria.hu\/_\/wp-json\/wp\/v2\/comments?post=10382"}],"version-history":[{"count":0,"href":"https:\/\/budapestgaleria.hu\/_\/wp-json\/wp\/v2\/pages\/10382\/revisions"}],"up":[{"embeddable":true,"href":"https:\/\/budapestgaleria.hu\/_\/wp-json\/wp\/v2\/pages\/10255"}],"wp:attachment":[{"href":"https:\/\/budapestgaleria.hu\/_\/wp-json\/wp\/v2\/media?parent=10382"}],"curies":[{"name":"wp","href":"https:\/\/api.w.org\/{rel}","templated":true}]}}