{"id":10393,"date":"2015-04-07T16:56:30","date_gmt":"2015-04-07T16:56:30","guid":{"rendered":"http:\/\/budapestgaleria.hu\/_\/?page_id=10393"},"modified":"2017-02-23T06:49:52","modified_gmt":"2017-02-23T06:49:52","slug":"11-kerulet","status":"publish","type":"page","link":"https:\/\/budapestgaleria.hu\/_\/kozteri-muveszeti-osztaly\/muvek-budapesten\/11-kerulet\/","title":{"rendered":"XI. ker\u00fclet"},"content":{"rendered":"<div class=\"wpb-content-wrapper\"><p>[vc_row template=&#8221;ism_template_1&#8243; ism_overlock=&#8221;default&#8221; sm_d_text=&#8221;<\/p>\n<h2>This content is locked<\/h2>\n<p>Share This Page To Unlock The Content!&#8221; row_type=&#8221;row&#8221; use_row_as_full_screen_section=&#8221;no&#8221; type=&#8221;full_width&#8221; angled_section=&#8221;no&#8221; text_align=&#8221;left&#8221; background_image_as_pattern=&#8221;without_pattern&#8221; css_animation=&#8221;&#8221;][vc_column][vc_empty_space height=&#8221;15px&#8221;][vc_column_text]<\/p>\n<p>[shortmenu menu=&#8221;Ker\u00fcletek&#8221; display=&#8221;inline&#8221; enhance=&#8221;true&#8221; menu_color=&#8221;#efefef&#8221; menu_anchor_color=&#8221;#4e4e4e&#8221; menu_anchor_hover_color=&#8221;#dd5656&#8243; submenu_transparency=&#8221;0.8&#8243; arrow=&#8221;true&#8221; is_responsive=&#8221;false&#8221; ]<\/p>\n<p>[\/vc_column_text][vc_empty_space][vc_column_text]<\/p>\n<p><strong>XI. ker\u00fclet<\/strong><\/p>\n<p>[\/vc_column_text][vc_empty_space][vc_column_text]<\/p>\n<p>[put_wpgm id=19]<\/p>\n<p>[\/vc_column_text][vc_empty_space][\/vc_column][\/vc_row][vc_row template=&#8221;ism_template_1&#8243; ism_overlock=&#8221;default&#8221; sm_d_text=&#8221;<\/p>\n<h2>This content is locked<\/h2>\n<p>Share This Page To Unlock The Content!&#8221; row_type=&#8221;row&#8221; use_row_as_full_screen_section=&#8221;no&#8221; type=&#8221;full_width&#8221; angled_section=&#8221;no&#8221; text_align=&#8221;left&#8221; background_image_as_pattern=&#8221;without_pattern&#8221; css_animation=&#8221;&#8221; bgparallax=&#8221;parallax&#8221; contentwidth=&#8221;fullwidth&#8221; toppadding=&#8221;50&#8243; bottompadding=&#8221;60&#8243;][vc_column el_class=&#8221;full-1024-1&#8243;][vc_empty_space][vc_column_text]<\/p>\n<p class=\"szoborleiras\">Fel\u00e1ll\u00edt\u00e1s helye: XI., Albertfalva t\u00e9r<br \/>\nAlkot\u00f3: Ismeretlen<br \/>\nC\u00edm: FESZ\u00dcLET<br \/>\nJelleg: fesz\u00fclet<br \/>\nAnyag: m\u00e9szk\u0151<br \/>\nFel\u00e1ll\u00edt\u00e1s ideje: 1857\/1975<br \/>\n\u00c1ll\u00edttat\u00f3k:<br \/>\nMegjegyz\u00e9sek: 1857 elhelyez\u00e9s Albertfalv\u00e1n, a mai XI., Szabads\u00e1g u. 3. hely\u00e9n. 1975 ut\u00e1n \u00e1thelyez\u00e9s, eredetileg egy mell\u00e9kalakkal, amelynek sorsa ismeretlen.<\/p>\n<p class=\"szoborleiras\">Fel\u00e1ll\u00edt\u00e1s helye: Albertfalva, Mahunka t\u00e9r<br \/>\nAlkot\u00f3: Kisfaludi Strobl Zsigmond<br \/>\nC\u00edm: MAHUNKA IMRE \u00c9S FELES\u00c9GE<br \/>\nJelleg: kett\u0151s eg\u00e9szalakos portr\u00e9szobor<br \/>\nAnyag: bronz, gr\u00e1nit<br \/>\nA fel\u00e1ll\u00edt\u00e1s ideje: 2010<br \/>\n\u00c1ll\u00edttatta: \u00dajbuda \u00d6nkorm\u00e1nyazta (Mahunka Imr\u00e9n\u00e9 sz. Kov\u00e1cs Ad\u00e9l, 1931)<br \/>\nFelirat a posztamensen (v\u00e9sett): EZEN GYERMEK\u00dcD\u00dcL\u0150T \u00d6ZV. MAHUNKA IMR\u00c9N\u00c9 SZ\u00dcL. KOV\u00c1CS AD\u00c9L ALAP\u00cdTOTTA F\u00c9RJE MAHUNKA IMRE CS\u00c1SZ. \u00c9S KIR. UDV. SZ\u00c1LL\u00cdT\u00d3 B\u00daTORGY\u00c1ROS V. NEMZETGY\u0170L\u00c9SI K\u00c9PVISEL\u0150 EML\u00c9K\u00c9RE. A SZOBORM\u0170 A BOLDOG H\u00c1ZASP\u00c1RT \u00d6R\u00d6K\u00cdTI MEG, S \u00c1LLJON P\u00c9LDAK\u00c9NT AZ UT\u00d3KOR NEMZED\u00c9K\u00c9NEK, MINT A P\u00c9LD\u00c1TLAN SZORGALOM, TAKAR\u00c9KOSS\u00c1G, BECS\u00dcLETESS\u00c9G, VALL\u00c1SOSS\u00c1G \u00c9S HAZAFIS\u00c1G SIMBOLUMA. KEDVES GYERMEKEK, LEGYETEK VID\u00c1MAK, EG\u00c9SZS\u00c9GESEK TESTBEN \u00c9S L\u00c9LEKBEN! AZ ISTEN \u00c1LD\u00c1SA LEGYEN RAJTATOK. 1931<br \/>\nA kieg\u00e9sz\u00edt\u0151 t\u00e1bla felirata a posztamensen: KISFALUDI STROBL ZSIGMOND 1931-BEN K\u00c9SZ\u00cdTETT SZOBRA A GYERMEK\u00dcD\u00dcL\u0150 L\u00c9TES\u00cdT\u00c9S\u00c9RE FELAJ\u00c1NLOTT EGYKORI MAHUNKA VILLA KERETJ\u00c9B\u0150L, A II. KER\u00dcLET KAVICS UTCA 9-B\u0150L KER\u00dcLT IDE, MAHUNKA IMRE SZ\u00dcL\u0150HELY\u00c9RE, EML\u00c9KET \u00c1LL\u00cdTVA ALBERTFALVA EGYKORI J\u00d3TEV\u0150J\u00c9NEK. BUDAPEST F\u0150V\u00c1ROS XI. KER\u00dcLET \u00daJBUDA \u00d6NKORM\u00c1NYZATA.<br \/>\nA sz\u00f6veges utcan\u00e9v-jelz\u0151 t\u00e1bla felirata: MAHUNKA IMRE 1859-1923 CS\u00c1SZ\u00c1RI \u00c9S KIR\u00c1LYI B\u00daTORGY\u00c1ROS\/NEMZETGY\u0170L\u00c9SI K\u00c9PVISEL\u0150,\/VAGYON\u00c1NAK NAGY R\u00c9SZ\u00c9T\/A FEL\u00c9P\u00cdTEND\u0150 ALBERTFALVI TEMPLOMRA HAGYOM\u00c1NYOZTA.\/\u00c1LL\u00cdTOTTA:\/BUDAPEST F\u0150V\u00c1ROS XI. KER\u00dcLETI \u00d6NKORM\u00c1NYZATA\/2000<br \/>\nMegjegyz\u00e9s: a szobor \u00e1thelyez\u00e9s\u00e9re \u2013 a F\u0151v\u00e1rosi \u00d6nkorm\u00e1nyzat tulajdonjog\u00e1nak fenntart\u00e1sa mellett \u2013 a F\u0151v\u00e1rosi \u00d6nkorm\u00e1nyzat hozz\u00e1j\u00e1rul\u00e1s\u00e1val, \u00dajbuda \u00d6nkorm\u00e1nyzata k\u00f6lts\u00e9g\u00e9n ker\u00fclt sor.<\/p>\n<p class=\"szoborleiras\">Fel\u00e1ll\u00edt\u00e1s helye: XI., Baranyai t\u00e9r &#8211; Er\u0151m\u0171 u.<br \/>\nAlkot\u00f3: Tar Istv\u00e1n<br \/>\nC\u00edm: HAL\u00c1SZ<br \/>\nJelleg: d\u00edsz\u00edt\u0151szobor<br \/>\nAnyag: m\u00e9szk\u0151<br \/>\nFel\u00e1ll\u00edt\u00e1s ideje: 1963<br \/>\n\u00c1ll\u00edttat\u00f3k: F\u0151v\u00e1rosi Tan\u00e1cs<br \/>\nMegjegyz\u00e9sek:<\/p>\n<p class=\"szoborleiras\">Fel\u00e1ll\u00edt\u00e1s helye: XI., Baranyai t\u00e9r 2-8.<br \/>\nAlkot\u00f3: Matey Aur\u00e9l<br \/>\nC\u00edm: J\u00c1TSZ\u00d3 GYERMEKEK<br \/>\nJelleg: d\u00edsz\u00edt\u0151szobor<br \/>\nAnyag: m\u00e9szk\u0151<br \/>\nFel\u00e1ll\u00edt\u00e1s ideje: 1965<br \/>\n\u00c1ll\u00edttat\u00f3k: F\u0151v\u00e1rosi Tan\u00e1cs<br \/>\nMegjegyz\u00e9sek:<\/p>\n<p class=\"szoborleiras\">Fel\u00e1ll\u00edt\u00e1s helye: XI., Baranyai \u00fat 7-9.<br \/>\nAlkot\u00f3: Kov\u00e1cs Ferenc<br \/>\nC\u00edm: T\u00c1NCOL\u00d3 L\u00c1NYOK<br \/>\nJelleg: d\u00edsz\u00edt\u0151szobor<br \/>\nAnyag: bronz<br \/>\nFel\u00e1ll\u00edt\u00e1s ideje: 1956<br \/>\n\u00c1ll\u00edttat\u00f3k: F\u0151v\u00e1rosi Tan\u00e1cs<br \/>\nEredeti helye:<br \/>\nMegjegyz\u00e9sek:<\/p>\n<p class=\"szoborleiras\">Fel\u00e1ll\u00edt\u00e1s helye: XI., Bart\u00f3k B\u00e9la u. 10-12.<br \/>\nAlkot\u00f3: Hadh\u00e1zy Gergely<br \/>\nC\u00edm: DR. SCHULEK ELEM\u00c9R<br \/>\nJelleg: domborm\u0171<br \/>\nAnyag: bronz<br \/>\nFel\u00e1ll\u00edt\u00e1s ideje: 2004<br \/>\n\u00c1ll\u00edttat\u00f3k: Magyar Gy\u00f3gyszer\u00e9szeti T\u00e1rsas\u00e1g;MTA<br \/>\nMegjegyz\u00e9sek:<\/p>\n<p class=\"szoborleiras\">Fel\u00e1ll\u00edt\u00e1s helye: Bart\u00f3k B\u00e9la \u00fat 15.<br \/>\nAlkot\u00f3: Czinder Antal<br \/>\nC\u00edm: KOSZTOL\u00c1NYI DEZS\u0150<br \/>\nJelleg: domborm\u0171ves eml\u00e9kt\u00e1bla<br \/>\nAnyag: bronz, m\u00e9szk\u0151<br \/>\nA fel\u00e1ll\u00edt\u00e1s ideje: 2010<br \/>\n\u00c1ll\u00edttat\u00f3: Budapest XI. ker\u00fclet \u00dajbuda \u00d6nkorm\u00e1nyzata<br \/>\nFelirat: E H\u00c1ZBAN \u00c9LT\/KOSZTOL\u00c1NYI DEZS\u0150\/1885-1936\/\u201d\u00daGY \u00c9RZEM \u00c9N, BAR\u00c1TOM, HOGY A PORBAN,\/HOL LELKEK \u00c9S G\u00d6R\u00d6NGY\u00d6K K\u00d6ZT BOTOLTAM,\/M\u00c9GIS CSAK EGY NAGY ISMERETLEN \u00daRNAK\/VEND\u00c9GE VOLTAM.\u201d\/\u00daJBUDA \u00d6NKORM\u00c1NYZATA\/2010<\/p>\n<p class=\"szoborleiras\">Fel\u00e1ll\u00edt\u00e1s helye: XI., Bart\u00f3k B\u00e9la \u00fat-Bercs\u00e9nyi u.<br \/>\nAlkot\u00f3: Horvay J\u00e1nos<br \/>\nC\u00edm: G\u00c1RDONYI G\u00c9ZA<br \/>\nJelleg: eml\u00e9km\u0171<br \/>\nAnyag: bronz, m\u00e9szk\u0151<br \/>\nFel\u00e1ll\u00edt\u00e1s ideje: 1933<br \/>\n\u00c1ll\u00edttat\u00f3k: Orsz\u00e1gos G\u00e1rdonyi G\u00e9za Irodalmi T\u00e1rsas\u00e1g k\u00f6zadakoz\u00e1sb\u00f3l<br \/>\nMegjegyz\u00e9sek:<\/p>\n<p class=\"szoborleiras\">Fel\u00e1ll\u00edt\u00e1s helye: XI., Bart\u00f3k B\u00e9la 32. \u2013 Bertalan Lajos u.<br \/>\nAlkot\u00f3: Lapis Andr\u00e1s<br \/>\nC\u00edm: BERTALAN LAJOS<br \/>\nJelleg: domborm\u0171ves eml\u00e9kt\u00e1bla<br \/>\nAnyag: bronz<br \/>\nFel\u00e1ll\u00edt\u00e1s ideje: 2004<br \/>\n\u00c1ll\u00edttat\u00f3k: XI. ker \u00d6nkorm\u00e1nyzat<br \/>\nMegjegyz\u00e9sek:<\/p>\n<p class=\"szoborleiras\">Fel\u00e1ll\u00edt\u00e1s helye: XI., Bart\u00f3k B\u00e9la \u00fat 34.<br \/>\nAlkot\u00f3: Lisztes Istv\u00e1n<br \/>\nC\u00edm: CSONTV\u00c1RI KOSZTKA TIVADAR<br \/>\nJelleg: domborm\u0171ves eml\u00e9kt\u00e1bla<br \/>\nAnyag: bronz<br \/>\nFel\u00e1ll\u00edt\u00e1s ideje: 1976<br \/>\n\u00c1ll\u00edttat\u00f3k: F\u0151v\u00e1rosi Tan\u00e1cs<br \/>\nMegjegyz\u00e9sek:<\/p>\n<p class=\"szoborleiras\">Fel\u00e1ll\u00edt\u00e1s helye: XI., Bart\u00f3k B\u00e9la \u00fat 51.<br \/>\nAlkot\u00f3: Csorba G\u00e9za<br \/>\nC\u00edm: BART\u00d3K B\u00c9LA<br \/>\nJelleg: domborm\u0171ves eml\u00e9kt\u00e1bla<br \/>\nAnyag: m\u00e9szk\u0151<br \/>\nFel\u00e1ll\u00edt\u00e1s ideje: 1949<br \/>\n\u00c1ll\u00edttat\u00f3k: F\u0151v\u00e1rosi Tan\u00e1cs<br \/>\nMegjegyz\u00e9sek:<\/p>\n<p class=\"szoborleiras\">Fel\u00e1ll\u00edt\u00e1s helye: XI., Bart\u00f3k B\u00e9la \u00fat 52.<br \/>\nAlkot\u00f3: Gy\u0151rfi S\u00e1ndor<br \/>\nC\u00edm: M\u00c1NDOKY KONGUR ISTV\u00c1N<br \/>\nJelleg: domborm\u0171ves eml\u00e9kt\u00e1bla<br \/>\nAnyag: gr\u00e1nit, bronz<br \/>\nFel\u00e1ll\u00edt\u00e1s ideje: 2003<br \/>\n\u00c1ll\u00edttat\u00f3k: MTA Altajisztikai Kutat\u00f3csoport<br \/>\nMegjegyz\u00e9sek:<\/p>\n<p class=\"szoborleiras\">Fel\u00e1ll\u00edt\u00e1s helye: XI., Bart\u00f3k B\u00e9la \u00fat \u2013 Kosztol\u00e1nyi t\u00e9r<br \/>\nAlkot\u00f3: Somogyi J\u00f3zsef<br \/>\nC\u00edm: BART\u00d3K B\u00c9LA<br \/>\nJelleg: eml\u00e9km\u0171<br \/>\nAnyag: bronz<br \/>\nFel\u00e1ll\u00edt\u00e1s ideje: 1981<br \/>\n\u00c1ll\u00edttat\u00f3k: F\u0151v\u00e1rosi Tan\u00e1cs<br \/>\nMegjegyz\u00e9sek<\/p>\n<p class=\"szoborleiras\">Fel\u00e1ll\u00edt\u00e1s helye: XI., Bart\u00f3k B\u00e9la \u00fat 141.<br \/>\nAlkot\u00f3: Majoros Istv\u00e1n<br \/>\nC\u00edm: BETHLEN G\u00c1BOR<br \/>\nJelleg: mellszobor<br \/>\nAnyag: bronz<br \/>\nFel\u00e1ll\u00edt\u00e1s ideje: 2001<br \/>\n\u00c1ll\u00edttat\u00f3k: XI. ker. \u00d6nkorm\u00e1nyzat<br \/>\nMegjegyz\u00e9sek:<\/p>\n<p class=\"szoborleiras\">Fel\u00e1ll\u00edt\u00e1s helye: XI., Bart\u00f3k B\u00e9la u. 149.<br \/>\nAlkot\u00f3: Varga Imre<br \/>\nC\u00edm: II. SZILVESZTER P\u00c1PA<br \/>\nJelleg: szobor<br \/>\nAnyag: bronz, kr\u00f3mac\u00e9l<br \/>\nFel\u00e1ll\u00edt\u00e1s ideje: 2000<br \/>\n\u00c1ll\u00edttat\u00f3k: Szent Gell\u00e9rt Egyh\u00e1zk\u00f6zs\u00e9g<br \/>\nMegjegyz\u00e9sek:<\/p>\n<p class=\"szoborleiras\">Fel\u00e1ll\u00edt\u00e1s helye: XI., Bart\u00f3k B\u00e9la \u00fat 152.<br \/>\nAlkot\u00f3: Nagy S\u00e1ndor<br \/>\nC\u00edm: \u00dcL\u0150 FI\u00da<br \/>\nJelleg: d\u00edsz\u00edt\u0151szobor<br \/>\nAnyag: m\u00e9szk\u0151<br \/>\nFel\u00e1ll\u00edt\u00e1s ideje: 1961<br \/>\n\u00c1ll\u00edttat\u00f3k: F\u0151v\u00e1rosi Tan\u00e1cs<br \/>\nMegjegyz\u00e9sek:<\/p>\n<p class=\"szoborleiras\">Fel\u00e1ll\u00edt\u00e1s helye: XI. Bart\u00f3k B\u00e9la \u00fat 152.<br \/>\nAlkot\u00f3: Tak\u00e1cs Erzs\u00e9bet<br \/>\nC\u00edm: K\u0150FARAG\u00d3<br \/>\nJelleg: d\u00edsz\u00edt\u0151szobor<br \/>\nAnyag: m\u00e9szk\u0151<br \/>\nFel\u00e1ll\u00edt\u00e1s ideje: ?<br \/>\n\u00c1ll\u00edttat\u00f3k: ?<br \/>\nMegjegyz\u00e9sek:<\/p>\n<p class=\"szoborleiras\">Fel\u00e1ll\u00edt\u00e1s helye: XI., Bercs\u00e9nyi u. 34.<br \/>\nAlkot\u00f3: S\u00f3v\u00e1ry J\u00e1nos<br \/>\nC\u00edm: BERCS\u00c9NYI MIKL\u00d3S<br \/>\nJelleg: domborm\u0171ves eml\u00e9kt\u00e1bla<br \/>\nAnyag: m\u00e9szk\u0151<br \/>\nFel\u00e1ll\u00edt\u00e1s ideje: 1940<br \/>\n\u00c1ll\u00edttat\u00f3k: F\u0151v\u00e1ros<br \/>\nMegjegyz\u00e9sek:<\/p>\n<p class=\"szoborleiras\">Fel\u00e1ll\u00edt\u00e1s helye: XI., Bertalan Lajos u. 15.<br \/>\nAlkot\u00f3: Humeny\u00e1nszky Jol\u00e1n<br \/>\nC\u00edm: MACSK\u00c1SY \u00c1RP\u00c1D<br \/>\nJelleg: domborm\u0171ves eml\u00e9kt\u00e1bla<br \/>\nAnyag: m\u00e1rv\u00e1ny, bronz<br \/>\nFel\u00e1ll\u00edt\u00e1s ideje: 1994<br \/>\n\u00c1ll\u00edttat\u00f3k: \u00c9p\u00edt\u00e9studom\u00e1nyi Egyes\u00fclet;XI. ker\u00fcleti \u00d6nkorm\u00e1nyzat<br \/>\nMegjegyz\u00e9sek:<\/p>\n<p class=\"szoborleiras\">Fel\u00e1ll\u00edt\u00e1s helye: XI., Bogd\u00e1nfy u. 5\/b<br \/>\nAlkot\u00f3: Kiss Istv\u00e1n<br \/>\nC\u00edm: AP\u00c1CZAI CSERE J\u00c1NOS<br \/>\nJelleg: eml\u00e9km\u0171<br \/>\nAnyag: m\u00e9szk\u0151<br \/>\nFel\u00e1ll\u00edt\u00e1s ideje: 1966<br \/>\n\u00c1ll\u00edttat\u00f3k: F\u0151v\u00e1rosi Tan\u00e1cs<br \/>\nMegjegyz\u00e9sek:<\/p>\n<p class=\"szoborleiras\">Fel\u00e1ll\u00edt\u00e1s helye: XI. Bogd\u00e1nfy u. 15.<br \/>\nAlkot\u00f3: Szab\u00f3 Iv\u00e1n<br \/>\nC\u00edm: BICINIA<br \/>\nJelleg: d\u00edsz\u00edt\u0151szobor<br \/>\nAnyag: m\u00e9szk\u0151<br \/>\nFel\u00e1ll\u00edt\u00e1s ideje: 1980<br \/>\n\u00c1ll\u00edttat\u00f3k: F\u0151v\u00e1rosi Tan\u00e1cs<br \/>\nMegjegyz\u00e9sek:<\/p>\n<p class=\"szoborleiras\">Fel\u00e1ll\u00edt\u00e1s helye: XI., Budafoki \u00fat 4.<br \/>\nAlkot\u00f3: Klicsu Lajos<br \/>\nC\u00edm: AZ 1956-OS M\u0170EGYETEMISTA FORRADALM\u00c1ROK EML\u00c9KT\u00c1BL\u00c1JA<br \/>\nJelleg: domborm\u0171ves eml\u00e9kt\u00e1bla<br \/>\nAnyag: m\u00e9szk\u0151, bronz<br \/>\nFel\u00e1ll\u00edt\u00e1s ideje: 1989<br \/>\n\u00c1ll\u00edttat\u00f3k: a Magyar Demokrata F\u00f3rum XI. ker\u00fcleti szervezete<br \/>\nMegjegyz\u00e9sek:<\/p>\n<p class=\"szoborleiras\">Fel\u00e1ll\u00edt\u00e1s helye: XI., Budafoki \u00fat 10\/C<br \/>\nAlkot\u00f3: Csoma Gergely<br \/>\nC\u00edm: DOMOKOS P\u00c1L P\u00c9TER<br \/>\nJelleg: domborm\u0171ves eml\u00e9kt\u00e1bla<br \/>\nAnyag: bronz<br \/>\nFel\u00e1ll\u00edt\u00e1s ideje: 2001<br \/>\n\u00c1ll\u00edttat\u00f3k: Lakatos Demeter cs\u00e1ng\u00f3-magyar kultur\u00e1lis egyes\u00fclet<br \/>\nMegjegyz\u00e9sek:<\/p>\n<p class=\"szoborleiras\">Fel\u00e1ll\u00edt\u00e1s helye: XI., Budafoki \u00fat 10\/C<br \/>\nAlkot\u00f3: Domonkos B\u00e9la<br \/>\nC\u00edm: SZELECZKY ZITA<br \/>\nJelleg: domborm\u0171ves eml\u00e9kt\u00e1bla<br \/>\nAnyag: m\u00e9szk\u0151, bronz<br \/>\nFel\u00e1ll\u00edt\u00e1s ideje: 2003<br \/>\n\u00c1ll\u00edttat\u00f3k: Szeleczky Zita Alap\u00edtv\u00e1ny<br \/>\nMegjegyz\u00e9sek:<\/p>\n<p class=\"szoborleiras\">Fel\u00e1ll\u00edt\u00e1s helye: XI., Buda\u00f6rsi u. 121.<br \/>\nAlkot\u00f3: Ismeretlen<br \/>\nC\u00edm: FESZ\u00dcLET<br \/>\nJelleg: fesz\u00fclet<br \/>\nAnyag: m\u00e9szk\u0151<br \/>\nFel\u00e1ll\u00edt\u00e1s ideje: 1873<br \/>\n\u00c1ll\u00edttat\u00f3k:<br \/>\nMegjegyz\u00e9sek:<\/p>\n<p class=\"szoborleiras\">Fel\u00e1ll\u00edt\u00e1s helye: XI., B\u00fckk\u00f6ny utcai j\u00e1tsz\u00f3t\u00e9r<br \/>\nAlkot\u00f3: Seregi J\u00f3zsef<br \/>\nC\u00edm: IV\u00d3K\u00daT<br \/>\nJelleg: iv\u00f3k\u00fat<br \/>\nAnyag: m\u00e9szk\u0151<br \/>\nFel\u00e1ll\u00edt\u00e1s ideje: 2001<br \/>\n\u00c1ll\u00edttat\u00f3k: XI. ker\u00fcleti \u00d6nkorm\u00e1nyzat<br \/>\nMegjegyz\u00e9sek:<\/p>\n<p class=\"szoborleiras\">Fel\u00e1ll\u00edt\u00e1s helye: XI., Di\u00f3szegi \u00fat 62-64.<br \/>\nAlkot\u00f3: Kiss Kov\u00e1cs Gyula<br \/>\nC\u00edm: V\u00c9RAD\u00d3<br \/>\nJelleg: d\u00edsz\u00edt\u0151szobor<br \/>\nAnyag: alum\u00ednium<br \/>\nFel\u00e1ll\u00edt\u00e1s ideje: 1965<br \/>\n\u00c1ll\u00edttat\u00f3k: F\u0151v\u00e1rosi Tan\u00e1cs<br \/>\nMegjegyz\u00e9sek:<\/p>\n<p class=\"szoborleiras\">Fel\u00e1ll\u00edt\u00e1s helye: XI., Egry J\u00f3zsef u. &#8211; Irinyi u.<br \/>\nAlkot\u00f3: Marton L\u00e1szl\u00f3<br \/>\nC\u00edm: EGRY J\u00d3ZSEF<br \/>\nJelleg: portr\u00e9szobor<br \/>\nAnyag: bronz<br \/>\nFel\u00e1ll\u00edt\u00e1s ideje: 1980<br \/>\n\u00c1ll\u00edttat\u00f3k: F\u0151v\u00e1rosi Tan\u00e1cs<br \/>\nMegjegyz\u00e9sek:<\/p>\n<p class=\"szoborleiras\">Fel\u00e1ll\u00edt\u00e1s helye: XI., Egry J\u00f3zsef u. 3-11.<br \/>\nAlkot\u00f3: Borsos Mikl\u00f3s<br \/>\nC\u00edm: EGRY J\u00d3ZSEF<br \/>\nJelleg: domborm\u0171ves eml\u00e9kt\u00e1bla<br \/>\nAnyag: bronz<br \/>\nFel\u00e1ll\u00edt\u00e1s ideje: 1963<br \/>\n\u00c1ll\u00edttat\u00f3k: F\u0151v\u00e1rosi Tan\u00e1cs<br \/>\nMegjegyz\u00e9sek:<\/p>\n<p class=\"szoborleiras\">Fel\u00e1ll\u00edt\u00e1s helye: XI., Egry J\u00f3zsef u. 3-11.<br \/>\nAlkot\u00f3: Mikus S\u00e1ndor<br \/>\nC\u00edm: K\u0150M\u0170VES KELEMEN<br \/>\nJelleg: domborm\u0171<br \/>\nAnyag: bronz<br \/>\nFel\u00e1ll\u00edt\u00e1s ideje: 1959<br \/>\n\u00c1ll\u00edttat\u00f3k: F\u0151v\u00e1rosi Tan\u00e1cs<br \/>\nMegjegyz\u00e9sek:<\/p>\n<p class=\"szoborleiras\">A fel\u00e1ll\u00edt\u00e1s helye: XI. Egyetemist\u00e1k parkja<br \/>\nAlkot\u00f3: Borza Ter\u00e9z<br \/>\nC\u00edm: MAG<br \/>\nJelleg: d\u00edsz\u00edt\u0151szobor<br \/>\nAnyag: m\u00e9szk\u0151, 180 x 50 (\u00e1tm.) cm<br \/>\nA fel\u00e1ll\u00edt\u00e1s ideje: 2014<br \/>\n\u00c1ll\u00edttat\u00f3: XI. ker\u00fclet \u00dajbuda \u00d6nkorm\u00e1nyzata<\/p>\n<p class=\"szoborleiras\">Fel\u00e1ll\u00edt\u00e1s helye: XI., Egyetemv\u00e1ros<br \/>\nAlkot\u00f3: K\u00f6r\u00f6s\u00e9nyi Tam\u00e1s<br \/>\nC\u00edm: A MAGYAR NOBEL D\u00cdJASOK EML\u00c9KM\u0170VE<br \/>\nJelleg: eml\u00e9km\u0171<br \/>\nAnyag: ac\u00e9l, m\u0171gyanta<br \/>\nFel\u00e1ll\u00edt\u00e1s ideje: 2002<br \/>\n\u00c1ll\u00edttat\u00f3k: F\u0151v\u00e1rosi \u00d6nkorm\u00e1nyzat<br \/>\nMegjegyz\u00e9sek: A m\u0171 feliratoz\u00e1s\u00e1r\u00f3l a F\u0151v\u00e1rosi K\u00f6zgy\u0171l\u00e9s nem hozott hat\u00e1rozatot.<\/p>\n<p class=\"szoborleiras\">Fel\u00e1ll\u00edt\u00e1s helye: XI., Etele \u00fat &#8211; T\u00e9t\u00e9nyi \u00fat<br \/>\nAlkot\u00f3: Zavadszky \u00c9va<br \/>\nC\u00edm: D\u00cdSZK\u00daT<br \/>\nJelleg: d\u00edsz\u00edt\u0151szobor<br \/>\nAnyag: ker\u00e1mia<br \/>\nFel\u00e1ll\u00edt\u00e1s ideje: 1990<br \/>\n\u00c1ll\u00edttat\u00f3k: F\u0151v\u00e1rosi T\u00e1vf\u0171t\u0151 M\u0171vek; XI. ker\u00fcleti \u00d6nkorm\u00e1nyzat<br \/>\nMegjegyz\u00e9sek:<\/p>\n<p class=\"szoborleiras\">Fel\u00e1ll\u00edt\u00e1s helye: XI., Etele \u00fat &#8211; T\u00e9t\u00e9nyi \u00fat (sz\u00e1nk\u00f3z\u00f3domb)<br \/>\nAlkot\u00f3: Kiss Istv\u00e1n<br \/>\nC\u00edm: MONDA<br \/>\nJelleg: d\u00edsz\u00edt\u0151szobor<br \/>\nAnyag: bronz<br \/>\nFel\u00e1ll\u00edt\u00e1s ideje: 1980<br \/>\n\u00c1ll\u00edttat\u00f3k: F\u0151v\u00e1rosi Tan\u00e1cs<br \/>\nMegjegyz\u00e9sek:<\/p>\n<p class=\"szoborleiras\">Fel\u00e1ll\u00edt\u00e1s helye: XI., Etele \u00fat 36.<br \/>\nAlkot\u00f3: G. Staindl Katalin<br \/>\nC\u00edm: AZ \u00c9P\u00cdT\u00c9S T\u00d6RT\u00c9NETE<br \/>\nJelleg: d\u00edsz\u00edt\u0151szobor<br \/>\nAnyag: \u00e9getett m\u00e1zas samott<br \/>\nFel\u00e1ll\u00edt\u00e1s ideje: 1982<br \/>\n\u00c1ll\u00edttat\u00f3k: F\u0151v\u00e1rosi Tan\u00e1cs<br \/>\nMegjegyz\u00e9sek:<\/p>\n<p class=\"szoborleiras\">Fel\u00e1ll\u00edt\u00e1s helye: XI., Feh\u00e9rv\u00e1ri \u00fat 43. &#8211; Csonka J\u00e1nos park<br \/>\nAlkot\u00f3: Ismeretlen<br \/>\nC\u00edm: CSONKA J\u00c1NOS<br \/>\nJelleg: mellszobor<br \/>\nAnyag: patin\u00e1zott alum\u00ednium<br \/>\nFel\u00e1ll\u00edt\u00e1s ideje: 1989<br \/>\n\u00c1ll\u00edttat\u00f3k: Kismotor- \u00e9s G\u00e9pgy\u00e1r<br \/>\nMegjegyz\u00e9sek:<\/p>\n<p class=\"szoborleiras\">Fel\u00e1ll\u00edt\u00e1s helye: XI., Feh\u00e9rv\u00e1ri \u00fat 47.<br \/>\nAlkot\u00f3: Ifj. Szab\u00f3 Istv\u00e1n<br \/>\nC\u00edm: N\u00c9PIT\u00c1NC<br \/>\nJelleg: d\u00edsz\u00edt\u0151szobor<br \/>\nAnyag: bronz<br \/>\nFel\u00e1ll\u00edt\u00e1s ideje: 1967<br \/>\n\u00c1ll\u00edttat\u00f3k: F\u0151v\u00e1rosi Tan\u00e1cs<br \/>\nMegjegyz\u00e9sek:<\/p>\n<p class=\"szoborleiras\">Fel\u00e1ll\u00edt\u00e1s helye: XI., Feh\u00e9rv\u00e1ri \u00fat 219.<br \/>\nAlkot\u00f3: Vass Viktor<br \/>\nC\u00edm: ALBERTFALVAI H\u0150SI EML\u00c9K<br \/>\nJelleg: domborm\u0171ves eml\u00e9kt\u00e1bla<br \/>\nAnyag: m\u00e9szk\u0151, m\u00e1rv\u00e1ny<br \/>\nFel\u00e1ll\u00edt\u00e1s ideje: 1941<br \/>\n\u00c1ll\u00edttat\u00f3k:<br \/>\nMegjegyz\u00e9sek:<\/p>\n<p class=\"szoborleiras\">Fel\u00e1ll\u00edt\u00e1s helye: XI., Feh\u00e9rv\u00e1ri \u00fat-Galv\u00e1ni \u00fat<br \/>\nAlkot\u00f3: Janzer Frigyes<br \/>\nC\u00edm: D\u00cdSZK\u00daT<br \/>\nJelleg: d\u00edsz\u00edt\u0151szobor<br \/>\nAnyag: m\u00e9szk\u0151<br \/>\nFel\u00e1ll\u00edt\u00e1s ideje: 1987<br \/>\n\u00c1ll\u00edttat\u00f3k: Villamosszigetel\u0151- \u00e9s M\u0171anyaggy\u00e1r<br \/>\nMegjegyz\u00e9sek:<\/p>\n<p class=\"szoborleiras\">Fel\u00e1ll\u00edt\u00e1s helye: XI. ker\u00fclet, Feneketlen t\u00f3, nyugati parkr\u00e9szlet<br \/>\nAlkot\u00f3: Dab\u00f3czi Mih\u00e1ly<br \/>\nC\u00edm: HALAS FI\u00da<br \/>\nJelleg: d\u00edsz\u00edt\u0151szobor<br \/>\nAnyag: m\u00e9szk\u0151<br \/>\nFel\u00e1ll\u00edt\u00e1s ideje: 1961<br \/>\n\u00c1ll\u00edttat\u00f3k: F\u0151v\u00e1rosi Tan\u00e1cs<br \/>\nMegjegyz\u00e9sek: 2011-ben Budapest XI. ker\u00fclet \u00dajbuda \u00d6nkorm\u00e1nyzata a F\u0151v\u00e1rosi K\u00f6zgy\u0171l\u00e9s 2446\/2011.(VIII.31.) sz. hat\u00e1rozata alapj\u00e1n az Ul\u00e1szl\u00f3 u. 78 sz. h\u00e1z el\u0151l \u00e1thelyezte a Feneketlen t\u00f3 k\u00f6rnyezet\u00e9be.<\/p>\n<p class=\"szoborleiras\">Fel\u00e1ll\u00edt\u00e1s helye: XI., F\u00fcggetlens\u00e9gi park<br \/>\nAlkot\u00f3: Kiss S\u00e1ndor &#8211; Vad\u00e1sz Gy\u00f6rgy<br \/>\nC\u00edm: A MAGYAR F\u00dcGGETLENS\u00c9G EML\u00c9KM\u0170VE<br \/>\nJelleg: eml\u00e9km\u0171<br \/>\nAnyag: plexiglas, bronzlemez, m\u00e9szk\u0151<br \/>\nFel\u00e1ll\u00edt\u00e1s ideje: 1994<br \/>\n\u00c1ll\u00edttat\u00f3k: F\u00fcggetlens\u00e9gi Eml\u00e9km\u0171 Alap\u00edtv\u00e1ny;XI. ker\u00fcleti \u00d6nkorm\u00e1nyzat<br \/>\nMegjegyz\u00e9sek:<\/p>\n<p class=\"szoborleiras\">Fel\u00e1ll\u00edt\u00e1s helye: XI., Gell\u00e9rthegy<br \/>\nAlkot\u00f3: Medgyessy Ferenc<br \/>\nC\u00edm: SZENT GELL\u00c9RT-K\u00daT<br \/>\nJelleg: domborm\u0171<br \/>\nAnyag: m\u00e9szk\u0151<br \/>\nFel\u00e1ll\u00edt\u00e1s ideje: 1943<br \/>\n\u00c1ll\u00edttat\u00f3k: F\u0151v\u00e1ros<br \/>\nMegjegyz\u00e9sek:<\/p>\n<p class=\"szoborleiras\">Fel\u00e1ll\u00edt\u00e1s helye: XI., Gell\u00e9rthegy<br \/>\nAlkot\u00f3: Kisfaludi Strobl Zsigmond<br \/>\nC\u00edm: SZABADS\u00c1G EML\u00c9KM\u0170<br \/>\nJelleg: eml\u00e9km\u0171<br \/>\nAnyag: m\u00e9szk\u0151, bronz<br \/>\nFel\u00e1ll\u00edt\u00e1s ideje: 1947<br \/>\n\u00c1ll\u00edttat\u00f3k: Budapesti Nemzeti Bizotts\u00e1g<br \/>\nMegjegyz\u00e9sek: 1947-ben felszabadul\u00e1si eml\u00e9km\u0171k\u00e9nt \u00e9p\u00fclt 1992-ben a szovjet katona szobr\u00e1t \u00e1thelyezt\u00e9k a szoborparkba, 1993-ban a domborm\u0171veket, feliratokat elt\u00e1vol\u00edtatt\u00e1k.<\/p>\n<p class=\"szoborleiras\">Fel\u00e1ll\u00edt\u00e1s helye: XI., Gell\u00e9rthegy<br \/>\nAlkot\u00f3: Medgyessy Ferenc<br \/>\nC\u00edm: ANYA GYERMEK\u00c9VEL<br \/>\nJelleg: d\u00edsz\u00edt\u0151szobor<br \/>\nAnyag: m\u00e9szk\u0151<br \/>\nFel\u00e1ll\u00edt\u00e1s ideje: 1966<br \/>\n\u00c1ll\u00edttat\u00f3k: F\u0151v\u00e1rosi Tan\u00e1cs<br \/>\nMegjegyz\u00e9sek:<\/p>\n<p class=\"szoborleiras\">Fel\u00e1ll\u00edt\u00e1s helye: XI., Gell\u00e9rthegy<br \/>\nAlkot\u00f3: Medgyessy Ferenc<br \/>\nC\u00edm: DEBRECENI V\u00c9NUSZ<br \/>\nJelleg: d\u00edsz\u00edt\u0151szobor<br \/>\nAnyag: bronz<br \/>\nFel\u00e1ll\u00edt\u00e1s ideje: 1966<br \/>\n\u00c1ll\u00edttat\u00f3k: F\u0151v\u00e1rosi Tan\u00e1cs<br \/>\nMegjegyz\u00e9sek: a megrong\u00e1lt szobrot Budapest F\u0151v\u00e1ros \u00d6nkorm\u00e1nyzata 2010-ben helyre\u00e1ll\u00edttatta<\/p>\n<p class=\"szoborleiras\">Fel\u00e1ll\u00edt\u00e1s helye: XI., Gell\u00e9rthegy, Jubileumi park<br \/>\nAlkot\u00f3: Barta Lajos<br \/>\nC\u00edm: LOVACSK\u00c1K &#8211; J\u00c1TSZ\u00d3SZEREK<br \/>\nJelleg: d\u00edsz\u00edt\u0151szobor<br \/>\nAnyag: m\u00e9szk\u0151<br \/>\nFel\u00e1ll\u00edt\u00e1s ideje: 1965<br \/>\n\u00c1ll\u00edttat\u00f3k: F\u0151v\u00e1rosi Tan\u00e1cs<br \/>\nMegjegyz\u00e9sek:<\/p>\n<p class=\"szoborleiras\">Fel\u00e1ll\u00edt\u00e1s helye: XI., Gell\u00e9rthegy, Jubileumi park<br \/>\nAlkot\u00f3: Kiss Istv\u00e1n<br \/>\nC\u00edm: BUDAPEST M\u00daLTJA \u00c9S JELENE<br \/>\nJelleg: d\u00edsz\u00edt\u0151szobor<br \/>\nAnyag: m\u00e9szk\u0151 domborm\u0171<br \/>\nFel\u00e1ll\u00edt\u00e1s ideje: 1965<br \/>\n\u00c1ll\u00edttat\u00f3k: F\u0151v\u00e1rosi Tan\u00e1cs<br \/>\nMegjegyz\u00e9sek:<\/p>\n<p class=\"szoborleiras\">Fel\u00e1ll\u00edt\u00e1s helye: XI., Gell\u00e9rthegy, Jubileumi park<br \/>\nAlkot\u00f3: Melocco Mikl\u00f3s<br \/>\nC\u00edm: PELIK\u00c1N-K\u00daT<br \/>\nJelleg: d\u00edsz\u00edt\u0151szobor<br \/>\nAnyag: m\u00e9szk\u0151<br \/>\nFel\u00e1ll\u00edt\u00e1s ideje: 1965<br \/>\n\u00c1ll\u00edttat\u00f3k: F\u0151v\u00e1rosi Tan\u00e1cs<br \/>\nMegjegyz\u00e9sek:<\/p>\n<p class=\"szoborleiras\">Fel\u00e1ll\u00edt\u00e1s helye: XI., Gell\u00e9rthegy, Jubileumi park<br \/>\nAlkot\u00f3: Metky \u00d6d\u00f6n<br \/>\nC\u00edm: AMFOR\u00c1K<br \/>\nJelleg: d\u00edsz\u00edt\u0151szobor<br \/>\nAnyag: m\u00e9szk\u0151<br \/>\nFel\u00e1ll\u00edt\u00e1s ideje: 1965<br \/>\n\u00c1ll\u00edttat\u00f3k: F\u0151v\u00e1rosi Tan\u00e1cs<br \/>\nMegjegyz\u00e9sek:<\/p>\n<p class=\"szoborleiras\">Fel\u00e1ll\u00edt\u00e1s helye: XI., Gell\u00e9rthegy, Jubileumi park<br \/>\nAlkot\u00f3: Segesdi Gy\u00f6rgy<br \/>\nC\u00edm: SZ\u00c9LKAKAS<br \/>\nJelleg: d\u00edsz\u00edt\u0151szobor<br \/>\nAnyag: ac\u00e9l<br \/>\nFel\u00e1ll\u00edt\u00e1s ideje: 1965<br \/>\n\u00c1ll\u00edttat\u00f3k: F\u0151v\u00e1rosi Tan\u00e1cs<br \/>\nMegjegyz\u00e9sek:<\/p>\n<p class=\"szoborleiras\">Fel\u00e1ll\u00edt\u00e1s helye: XI., Gell\u00e9rthegy, Jubileumi park<br \/>\nAlkot\u00f3: Somogyi J\u00f3zsef<br \/>\nC\u00edm: L\u00c1NYKA CSIK\u00d3VAL<br \/>\nJelleg: d\u00edsz\u00edt\u0151szobor<br \/>\nAnyag: bronz<br \/>\nFel\u00e1ll\u00edt\u00e1s ideje: 1965<br \/>\n\u00c1ll\u00edttat\u00f3k: F\u0151v\u00e1rosi Tan\u00e1cs<br \/>\nMegjegyz\u00e9sek:<\/p>\n<p class=\"szoborleiras\">Fel\u00e1ll\u00edt\u00e1s helye: XI., Gell\u00e9rthegy, Jubileumi park<br \/>\nAlkot\u00f3: Tar Istv\u00e1n<br \/>\nC\u00edm: \u00dcL\u0150 N\u0150<br \/>\nJelleg: d\u00edsz\u00edt\u0151szobor<br \/>\nAnyag: bronz<br \/>\nFel\u00e1ll\u00edt\u00e1s ideje: 1965<br \/>\n\u00c1ll\u00edttat\u00f3k: F\u0151v\u00e1rosi Tan\u00e1cs<br \/>\nMegjegyz\u00e9sek:<\/p>\n<p class=\"szoborleiras\">Fel\u00e1ll\u00edt\u00e1s helye: XI., Gell\u00e9rthegy, Szab\u00f3 Dezs\u0151 s\u00e9t\u00e1ny<br \/>\nAlkot\u00f3: Szerv\u00e1tiusz Tibor<br \/>\nC\u00edm: SZAB\u00d3 DEZS\u0150-EML\u00c9K<br \/>\nJelleg: eml\u00e9km\u0171<br \/>\nAnyag: bronz, m\u00e9szk\u0151<br \/>\nFel\u00e1ll\u00edt\u00e1s ideje: 1990<br \/>\n\u00c1ll\u00edttat\u00f3k: Szab\u00f3 Dezs\u0151 Eml\u00e9kbizotts\u00e1g<br \/>\nMegjegyz\u00e9sek:<\/p>\n<p class=\"szoborleiras\">Fel\u00e1ll\u00edt\u00e1s helye: XI. Gell\u00e9rthegy, a Sziklak\u00e1polna f\u00f6l\u00f6tt<br \/>\nAlkot\u00f3: Poms\u00e1r Andr\u00e1s<br \/>\nC\u00edm: P\u00c1LOSOK KERESZTJE<br \/>\nAnyaga: gr\u00e1nit<br \/>\nFel\u00e1ll\u00edt\u00e1s ideje: 2002<br \/>\n\u00c1ll\u00edttatta: Magyar Millennium Korm\u00e1nybiztosi Hivatala<br \/>\nMegjegyz\u00e9s:<\/p>\n<p class=\"szoborleiras\">A fel\u00e1ll\u00edt\u00e1s helye: XI. Hauszmann Alajos u. \u2013 Szer\u00e9mi \u00fat<br \/>\nAlkot\u00f3: Sz\u0151ke G\u00e1bor Mikl\u00f3s<br \/>\nC\u00edm: SZARVASBIKA<br \/>\nJelleg: d\u00edsz\u00edt\u0151szobor<br \/>\nAnyag: fa, 600 x 200 x 300 cm bef. m\u00e9ret<br \/>\nA fel\u00e1ll\u00edt\u00e1s ideje: 2014<br \/>\n\u00c1ll\u00edttat\u00f3: TR\u00d3FEA Grill \u00c9tterem \u00dajbuda (Checkers Kft)<\/p>\n<p class=\"szoborleiras\">Fel\u00e1ll\u00edt\u00e1s helye: XI. Hegytet\u0151 u. 9.<br \/>\nAlkot\u00f3: Czinder Antal<br \/>\nC\u00edm: KOS\u00c1RY DOMOKOS<br \/>\nJelleg: portr\u00e9domborm\u0171 szt\u00e9l\u00e9n<br \/>\nAnyag: bronz, m\u00e9szk\u0151<br \/>\nA fel\u00e1ll\u00edt\u00e1s ideje: 2008<br \/>\n\u00c1ll\u00edttat\u00f3: \u00dajbuda \u00d6nkorm\u00e1nyzata, MTA<\/p>\n<p class=\"szoborleiras\">Fel\u00e1ll\u00edt\u00e1s helye: XI., Himfy u. 3.<br \/>\nAlkot\u00f3: Magyar \u00c9va<br \/>\nC\u00edm: BORB\u00c1S TIBOR<br \/>\nJelleg: domborm\u0171ves eml\u00e9kt\u00e1bla<br \/>\nAnyag: m\u00e9szk\u0151, bronz<br \/>\nFel\u00e1ll\u00edt\u00e1s ideje: 2000<br \/>\n\u00c1ll\u00edttat\u00f3k: XI. ker \u00d6nkorm\u00e1nyzat<br \/>\nMegjegyz\u00e9sek: Borb\u00e1s Tibor m\u0171v\u00e9nek felhaszn\u00e1l\u00e1s\u00e1val<\/p>\n<p class=\"szoborleiras\">Fel\u00e1ll\u00edt\u00e1s helye: XI., Hunyadi J\u00e1nos \u00fat 2.<br \/>\nAlkot\u00f3: Fekete G\u00e9za<br \/>\nC\u00edm: MUNK\u00c1S-PARASZT<br \/>\nJelleg: d\u00edsz\u00edt\u0151szobor<br \/>\nAnyag: m\u00e9szk\u0151<br \/>\nFel\u00e1ll\u00edt\u00e1s ideje: 1955<br \/>\n\u00c1ll\u00edttat\u00f3k:<br \/>\nMegjegyz\u00e9sek:<\/p>\n<p class=\"szoborleiras\">Fel\u00e1ll\u00edt\u00e1s helye: XI., Irinyi J\u00f3zsef u. 32\/c<br \/>\nAlkot\u00f3: Boldogfai Farkas S\u00e1ndor<br \/>\nC\u00edm: BOCI<br \/>\nJelleg: d\u00edsz\u00edt\u0151szobor<br \/>\nAnyag: aluminium<br \/>\nFel\u00e1ll\u00edt\u00e1s ideje: 1964<br \/>\n\u00c1ll\u00edttat\u00f3k: F\u0151v\u00e1rosi Tan\u00e1cs<br \/>\nEredeti helye:<\/p>\n<p class=\"szoborleiras\">Fel\u00e1ll\u00edt\u00e1s helye: XI., Irinyi J\u00f3zsef u. 47.<br \/>\nAlkot\u00f3: Nagy Istv\u00e1n J\u00e1nos<br \/>\nC\u00edm: IRINYI J\u00d3ZSEF<br \/>\nJelleg: domborm\u0171ves eml\u00e9kt\u00e1bla<br \/>\nAnyag: m\u00e9szk\u0151<br \/>\nFel\u00e1ll\u00edt\u00e1s ideje: 1965<br \/>\n\u00c1ll\u00edttat\u00f3k: F\u0151v\u00e1rosi Tan\u00e1cs<br \/>\nMegjegyz\u00e9sek:<\/p>\n<p class=\"szoborleiras\">Fel\u00e1ll\u00edt\u00e1s helye: XI. Kaptat\u00f3 s\u00e9t\u00e1ny (Gazdagr\u00e9ti lak\u00f3telep,\u00d6<br \/>\nAlkot\u00f3: Janzer Frigyes<br \/>\nC\u00edm: M\u00d3RICZ ZSIGMOND<br \/>\nJelleg: mellszobor<br \/>\nAnyag: bronz, m\u00e9szk\u0151<br \/>\nA fel\u00e1ll\u00edt\u00e1s ideje: 2007<br \/>\nFelirat:<br \/>\nMegjegyz\u00e9s: a XI. ker\u00fcleti \u00d6nkorm\u00e1nyzat \u00e1ltal 2004-ben ki\u00edrt p\u00e1ly\u00e1zatra k\u00e9sz\u00fclt nyertes terv megval\u00f3s\u00edt\u00e1sa<\/p>\n<p class=\"szoborleiras\">Fel\u00e1ll\u00edt\u00e1s helye: XI., Karinthy Frigyes \u00fat 2.<br \/>\nAlkot\u00f3: Kocsis Andr\u00e1s<br \/>\nC\u00edm: KARINTHY FRIGYES<br \/>\nJelleg: domborm\u0171ves eml\u00e9kt\u00e1bla<br \/>\nAnyag: m\u00e9szk\u0151, bronz<br \/>\nFel\u00e1ll\u00edt\u00e1s ideje: 1948<br \/>\n\u00c1ll\u00edttat\u00f3k: F\u0151v\u00e1ros<br \/>\nMegjegyz\u00e9sek:<\/p>\n<p class=\"szoborleiras\">Fel\u00e1ll\u00edt\u00e1s helye: XI., Karinthy Frigyes \u00fat &#8211; Irinyi J\u00f3zsef u.<br \/>\nAlkot\u00f3: Paulikovics Iv\u00e1n<br \/>\nC\u00edm: KARINTHY FRIGYES EML\u00c9KM\u0170VE<br \/>\nJelleg: eml\u00e9km\u0171<br \/>\nAnyag: bronz<br \/>\nFel\u00e1ll\u00edt\u00e1s ideje: 1988<br \/>\n\u00c1ll\u00edttat\u00f3k: F\u0151v\u00e1rosi Tan\u00e1cs, K\u00e9pz\u0151- \u00e9s Iparm\u0171v\u00e9szeti Lektor\u00e1tus; XI. ker\u00fcleti Tan\u00e1cs<br \/>\nMegjegyz\u00e9sek:<\/p>\n<p class=\"szoborleiras\">Fel\u00e1ll\u00edt\u00e1s helye: XI., K\u00e1roli G\u00e1sp\u00e1r t\u00e9r<br \/>\nAlkot\u00f3: Kecskem\u00e9ti S\u00e1ndor<br \/>\nC\u00edm: A VIZSOLYI BIBLIA EML\u00c9KM\u0170VE<br \/>\nJelleg: eml\u00e9km\u0171<br \/>\nAnyag: gr\u00e1nit, m\u00e9szk\u0151<br \/>\nFel\u00e1ll\u00edt\u00e1s ideje: 1990<br \/>\n\u00c1ll\u00edttat\u00f3k: XI. ker\u00fcleti \u00d6nkorm\u00e1nyzat<br \/>\nMegjegyz\u00e9sek:<\/p>\n<p class=\"szoborleiras\">Fel\u00e1ll\u00edt\u00e1s helye: XI., Karolina \u00fat-Di\u00f3szegi \u00fat<br \/>\nAlkot\u00f3: J\u00f3zsa B\u00e1lint<br \/>\nC\u00edm: KOMPOZ\u00cdCI\u00d3<br \/>\nJelleg: d\u00edsz\u00edt\u0151szobor<br \/>\nAnyag: kr\u00f3mac\u00e9l<br \/>\nFel\u00e1ll\u00edt\u00e1s ideje: 1985<br \/>\n\u00c1ll\u00edttat\u00f3k: Orsz\u00e1gos Haematol\u00f3giai \u00e9s V\u00e9rtranszf\u00fazi\u00f3s Int\u00e9zet<br \/>\nMegjegyz\u00e9sek:<\/p>\n<p class=\"szoborleiras\">Fel\u00e1ll\u00edt\u00e1s helye: XI., Kecskem\u00e9ti J\u00f3zsef utcai templomkert<br \/>\nAlkot\u00f3: K\u0151 Boldizs\u00e1r<br \/>\nC\u00edm: NO\u00c9 B\u00c1RK\u00c1JA<br \/>\nJelleg: j\u00e1tsz\u00f3tszer<br \/>\nAnyag: ak\u00e1cfa, f\u00f6ld, \u00f6nt\u00f6tt gumi<br \/>\nFel\u00e1ll\u00edt\u00e1s ideje: 2004<br \/>\n\u00c1ll\u00edttat\u00f3k: XI. ker \u00d6nkorm\u00e1nyzat<br \/>\nMegjegyz\u00e9sek:<\/p>\n<p class=\"szoborleiras\">Fel\u00e1ll\u00edt\u00e1s helye: XI., Kemenes u. &#8211; Kelenhegyi u.<br \/>\nAlkot\u00f3: Czinder Antal<br \/>\nC\u00edm: A GELL\u00c9RTHEGYI SZ\u0150L\u0150SGAZD\u00c1K EML\u00c9KOSZLOPA<br \/>\nJelleg: eml\u00e9km\u0171<br \/>\nAnyag: m\u00e9szk\u0151<br \/>\nFel\u00e1ll\u00edt\u00e1s ideje: 2005<br \/>\n\u00c1ll\u00edttat\u00f3k: XI. ker. \u00d6nkorm\u00e1nyzat<br \/>\nMegjegyz\u00e9sek:<\/p>\n<p class=\"szoborleiras\">Fel\u00e1ll\u00edt\u00e1s helye: XI., K\u00e9r\u0151 u.<br \/>\nAlkot\u00f3: Tilless B\u00e9la<br \/>\nC\u00edm: D\u00cdSZ- \u00c9S IV\u00d3K\u00daT<br \/>\nJelleg: d\u00edsz\u00edt\u0151szobor<br \/>\nAnyag: kr\u00f3mac\u00e9l<br \/>\nFel\u00e1ll\u00edt\u00e1s ideje: 1993<br \/>\n\u00c1ll\u00edttat\u00f3k: XI. ker\u00fcleti \u00d6nkorm\u00e1nyzat<br \/>\nMegjegyz\u00e9sek:<\/p>\n<p class=\"szoborleiras\">Fel\u00e1ll\u00edt\u00e1s helye: XI., Kisk\u00f6re t\u00e9r 10.<br \/>\nAlkot\u00f3: V\u00edgh Tam\u00e1s<br \/>\nC\u00edm: \u00c9NEKL\u0150 FIATALOK<br \/>\nJelleg: d\u00edsz\u00edt\u0151szobor<br \/>\nAnyag: bronz<br \/>\nFel\u00e1ll\u00edt\u00e1s ideje: 1955<br \/>\n\u00c1ll\u00edttat\u00f3k: \u00c9p\u00edt\u00e9s\u00fcgyi Miniszt\u00e9rium<br \/>\nMegjegyz\u00e9sek:<\/p>\n<p class=\"szoborleiras\">Fel\u00e1ll\u00edt\u00e1s helye: XI., Kosztol\u00e1nyi t\u00e9r<br \/>\nAlkot\u00f3: Borb\u00e1s Tibor<br \/>\nC\u00edm: KOSZTOL\u00c1NYI DEZS\u0150<br \/>\nJelleg: eml\u00e9km\u0171<br \/>\nAnyag: m\u00e9szk\u0151, bronz<br \/>\nFel\u00e1ll\u00edt\u00e1s ideje: 1979<br \/>\n\u00c1ll\u00edttat\u00f3k: F\u0151v\u00e1rosi Tan\u00e1cs<br \/>\nMegjegyz\u00e9sek:<\/p>\n<p class=\"szoborleiras\">Fel\u00e1ll\u00edt\u00e1s helye: XI., Kosztol\u00e1nyi t\u00e9r<br \/>\nAlkot\u00f3: Moln\u00e1r L\u00e1szl\u00f3<br \/>\nC\u00edm: MACK\u00d3<br \/>\nJelleg: d\u00edsz\u00edt\u0151szobor<br \/>\nAnyag: m\u00e9szk\u0151<br \/>\nFel\u00e1ll\u00edt\u00e1s ideje: 1961<br \/>\n\u00c1ll\u00edttat\u00f3k: F\u0151v\u00e1rosi Tan\u00e1cs<br \/>\nMegjegyz\u00e9sek:<\/p>\n<p class=\"szoborleiras\">Fel\u00e1ll\u00edt\u00e1s helye: XI., Kosztol\u00e1nyi t\u00e9r<br \/>\nAlkot\u00f3: Makrisz Agamemnon<br \/>\nC\u00edm: T\u00c1RSADALMI MUNK\u00c1S L\u00c1NY<br \/>\nJelleg: d\u00edsz\u00edt\u0151szobor<br \/>\nAnyag: bronz<br \/>\nFel\u00e1ll\u00edt\u00e1s ideje: 1961<br \/>\n\u00c1ll\u00edttat\u00f3k: F\u0151v\u00e1rosi Tan\u00e1cs<br \/>\nMegjegyz\u00e9sek:<\/p>\n<p class=\"szoborleiras\">Fel\u00e1ll\u00edt\u00e1s helye: XI., Kosztol\u00e1nyi t\u00e9r<br \/>\nAlkot\u00f3: G\u00e1dor Magda<br \/>\nC\u00edm: \u00dcL\u0150 FI\u00da<br \/>\nJelleg: d\u00edsz\u00edt\u0151szobor<br \/>\nAnyag: m\u00e9szk\u0151<br \/>\nFel\u00e1ll\u00edt\u00e1s ideje: 1961<br \/>\n\u00c1ll\u00edttat\u00f3k: F\u0151v\u00e1rosi Tan\u00e1cs<br \/>\nMegjegyz\u00e9sek:<\/p>\n<p class=\"szoborleiras\">Fel\u00e1ll\u00edt\u00e1s helye: XI. Kosztol\u00e1nyi Dezs\u0151 t\u00e9r<br \/>\nAlkot\u00f3: Matzon Frigyes<br \/>\nC\u00edm: BART\u00d3K-CONCERTO<br \/>\nJelleg: d\u00edsz\u00edt\u0151szobor<br \/>\nAnyag: m\u00e9szk\u0151<br \/>\nA fel\u00e1ll\u00edt\u00e1s ideje: 2012<br \/>\n\u00c1ll\u00edttat\u00f3: \u00dajbuda \u00d6nkorm\u00e1nyzata<br \/>\nMegjegyz\u00e9s: a kompoz\u00edci\u00f3 grafikai koncepci\u00f3terve az 1940-es \u00e9vek v\u00e9g\u00e9re dat\u00e1lhat\u00f3, farag\u00e1s\u00e1ra 1960 k\u00f6r\u00fcl ker\u00fclt sor, a F\u0151v\u00e1rosi Tan\u00e1cs 1984-ben \u00e1ll\u00edttatta fel a Kamaraerdei Ifj\u00fas\u00e1gi Parkban. Ugyanitt, ismeretlen id\u0151pontban, mint a XI. ker\u00fcleti \u00d6nkorm\u00e1nyzat tulajdona ker\u00fclt rakt\u00e1rba. K\u00f6zt\u00e9ri fel\u00e1ll\u00edt\u00e1sra F\u00e1skerti Istv\u00e1n k\u00e9sz\u00edtette el\u0151.<\/p>\n<p class=\"szoborleiras\">Fel\u00e1ll\u00edt\u00e1s helye: XI., K\u00f6b\u00f6lk\u00fat u. 27.<br \/>\nAlkot\u00f3: Janzer Frigyes<br \/>\nC\u00edm: \u00c1D\u00c1M JEN\u0150<br \/>\nJelleg: mellszobor<br \/>\nAnyag: bronz<br \/>\nFel\u00e1ll\u00edt\u00e1s ideje: 2006<br \/>\n\u00c1ll\u00edttat\u00f3k: XI. ker\u00fclet \u00dajbuda \u00d6nkorm\u00e1nyzata<br \/>\nMegjegyz\u00e9sek:<\/p>\n<p class=\"szoborleiras\">Fel\u00e1ll\u00edt\u00e1s helye: XI. \u0150rmezei lak\u00f3telep, K\u00f6lt\u0151k parkja<br \/>\nAlkot\u00f3: Krajcsovics K\u00e1roly<br \/>\nC\u00edm: K\u00c1LNOKY L\u00c1SZL\u00d3, KORMOS ISTV\u00c1N \u00e9s ZELK ZOLT\u00c1N ELM\u00c9KJELEK<br \/>\nJelleg: eml\u00e9khely portr\u00e9domborm\u0171vekkel<br \/>\nAnyag: m\u00e9szk\u0151, f\u00e9m\u00f6ntv\u00e9ny, pyrogr\u00e1nit<br \/>\nA fel\u00e1ll\u00edt\u00e1s ideje: 2010<br \/>\n\u00c1ll\u00edttat\u00f3: Budapest XI. ker\u00fclet \u00dajbuda \u00d6nkorm\u00e1nyzata<br \/>\nFelirat: K\u00d6LT\u00c9SZET NAPJA \u2013 2010<br \/>\nK\u00c1LNOKY L\u00c1SZL\u00d3 1912-1985\/\u201d\u2026hatalmas m\u00e1gnes ez a f\u00f6ld, s a k\u00f6lt\u0151\/p\u00f3tolhatatlan kincse anyanyelve.\/Tal\u00e1n jobb lett volna m\u00e1shol sz\u00fcletni\u2026\/de \u00e9lni \u00e9s meghalni \u2013 itt, csak itt!\u201d\/ (K\u00e1lnoky L\u00e1szl\u00f3: \u00c9szakon<br \/>\nKORMOS ISTV\u00c1N 1923-1977\/\u201dAjt\u00f3m f\u00e1k k\u00f6z\u00e9 ny\u00edlik,\/nyitja-csukja tollam,\/karcol\u00e1szva b\u0171b\u00e1jolom:\/K.I. aki voltam.\u201d\/(Kormos Istv\u00e1n: N\u00e9vt\u00e1bla seholsincs ajt\u00f3mra)<br \/>\nZELK ZOLT\u00c1N 1906-1977\/\u201dHa n\u00e9ma is m\u00e1r a bokor,\/a ny\u00e1r, a ny\u00e1r mindig dalol:\/t\u00fccs\u00f6k folytatja a zen\u00e9t-\/zengett az \u00e9g, zeng most a r\u00e9t.\u201d\/(Zelk Zolt\u00e1n: H\u00e1ny nap a ny\u00e1r)<\/p>\n<p class=\"szoborleiras\">Fel\u00e1ll\u00edt\u00e1s helye: XI., Krusp\u00e9r u. 7.<br \/>\nAlkot\u00f3: \u00d6rk\u00e9nyi Strasszer Istv\u00e1n<br \/>\nC\u00edm: SOMLY\u00d3 ZOLT\u00c1N<br \/>\nJelleg: domborm\u0171ves eml\u00e9kt\u00e1bla<br \/>\nAnyag: m\u00e9szk\u0151, bronz<br \/>\nFel\u00e1ll\u00edt\u00e1s ideje: 1948<br \/>\n\u00c1ll\u00edttat\u00f3k: Budapest k\u00f6z\u00f6ns\u00e9ge \u00e9s a Magyar \u00cdr\u00f3k Sz\u00f6vets\u00e9ge<br \/>\nMegjegyz\u00e9sek:<\/p>\n<p class=\"szoborleiras\">Fel\u00e1ll\u00edt\u00e1s helye: XI., L\u00e1gym\u00e1nyosi \u00fat 21-23.<br \/>\nAlkot\u00f3: Buza Barna<br \/>\nC\u00edm: IRINYI J\u00c1NOS<br \/>\nJelleg: portr\u00e9szobor<br \/>\nAnyag: m\u00e9szk\u0151<br \/>\nFel\u00e1ll\u00edt\u00e1s ideje: 1965<br \/>\n\u00c1ll\u00edttat\u00f3k: F\u0151v\u00e1rosi Tan\u00e1cs<br \/>\nMegjegyz\u00e9sek:<\/p>\n<p class=\"szoborleiras\">Fel\u00e1ll\u00edt\u00e1s helye: XI., M\u00e1nyoki u. 22.<br \/>\nAlkot\u00f3: Czinder Antal<br \/>\nC\u00edm: ILL\u00c9S ENDRE<br \/>\nJelleg: domborm\u0171<br \/>\nAnyag: bronz<br \/>\nFel\u00e1ll\u00edt\u00e1s ideje: 2004<br \/>\n\u00c1ll\u00edttat\u00f3k: XI. ker \u00d6nkorm\u00e1nyzat<br \/>\nMegjegyz\u00e9sek:<\/p>\n<p class=\"szoborleiras\">Fel\u00e1ll\u00edt\u00e1s helye: XI., Menyecske u. &#8211; K\u00e9r\u0151 u.<br \/>\nAlkot\u00f3: Vilt Tibor<br \/>\nC\u00edm: \u00d3RA<br \/>\nJelleg: d\u00edsz\u00edt\u0151szobor<br \/>\nAnyag: beton, ac\u00e9l<br \/>\nFel\u00e1ll\u00edt\u00e1s ideje: 1983<br \/>\n\u00c1ll\u00edttat\u00f3k:<br \/>\nMegjegyz\u00e9sek: 1996-ban restaur\u00e1lta, a hi\u00e1nyz\u00f3 elemeket rekonstru\u00e1lta Varga Tam\u00e1s.<\/p>\n<p class=\"szoborleiras\">Fel\u00e1ll\u00edt\u00e1s helye: XI., M\u00e9rn\u00f6k u. 39.<br \/>\nAlkot\u00f3: Szab\u00f3 M\u00e1ria<br \/>\nC\u00edm: K\u00d6NYV<br \/>\nJelleg: d\u00edsz\u00edt\u0151szobor<br \/>\nAnyag: m\u00e9szk\u0151<br \/>\nFel\u00e1ll\u00edt\u00e1s ideje: 1976<br \/>\n\u00c1ll\u00edttat\u00f3k: F\u0151v\u00e1rosi Tan\u00e1cs<br \/>\nMegjegyz\u00e9sek:<\/p>\n<p class=\"szoborleiras\">Fel\u00e1ll\u00edt\u00e1s helye: XI., M\u00e9sz\u00f6ly u. 5.<br \/>\nAlkot\u00f3: Weichinger Mikl\u00f3s<br \/>\nC\u00edm: WEICHINGER K\u00c1ROLY<br \/>\nJelleg: domborm\u0171ves eml\u00e9kt\u00e1bla<br \/>\nAnyag: bronz, gr\u00e1nit<br \/>\nFel\u00e1ll\u00edt\u00e1s ideje: 1998<br \/>\n\u00c1ll\u00edttat\u00f3k: XI. ker \u00d6nkorm\u00e1nyzat;Weichinger Mikl\u00f3s<br \/>\nMegjegyz\u00e9sek:<\/p>\n<p class=\"szoborleiras\">Fel\u00e1ll\u00edt\u00e1s helye: XI., Minerva u. 3\/b<br \/>\nAlkot\u00f3: Czinder Antal<br \/>\nC\u00edm: RAOUL WALLENBERG, PER ANGER \u00c9S CARL-IVAN DANIELSSON<br \/>\nJelleg: domborm\u0171ves eml\u00e9kt\u00e1bla<br \/>\nAnyag: m\u00e1rv\u00e1ny, bronz<br \/>\nFel\u00e1ll\u00edt\u00e1s ideje: 1994<br \/>\n\u00c1ll\u00edttat\u00f3k: Raoul Wallenberg Alap\u00edtv\u00e1ny; K\u00e9pz\u0151- \u00e9s Iparm\u0171v\u00e9szeti Lektor\u00e1tus<br \/>\nMegjegyz\u00e9sek:<\/p>\n<p class=\"szoborleiras\">Fel\u00e1ll\u00edt\u00e1s helye: XI., M\u00f3ricz Zs. K\u00f6rt\u00e9r &#8211; V\u00e1li \u00fat<br \/>\nAlkot\u00f3: S\u00f3v\u00e1ry J\u00e1nos<br \/>\nC\u00edm: J\u00d3ZSEF ATTILA<br \/>\nJelleg: mellszobor<br \/>\nAnyag: m\u00e9szk\u0151<br \/>\nFel\u00e1ll\u00edt\u00e1s ideje: 1965<br \/>\n\u00c1ll\u00edttat\u00f3k: F\u0151v\u00e1rosi Tan\u00e1cs<br \/>\nEredeti helye: XI. Vill\u00e1nyi \u00fat 27., a gimn\u00e1zium el\u0151tt<br \/>\nMegjegyz\u00e9sek: 1998-ban \u00e1thelyezve a XI. ker Egry J\u00f3zsef utc\u00e1ba, 2000-ben \u00e1thelyezve a M\u00f3ricz Zs. k\u00f6rt\u00e9r &#8211; V\u00e1li \u00fat sark\u00e1ra.<\/p>\n<p class=\"szoborleiras\">Fel\u00e1ll\u00edt\u00e1s helye: XI., M\u00f3ricz Zsigmond k\u00f6rt\u00e9r<br \/>\nAlkot\u00f3: Szomor L\u00e1szl\u00f3<br \/>\nC\u00edm: D\u00cdSZK\u00daT<br \/>\nJelleg: d\u00edszk\u00fat<br \/>\nAnyag: m\u00e9szk\u0151 domborm\u0171vekkel<br \/>\nFel\u00e1ll\u00edt\u00e1s ideje: 1930<br \/>\n\u00c1ll\u00edttat\u00f3k: BSzKRt<br \/>\nMegjegyz\u00e9sek: haszn\u00e1laton k\u00edv\u00fcl<\/p>\n<p class=\"szoborleiras\">Fel\u00e1ll\u00edt\u00e1s helye: XI., M\u00f3ricz Zsigmond k\u00f6rt\u00e9r<br \/>\nAlkot\u00f3: Kisfaludi Strobl Zsigmond<br \/>\nC\u00edm: SZENT IMRE<br \/>\nJelleg: eml\u00e9km\u0171<br \/>\nAnyag: bronz, m\u00e9szk\u0151<br \/>\nFel\u00e1ll\u00edt\u00e1s ideje: 1930<br \/>\n\u00c1ll\u00edttat\u00f3k: Izabella f\u0151hercegasszony<br \/>\nMegjegyz\u00e9sek:<\/p>\n<p class=\"szoborleiras\">Fel\u00e1ll\u00edt\u00e1s helye: XI., M\u00f3ricz Zsigmond k\u00f6rt\u00e9r<br \/>\nAlkot\u00f3: Czinder Antal<br \/>\nC\u00edm: K\u00d6RT\u00c9RI 56-OS DOMBORM\u0170<br \/>\nJelleg: domborm\u0171<br \/>\nAnyag: bronz<br \/>\nFel\u00e1ll\u00edt\u00e1s ideje: 2001<br \/>\n\u00c1ll\u00edttat\u00f3k: D\u00e9l Bud\u00e1\u00e9rt Alap\u00edtv\u00e1ny<br \/>\nMegjegyz\u00e9sek: A kor\u00e1bban elhelyezett sz\u00f6veges t\u00e1bla kieg\u00e9sz\u00edt\u00e9se.<\/p>\n<p class=\"szoborleiras\">Fel\u00e1ll\u00edt\u00e1s helye: XI., M\u00f3ricz Zsigmond k\u00f6rt\u00e9r<br \/>\nAlkot\u00f3: Varga Imre<br \/>\nC\u00edm: M\u00d3RICZ ZSIGMOND<br \/>\nJelleg: portr\u00e9szobor<br \/>\nAnyag: bronz<br \/>\nFel\u00e1ll\u00edt\u00e1s ideje: 2004<br \/>\n\u00c1ll\u00edttat\u00f3k: F\u0151v\u00e1rosi \u00d6nkorm\u00e1nyzat; XI. ker\u00fcleti \u00d6nkorm\u00e1nyzat<br \/>\nMegjegyz\u00e9sek: Az 1978-ban Tiszacs\u00e9cs\u00e9n elhelyezett szobor m\u00e1solata. A metr\u00f3 \u00e9p\u00edt\u00e9si ter\u00fclet\u00e9nek megsz\u00fcntet\u00e9s\u00e9ig ideiglenesen rakt\u00e1rban van.<\/p>\n<p class=\"szoborleiras\">Fel\u00e1ll\u00edt\u00e1s helye: XI., M\u00f3ricz Zsigmond k\u00f6rt\u00e9r &#8211; Bart\u00f3k B\u00e9la \u00fat 56.<br \/>\nAlkot\u00f3: Medgyessy Ferenc<br \/>\nC\u00edm: M\u00d3RICZ ZSIGMOND<br \/>\nJelleg: domborm\u0171ves eml\u00e9kt\u00e1bla<br \/>\nAnyag: ruskicai m\u00e1rv\u00e1ny<br \/>\nFel\u00e1ll\u00edt\u00e1s ideje: 1952<br \/>\n\u00c1ll\u00edttat\u00f3k: F\u0151v\u00e1rosi Tan\u00e1cs<br \/>\nMegjegyz\u00e9sek:<\/p>\n<p class=\"szoborleiras\">Fel\u00e1ll\u00edt\u00e1s helye: XI., a M\u0171egyetem parkja<br \/>\nAlkot\u00f3: Bory Jen\u0151<br \/>\nC\u00edm: A M\u0170EGYETEM H\u0150SI HALOTTAINAK EML\u00c9KE<br \/>\nJelleg: eml\u00e9km\u0171<br \/>\nAnyag: bronz<br \/>\nFel\u00e1ll\u00edt\u00e1s ideje: 1927<br \/>\n\u00c1ll\u00edttat\u00f3k: A Kir\u00e1lyi J\u00f3zsef M\u0171egyetem k\u00f6zadakoz\u00e1sb\u00f3l<br \/>\nMegjegyz\u00e9sek: \u00dajra\u00f6ntve \u00e9s \u00e1thelyezve a parkon bel\u00fcl.<\/p>\n<p class=\"szoborleiras\">Fel\u00e1ll\u00edt\u00e1s helye: XI., M\u0171egyetem rakpart<br \/>\nAlkot\u00f3: Cs\u00edkszentmih\u00e1lyi R\u00f3bert<br \/>\nC\u00edm: M\u0170EGYETEMI 56-OS EML\u00c9KM\u0170<br \/>\nJelleg: eml\u00e9km\u0171<br \/>\nAnyag: m\u00e9szk\u0151<br \/>\nFel\u00e1ll\u00edt\u00e1s ideje: 2006<br \/>\n\u00c1ll\u00edttat\u00f3k: Minisztereln\u00f6ki Hivatal<br \/>\nMegjegyz\u00e9sek:<\/p>\n<p class=\"szoborleiras\">Fel\u00e1ll\u00edt\u00e1s helye: XI., Nagyszalonta u. 50.<br \/>\nAlkot\u00f3: Janzer Frigyes<br \/>\nC\u00edm: P\u00c1SK\u00c1NDI G\u00c9ZA EML\u00c9KT\u00c1BL\u00c1JA<br \/>\nJelleg: domborm\u0171ves eml\u00e9kt\u00e1bla<br \/>\nAnyag: m\u00e9szk\u0151, bronz<br \/>\nFel\u00e1ll\u00edt\u00e1s ideje: 1997<br \/>\n\u00c1ll\u00edttat\u00f3k: XI. ker\u00fcleti \u00d6nkorm\u00e1nyzat<br \/>\nMegjegyz\u00e9sek:<\/p>\n<p class=\"szoborleiras\">Fel\u00e1ll\u00edt\u00e1s helye: XI., Nagyszeben t\u00e9r<br \/>\nAlkot\u00f3: Farkas Ad\u00e1m<br \/>\nC\u00edm: A F\u00d6LD EREJE<br \/>\nJelleg: d\u00edsz\u00edt\u0151szobor<br \/>\nAnyag: m\u00e9szk\u0151<br \/>\nFel\u00e1ll\u00edt\u00e1s ideje: 1990<br \/>\n\u00c1ll\u00edttat\u00f3k: F\u0151v\u00e1rosi Tan\u00e1cs<br \/>\nMegjegyz\u00e9sek:<\/p>\n<p class=\"szoborleiras\">Fel\u00e1ll\u00edt\u00e1s helye: XI., Okt\u00f3ber 23. u. 23-25.<br \/>\nAlkot\u00f3: Csontos L\u00e1szl\u00f3<br \/>\nC\u00edm: \u00dcL\u0150 L\u00c1NY<br \/>\nJelleg: d\u00edsz\u00edt\u0151szobor<br \/>\nAnyag: m\u00e9szk\u0151<br \/>\nFel\u00e1ll\u00edt\u00e1s ideje: 1960<br \/>\n\u00c1ll\u00edttat\u00f3k: F\u0151v\u00e1rosi Tan\u00e1cs<br \/>\nMegjegyz\u00e9sek:<\/p>\n<p class=\"szoborleiras\">Fel\u00e1ll\u00edt\u00e1s helye: XI., P\u00e1zm\u00e1ny P\u00e9ter s\u00e9t\u00e1ny<br \/>\nAlkot\u00f3: P\u00e9terfy L\u00e1szl\u00f3<br \/>\nC\u00edm: MEMENTO 1945-1956<br \/>\nJelleg: eml\u00e9km\u0171<br \/>\nAnyag: m\u00e9szk\u0151<br \/>\nFel\u00e1ll\u00edt\u00e1s ideje: 1998<br \/>\n\u00c1ll\u00edttat\u00f3k: 1945-56 k\u00f6z\u00f6tti Magyar Politikai El\u00edt\u00e9ltek K\u00f6z\u00f6ss\u00e9ge Memento Alap\u00edtv\u00e1nya<br \/>\nMegjegyz\u00e9sek:<\/p>\n<p class=\"szoborleiras\">Fel\u00e1ll\u00edt\u00e1s helye: XI., R\u00e9tk\u00f6z u.<br \/>\nAlkot\u00f3: Veres K\u00e1lm\u00e1n<br \/>\nC\u00edm: GAZDAGR\u00c9TI BACCHUS<br \/>\nJelleg: eml\u00e9km\u0171<br \/>\nAnyag: bronz<br \/>\nFel\u00e1ll\u00edt\u00e1s ideje: 1999<br \/>\n\u00c1ll\u00edttat\u00f3k: INFO Kft.<br \/>\nMegjegyz\u00e9sek:<\/p>\n<p class=\"szoborleiras\">Fel\u00e1ll\u00edt\u00e1s helye: XI., R\u00e9tk\u00f6z u.<br \/>\nAlkot\u00f3: Kecskem\u00e9ti S\u00e1ndor<br \/>\nC\u00edm: T\u00c9RFORMA<br \/>\nJelleg: d\u00edsz\u00edt\u0151szobor<br \/>\nAnyag: bazalt<br \/>\nFel\u00e1ll\u00edt\u00e1s ideje: 1988<br \/>\n\u00c1ll\u00edttat\u00f3k: F\u0151v\u00e1rosi Tan\u00e1cs<br \/>\nMegjegyz\u00e9sek:<\/p>\n<p class=\"szoborleiras\">Fel\u00e1ll\u00edt\u00e1s helye: XI., R\u00e9tk\u00f6z u. 29-31.<br \/>\nAlkot\u00f3: Bolba Henrik<br \/>\nC\u00edm: KOMPOZ\u00cdCI\u00d3<br \/>\nJelleg: d\u00edsz\u00edt\u0151szobor<br \/>\nAnyag: kr\u00f3mac\u00e9l<br \/>\nFel\u00e1ll\u00edt\u00e1s ideje: 1990<br \/>\n\u00c1ll\u00edttat\u00f3k: F\u0151v\u00e1rosi Tan\u00e1cs<br \/>\nMegjegyz\u00e9sek:<\/p>\n<p class=\"szoborleiras\">Fel\u00e1ll\u00edt\u00e1s helye: XI., Soproni \u00fat 50.<br \/>\nAlkot\u00f3: Hiesz G\u00e9za<br \/>\nC\u00edm: J\u00c1TSZ\u00d3 L\u00c1NYOK \u00c9S GYERMEK REP\u00dcL\u0150G\u00c9PPEL<br \/>\nJelleg: d\u00edsz\u00edt\u0151szobor<br \/>\nAnyag: m\u00e9szk\u0151<br \/>\nFel\u00e1ll\u00edt\u00e1s ideje: 1936<br \/>\n\u00c1ll\u00edttat\u00f3k: F\u0151v\u00e1ros<br \/>\nMegjegyz\u00e9sek:<\/p>\n<p class=\"szoborleiras\">Fel\u00e1ll\u00edt\u00e1s helye: XI., Szent Gell\u00e9rt t\u00e9r, a Sziklak\u00e1polna el\u0151tt<br \/>\nAlkot\u00f3: K\u0151 P\u00e1l<br \/>\nC\u00edm: SZENT ISTV\u00c1N<br \/>\nJelleg: eml\u00e9km\u0171<br \/>\nAnyag: m\u00e9szk\u0151<br \/>\nFel\u00e1ll\u00edt\u00e1s ideje: 2001<br \/>\n\u00c1ll\u00edttat\u00f3k: Magyar Millennium Korm\u00e1nybiztosi Hivatala; F\u0151v\u00e1rosi \u00d6nkorm\u00e1nyzat<br \/>\nMegjegyz\u00e9sek:<\/p>\n<p class=\"szoborleiras\">Fel\u00e1ll\u00edt\u00e1s helye: XI., Szombathelyi t\u00e9r \u2013 Pusk\u00e1s Tivadar utca<br \/>\nAlkot\u00f3: Szathm\u00e1ry Gy\u00f6ngyi<br \/>\nC\u00edm: PUSK\u00c1S TIVADAR (1844-1893)<br \/>\nJelleg: mellszobor<br \/>\nAnyag: m\u00e9szk\u0151<br \/>\nA fel\u00e1ll\u00edt\u00e1s ideje: 2009<br \/>\n\u00c1ll\u00edttat\u00f3: Pusk\u00e1s Tivadar K\u00f6zalap\u00edtv\u00e1ny<br \/>\nFelirat:<\/p>\n<p class=\"szoborleiras\">Fel\u00e1ll\u00edt\u00e1s helye: XI., T\u00e9t\u00e9nyi \u00fat 36. el\u0151tt<br \/>\nAlkot\u00f3: Dab\u00f3czi Mih\u00e1ly<br \/>\nC\u00edm: TAVASZ IV.<br \/>\nJelleg: d\u00edsz\u00edt\u0151szobor<br \/>\nAnyag: bronz<br \/>\nA fel\u00e1ll\u00edt\u00e1s ideje: 2011<br \/>\n\u00c1ll\u00edttat\u00f3: Budapest XI. ker\u00fclet \u00dajbuda \u00d6nkorm\u00e1nyzata<br \/>\nMegjegyz\u00e9s: a jogut\u00f3d felaj\u00e1nl\u00e1s\u00e1t elfogadva, az 1968-ban k\u00e9sz\u00fclt, 200 cm magas gipsz n\u0151i aktot az \u00e1ll\u00edttat\u00f3 bronzba \u00f6ntette \u00e9s elhelyezte.<\/p>\n<p class=\"szoborleiras\">Fel\u00e1ll\u00edt\u00e1s helye: XI., T\u00e9t\u00e9nyi \u00fat &#8211; B\u00e1rtfai u.<br \/>\nAlkot\u00f3: P\u00e1zm\u00e1ndy Antal<br \/>\nC\u00edm: D\u00cdSZ\u00cdT\u0150 SZOBOR<br \/>\nJelleg: d\u00edsz\u00edt\u0151szobor<br \/>\nAnyag: ker\u00e1mia<br \/>\nFel\u00e1ll\u00edt\u00e1s ideje: 1980<br \/>\n\u00c1ll\u00edttat\u00f3k: F\u0151v\u00e1rosi Tan\u00e1cs<br \/>\nMegjegyz\u00e9sek:<\/p>\n<p class=\"szoborleiras\">Fel\u00e1ll\u00edt\u00e1s helye: XI. Torb\u00e1gy utcai park (Gazdagr\u00e9t,)<br \/>\nAlkot\u00f3: Krajcsovics K\u00e1roly<br \/>\nC\u00edm: ELEF\u00c1NTOS K\u00daT<br \/>\nJelleg: d\u00edsz- \u00e9s iv\u00f3k\u00fat<br \/>\nAnyag: fagy\u00e1ll\u00f3 ker\u00e1mia, bronzlemez<br \/>\nA fel\u00e1ll\u00edt\u00e1s ideje: 2008<br \/>\n\u00c1ll\u00edttat\u00f3: \u00dajbuda \u00d6nkorm\u00e1nyzata<\/p>\n<p class=\"szoborleiras\">Fel\u00e1ll\u00edt\u00e1s helye: XI., T\u00f6r\u00f6kb\u00e1linti \u00fat 77. el\u0151tt<br \/>\nAlkot\u00f3: Ismeretlen<br \/>\nC\u00edm: SZENTH\u00c1ROMS\u00c1G-OSZLOP<br \/>\nJelleg: kegyoszlop<br \/>\nAnyag: m\u00e9szk\u0151<br \/>\nFel\u00e1ll\u00edt\u00e1s ideje: 1761<br \/>\n\u00c1ll\u00edttat\u00f3k: Sasad n\u00e9met nemzetis\u00e9g\u0171 polg\u00e1rai<br \/>\nMegjegyz\u00e9sek:<\/p>\n<p class=\"szoborleiras\">Fel\u00e1ll\u00edt\u00e1s helye: XI., T\u00f6r\u00f6kugrat\u0151 u. 9.<br \/>\nAlkot\u00f3: Bolba Henrik<br \/>\nC\u00edm: ANYA GYERMEK\u00c9VEL<br \/>\nJelleg: d\u00edsz\u00edt\u0151szobor<br \/>\nAnyag: v\u00f6r\u00f6sr\u00e9z lemez<br \/>\nFel\u00e1ll\u00edt\u00e1s ideje: 1988<br \/>\n\u00c1ll\u00edttat\u00f3k: F\u0151v\u00e1rosi Tan\u00e1cs<br \/>\nMegjegyz\u00e9sek:<\/p>\n<p class=\"szoborleiras\">Fel\u00e1ll\u00edt\u00e1s helye: XI., Tud\u00f3sok s\u00e9t\u00e1nya<br \/>\nAlkot\u00f3: Ker\u00e9nyi Jen\u0151<br \/>\nC\u00edm: ANYA GYERMEKKEL<br \/>\nJelleg: d\u00edsz\u00edt\u0151szobor<br \/>\nAnyag: bronz<br \/>\nFel\u00e1ll\u00edt\u00e1s ideje: 1980<br \/>\n\u00c1ll\u00edttat\u00f3k: F\u0151v\u00e1rosi Tan\u00e1cs<br \/>\nMegjegyz\u00e9sek:<\/p>\n<p class=\"szoborleiras\">Fel\u00e1ll\u00edt\u00e1s helye: XI., Vahot u. l.<br \/>\nAlkot\u00f3: Werner Tibor<br \/>\nC\u00edm: KOMPOZ\u00cdCI\u00d3<br \/>\nJelleg: d\u00edsz\u00edt\u0151szobor<br \/>\nAnyag: gr\u00e1nit, m\u00e1rv\u00e1ny<br \/>\nFel\u00e1ll\u00edt\u00e1s ideje: 1996<br \/>\n\u00c1ll\u00edttat\u00f3k: ismeretlen mag\u00e1nszem\u00e9ly<br \/>\nMegjegyz\u00e9sek:<\/p>\n<p class=\"szoborleiras\">Fel\u00e1ll\u00edt\u00e1s helye: XI., V\u00e1li u. 10-12.<br \/>\nAlkot\u00f3: K\u00e1rp\u00e1ti Anna<br \/>\nC\u00edm: N\u00c9GER FI\u00da<br \/>\nJelleg: d\u00edsz\u00edt\u0151szobor<br \/>\nAnyag: bronz<br \/>\nFel\u00e1ll\u00edt\u00e1s ideje: 1967<br \/>\n\u00c1ll\u00edttat\u00f3k: Bel\u00fcgyminiszt\u00e9rium<br \/>\nMegjegyz\u00e9sek:<\/p>\n<p class=\"szoborleiras\">Fel\u00e1ll\u00edt\u00e1s helye: XI., Vill\u00e1nyi \u00fat &#8211; Fadrusz u.<br \/>\nAlkot\u00f3: Ill\u00e9s Gyula<br \/>\nC\u00edm: ANTIFASISZTA EGYETEMIST\u00c1K EML\u00c9KM\u0170VE<br \/>\nJelleg: eml\u00e9km\u0171<br \/>\nAnyag: m\u00e9szk\u0151<br \/>\nFel\u00e1ll\u00edt\u00e1s ideje: 1982<br \/>\n\u00c1ll\u00edttat\u00f3k: A budapesti egyetemek; F\u0151v\u00e1rosi Tan\u00e1cs<br \/>\nMegjegyz\u00e9sek:<\/p>\n<p class=\"szoborleiras\">Fel\u00e1ll\u00edt\u00e1s helye: XI., Vill\u00e1nyi \u00fat 25.<br \/>\nAlkot\u00f3: Grantner Jen\u0151<br \/>\nC\u00edm: KLEBELSBERG KUN\u00d3<br \/>\nJelleg: eml\u00e9km\u0171<br \/>\nAnyag: m\u00e9szk\u0151<br \/>\nFel\u00e1ll\u00edt\u00e1s ideje: 1937\/2001<br \/>\n\u00c1ll\u00edttat\u00f3k: Szoborbizotts\u00e1g k\u00f6zadakoz\u00e1sb\u00f3l<br \/>\nEredeti helye: IV., Esk\u00fc t\u00e9r (ma V., M\u00e1rcius 15-e t\u00e9r)<br \/>\nMegjegyz\u00e9sek: 1944-45-ben megs\u00e9r\u00fclt, lebontott\u00e1k<br \/>\n1960-ban a k\u00e9t mell\u00e9kalakot Tudom\u00e1ny \u00e9s M\u0171v\u00e9szet c\u00edmen a II. ker\u00fcletben, Ady-ligeten helyezt\u00e9k el<br \/>\n2001-ben a f\u0151alakot T\u00f3th K\u00e1lm\u00e1n \u00fajrafaragta, \u00e9s az eml\u00e9km\u0171vet eredeti form\u00e1j\u00e1ban a XI. ker\u00fcletben, a Szent Imre templom \u00e9s gimn\u00e1zium k\u00f6z\u00f6tti ter\u00fcleten fel\u00e1ll\u00edttatta a Magyar Millennium Korm\u00e1nybiztosi Hivatala<\/p>\n<p class=\"szoborleiras\">Fel\u00e1ll\u00edt\u00e1s helye: XI., Vill\u00e1nyi \u00fat 38.<br \/>\nAlkot\u00f3: Czinder Antal<br \/>\nC\u00edm: KOFF\u00c1N K\u00c1ROLY<br \/>\nJelleg: domborm\u0171ves eml\u00e9kt\u00e1bla<br \/>\nAnyag: m\u00e1rv\u00e1ny, bronz<br \/>\nFel\u00e1ll\u00edt\u00e1s ideje: 1998<br \/>\n\u00c1ll\u00edttat\u00f3k: XI. ker \u00d6nkorm\u00e1nyzat<br \/>\nMegjegyz\u00e9sek:<\/p>\n<p class=\"szoborleiras\">Fel\u00e1ll\u00edt\u00e1s helye: XI., Vincell\u00e9r u. 46.<br \/>\nAlkot\u00f3: Czinder Antal<br \/>\nC\u00edm: POG\u00c1NY FRIGYES<br \/>\nJelleg: domborm\u0171ves eml\u00e9kt\u00e1bla<br \/>\nAnyag: m\u00e1rv\u00e1ny, bronz<br \/>\nFel\u00e1ll\u00edt\u00e1s ideje: 1998<br \/>\n\u00c1ll\u00edttat\u00f3k: XI. ker \u00d6nkorm\u00e1nyzat<br \/>\nMegjegyz\u00e9sek:<\/p>\n<p class=\"szoborleiras\">Fel\u00e1ll\u00edt\u00e1s helye: XI., Z\u00f3lyomi \u00fat 44\/b. el\u0151tt<br \/>\nAlkot\u00f3: Mecseki Hargita<br \/>\nC\u00edm: GECSER LUJZA<br \/>\nJelleg: domborm\u0171ves eml\u00e9kt\u00e1bla<br \/>\nAnyag: bronz<br \/>\nA fel\u00e1ll\u00edt\u00e1s ideje: 2012<br \/>\n\u00c1ll\u00edttat\u00f3: \u00dajbuda \u00d6nkorm\u00e1nyzata<br \/>\nFelirat: GECSER LUJZA\/1943-1988\/A HUSZADIK SZ\u00c1ZADI\/MAGYAR TEXTILM\u0170V\u00c9SZET\/KIEMELKED\u0150 ALKOT\u00d3JA, MEG\u00daJ\u00cdT\u00d3JA\/\u00c1LL\u00cdTTATTA \u00daJBUDA \u00d6NKORM\u00c1NYZATA\/2012-BEN<\/p>\n<p>[\/vc_column_text][vc_empty_space height=&#8221;45px&#8221;][\/vc_column][\/vc_row]<\/p>\n<\/div>","protected":false},"excerpt":{"rendered":"<p>[vc_row template=&#8221;ism_template_1&#8243; ism_overlock=&#8221;default&#8221; sm_d_text=&#8221; This content is locked Share This Page To Unlock The Content!&#8221;&#8230;<\/p>\n","protected":false},"author":1,"featured_media":0,"parent":10255,"menu_order":13,"comment_status":"closed","ping_status":"closed","template":"","meta":{"inline_featured_image":false,"loftloader_pro_show_once":"","loftloader_pro_page_shortcode":"","footnotes":""},"class_list":["post-10393","page","type-page","status-publish","hentry"],"_links":{"self":[{"href":"https:\/\/budapestgaleria.hu\/_\/wp-json\/wp\/v2\/pages\/10393","targetHints":{"allow":["GET"]}}],"collection":[{"href":"https:\/\/budapestgaleria.hu\/_\/wp-json\/wp\/v2\/pages"}],"about":[{"href":"https:\/\/budapestgaleria.hu\/_\/wp-json\/wp\/v2\/types\/page"}],"author":[{"embeddable":true,"href":"https:\/\/budapestgaleria.hu\/_\/wp-json\/wp\/v2\/users\/1"}],"replies":[{"embeddable":true,"href":"https:\/\/budapestgaleria.hu\/_\/wp-json\/wp\/v2\/comments?post=10393"}],"version-history":[{"count":0,"href":"https:\/\/budapestgaleria.hu\/_\/wp-json\/wp\/v2\/pages\/10393\/revisions"}],"up":[{"embeddable":true,"href":"https:\/\/budapestgaleria.hu\/_\/wp-json\/wp\/v2\/pages\/10255"}],"wp:attachment":[{"href":"https:\/\/budapestgaleria.hu\/_\/wp-json\/wp\/v2\/media?parent=10393"}],"curies":[{"name":"wp","href":"https:\/\/api.w.org\/{rel}","templated":true}]}}