{"id":10421,"date":"2015-04-07T17:25:27","date_gmt":"2015-04-07T17:25:27","guid":{"rendered":"http:\/\/budapestgaleria.hu\/_\/?page_id=10421"},"modified":"2017-02-23T06:56:07","modified_gmt":"2017-02-23T06:56:07","slug":"18-kerulet","status":"publish","type":"page","link":"https:\/\/budapestgaleria.hu\/_\/kozteri-muveszeti-osztaly\/muvek-budapesten\/18-kerulet\/","title":{"rendered":"XVIII. ker\u00fclet"},"content":{"rendered":"<div class=\"wpb-content-wrapper\"><p>[vc_row row_type=&#8221;row&#8221; use_row_as_full_screen_section=&#8221;no&#8221; type=&#8221;full_width&#8221; text_align=&#8221;left&#8221; background_image_as_pattern=&#8221;without_pattern&#8221; template=&#8221;ism_template_1&#8243; list_align=&#8221;horizontal&#8221; display_counts=&#8221;true&#8221; display_full_name=&#8221;true&#8221; locker_template=&#8221;2&#8243; enable_timeout_lk=&#8221;0&#8243; sm_timeout_locker=&#8221;30&#8243; not_registered_u=&#8221;0&#8243; reset_locker=&#8221;0&#8243; locker_reset_after=&#8221;30&#8243; locker_reset_type=&#8221;days&#8221; ism_overlock=&#8221;default&#8221; sm_lock_padding=&#8221;50&#8243; sm_d_text=&#8221;<\/p>\n<h2>This content is locked<\/h2>\n<p>Share This Page To Unlock The Content!&#8221;][vc_column width=&#8221;1\/1&#8243;][vc_empty_space height=&#8221;15px&#8221;][vc_column_text][shortmenu menu=&#8221;Ker\u00fcletek&#8221; display=&#8221;inline&#8221; enhance=&#8221;true&#8221; menu_color=&#8221;#efefef&#8221; menu_anchor_color=&#8221;#4e4e4e&#8221; menu_anchor_hover_color=&#8221;#dd5656&#8243; submenu_transparency=&#8221;0.8&#8243; arrow=&#8221;true&#8221; is_responsive=&#8221;false&#8221; ][\/vc_column_text][vc_empty_space height=&#8221;32px&#8221;][vc_column_text]<strong>XVIII. ker\u00fclet<\/strong>[\/vc_column_text][vc_empty_space height=&#8221;32px&#8221;][vc_column_text][put_wpgm id=28][\/vc_column_text][vc_empty_space height=&#8221;32px&#8221;][\/vc_column][\/vc_row][vc_row bgparallax=&#8221;parallax&#8221; contentwidth=&#8221;fullwidth&#8221; toppadding=&#8221;50&#8243; bottompadding=&#8221;60&#8243; row_type=&#8221;row&#8221; use_row_as_full_screen_section=&#8221;no&#8221; type=&#8221;full_width&#8221; text_align=&#8221;left&#8221; background_image_as_pattern=&#8221;without_pattern&#8221; template=&#8221;ism_template_1&#8243; list_align=&#8221;horizontal&#8221; display_counts=&#8221;true&#8221; display_full_name=&#8221;true&#8221; locker_template=&#8221;2&#8243; enable_timeout_lk=&#8221;0&#8243; sm_timeout_locker=&#8221;30&#8243; not_registered_u=&#8221;0&#8243; reset_locker=&#8221;0&#8243; locker_reset_after=&#8221;30&#8243; locker_reset_type=&#8221;days&#8221; ism_overlock=&#8221;default&#8221; sm_lock_padding=&#8221;50&#8243; sm_d_text=&#8221;<\/p>\n<h2>This content is locked<\/h2>\n<p>Share This Page To Unlock The Content!&#8221;][vc_column width=&#8221;1\/1&#8243; el_class=&#8221;full-1024-1&#8243;][vc_empty_space height=&#8221;32px&#8221;][vc_column_text]<\/p>\n<p class=\"szoborleiras\">Fel\u00e1ll\u00edt\u00e1s helye: XVIII., Dolgoz\u00f3 u. 12-14.<br \/>\nAlkot\u00f3: Ifj. Szab\u00f3 Istv\u00e1n<br \/>\nC\u00edm: ANYA GYERMEK\u00c9VEL<br \/>\nJelleg: d\u00edsz\u00edt\u0151szobor<br \/>\nAnyag: m\u00e9szk\u0151<br \/>\nFel\u00e1ll\u00edt\u00e1s ideje: 1968<br \/>\n\u00c1ll\u00edttat\u00f3k: F\u0151v\u00e1rosi Tan\u00e1cs<br \/>\nMegjegyz\u00e9sek:<\/p>\n<p class=\"szoborleiras\">Fel\u00e1ll\u00edt\u00e1s helye: XVIII., Egressy G\u00e1bor u. 30-32.<br \/>\nAlkot\u00f3: Ungv\u00e1ri Lajos<br \/>\nC\u00edm: \u00dcL\u0150 N\u0150<br \/>\nJelleg: d\u00edsz\u00edt\u0151szobor<br \/>\nAnyag: m\u00e9szk\u0151<br \/>\nFel\u00e1ll\u00edt\u00e1s ideje: 1968<br \/>\n\u00c1ll\u00edttat\u00f3k: F\u0151v\u00e1rosi Tan\u00e1cs<br \/>\nMegjegyz\u00e9sek:<\/p>\n<p class=\"szoborleiras\">Fel\u00e1ll\u00edt\u00e1s helye: XVIII., E\u00f6tv\u00f6s park<br \/>\nAlkot\u00f3: Borics P\u00e1l<br \/>\nC\u00edm: E\u00d6TV\u00d6S LOR\u00c1ND<br \/>\nJelleg: mellszobor<br \/>\nAnyag: m\u00e9szk\u0151<br \/>\nFel\u00e1ll\u00edt\u00e1s ideje: 1970<br \/>\n\u00c1ll\u00edttat\u00f3k: F\u0151v\u00e1rosi Tan\u00e1cs<br \/>\nMegjegyz\u00e9sek:<\/p>\n<p class=\"szoborleiras\">Fel\u00e1ll\u00edt\u00e1s helye: XVIII., Hargita t\u00e9r<br \/>\nAlkot\u00f3: Fadrusz J\u00e1nos<br \/>\nC\u00edm: FESZ\u00dcLET<br \/>\nJelleg: fesz\u00fclet<br \/>\nAnyag: bronz, m\u0171k\u0151<br \/>\nFel\u00e1ll\u00edt\u00e1s ideje: 1935<br \/>\n\u00c1ll\u00edttat\u00f3k:<br \/>\nMegjegyz\u00e9sek: Az 1891-ben k\u00e9sz\u00fclt, jelenleg a szegedi Fogadalmi templomban elhelyezett fesz\u00fclet korpusz\u00e1nak m\u00e1solata. 2002-ben a F\u0151v\u00e1rosi \u00d6nkorm\u00e1nyzat restaur\u00e1ltatta (restaur\u00e1tor Tak\u00e1cs Vikt\u00f3ria)<\/p>\n<p class=\"szoborleiras\">Fel\u00e1ll\u00edt\u00e1s helye: XVIII., Hargita t\u00e9r<br \/>\nAlkot\u00f3: F. Kov\u00e1cs Attila<br \/>\nC\u00edm: 56-OS EML\u00c9KM\u0170<br \/>\nJelleg: eml\u00e9km\u0171<br \/>\nAnyag: gr\u00e1nit nagykocka<br \/>\nA fel\u00e1ll\u00edt\u00e1s ideje: 2012<br \/>\n\u00c1ll\u00edttat\u00f3: Pestszentl\u0151rinc-Pestszentimre \u00d6nkorm\u00e1nyzata<br \/>\nFelirat: 1956<\/p>\n<p class=\"szoborleiras\">Fel\u00e1ll\u00edt\u00e1s helye: XVIII., H\u0151s\u00f6k tere<br \/>\nAlkot\u00f3: Martsa Istv\u00e1n<br \/>\nC\u00edm: A M\u00c1SODIK VIL\u00c1GH\u00c1BOR\u00da PESTSZENTIMREI \u00c1LDOZATAINAK EML\u00c9KM\u0170VE<br \/>\nJelleg: eml\u00e9km\u0171<br \/>\nAnyag: m\u00e9szk\u0151<br \/>\nFel\u00e1ll\u00edt\u00e1s ideje: 1976\/1994<br \/>\n\u00c1ll\u00edttat\u00f3k: XVIII. ker Tan\u00e1cs<br \/>\nMegjegyz\u00e9sek: Eredetileg felszabadul\u00e1si eml\u00e9km\u0171. \u00c1tl\u00e9nyeg\u00edtve.<\/p>\n<p class=\"szoborleiras\">Fel\u00e1ll\u00edt\u00e1s helye: XVIII., Jegenye fasor 43.<br \/>\nAlkot\u00f3: T\u00f6r\u00f6k Ibolya<br \/>\nC\u00edm: PESTSZENTL\u0150RINC ELS\u0150 VAS\u00daT\u00c1LLOM\u00c1SA<br \/>\nJelleg: domborm\u0171ves eml\u00e9kt\u00e1bla<br \/>\nAnyag: bronz<br \/>\nFel\u00e1ll\u00edt\u00e1s ideje: 1997<br \/>\n\u00c1ll\u00edttat\u00f3k: XVIII. ker\u00fcleti \u00d6nkorm\u00e1nyzat<br \/>\nMegjegyz\u00e9sek:<\/p>\n<p class=\"szoborleiras\">Fel\u00e1ll\u00edt\u00e1s helye: XVIII., Kis Ern\u0151 u. 2.<br \/>\nAlkot\u00f3: Yengibarjan Mamikon<br \/>\nC\u00edm: KIS ERN\u0150<br \/>\nJelleg: domborm\u0171ves eml\u00e9kt\u00e1bla<br \/>\nAnyag: m\u00e1rv\u00e1ny, bronz<br \/>\nFel\u00e1ll\u00edt\u00e1s ideje: 1999<br \/>\n\u00c1ll\u00edttat\u00f3k: XVIII. ker. \u00d6rm\u00e9ny Kisebbs\u00e9gi \u00d6nkorm\u00e1nyzat<br \/>\nMegjegyz\u00e9sek:<\/p>\n<p class=\"szoborleiras\">Fel\u00e1ll\u00edt\u00e1s helye: XVIII., Kondor B\u00e9la s\u00e9t\u00e1ny 8.<br \/>\nAlkot\u00f3: Varga Imre<br \/>\nC\u00edm: KONDOR B\u00c9LA<br \/>\nJelleg: domborm\u0171ves eml\u00e9kt\u00e1bla<br \/>\nAnyag: bronz, kr\u00f3mac\u00e9l<br \/>\nFel\u00e1ll\u00edt\u00e1s ideje: 1983<br \/>\n\u00c1ll\u00edttat\u00f3k: F\u0151v\u00e1rosi Tan\u00e1cs<br \/>\nMegjegyz\u00e9sek:<\/p>\n<p class=\"szoborleiras\">Fel\u00e1ll\u00edt\u00e1s helye: XVIII., Kondor B\u00e9la s\u00e9t\u00e1ny 8.<br \/>\nAlkot\u00f3: Buza Barna<br \/>\nC\u00edm: L\u00c1NY MANDOLINNAL<br \/>\nJelleg: d\u00edsz\u00edt\u0151szobor<br \/>\nAnyag: bronz<br \/>\nFel\u00e1ll\u00edt\u00e1s ideje: 1982<br \/>\n\u00c1ll\u00edttat\u00f3k: F\u0151v\u00e1rosi Tan\u00e1cs<br \/>\nMegjegyz\u00e9sek:<\/p>\n<p class=\"szoborleiras\">Fel\u00e1ll\u00edt\u00e1s helye: XVIII. Kondor B\u00e9la s\u00e9t\u00e1ny 10.<br \/>\nAlkot\u00f3: Kocsis El\u0151d<br \/>\nC\u00edm: CSONTV\u00c1RI-KOSZTKA TIVADAR<br \/>\nJelleg: domborm\u0171ves eml\u00e9kt\u00e1bla<br \/>\nAnyag: bronz<br \/>\nFel\u00e1ll\u00edt\u00e1s ideje: 2003<br \/>\n\u00c1ll\u00edttat\u00f3k: XVIII. ker. \u00d6nkorm\u00e1nyzat<br \/>\nMegjegyz\u00e9s:<\/p>\n<p class=\"szoborleiras\">Fel\u00e1ll\u00edt\u00e1s helye: XVIII., Kondor B\u00e9la s\u00e9t\u00e1ny<br \/>\nAlkot\u00f3: Janzer Frigyes<br \/>\nC\u00edm: SOMOGYI L\u00c1SZL\u00d3<br \/>\nJelleg: mellszobor<br \/>\nAnyag: bronz<br \/>\nFel\u00e1ll\u00edt\u00e1s ideje: 1998<br \/>\n\u00c1ll\u00edttat\u00f3k: XVIII. ker \u00d6nkorm\u00e1nyzat<br \/>\nMegjegyz\u00e9sek:<\/p>\n<p class=\"szoborleiras\">Fel\u00e1ll\u00edt\u00e1s helye: XVIII., Kossuth Lajos t\u00e9r<br \/>\nAlkot\u00f3: Visnyovszky Lajos<br \/>\nC\u00edm: H\u0150SI EML\u00c9K<br \/>\nJelleg: eml\u00e9km\u0171<br \/>\nAnyag: bronz, m\u00e9szk\u0151<br \/>\nFel\u00e1ll\u00edt\u00e1s ideje: 1936<br \/>\n\u00c1ll\u00edttat\u00f3k:<br \/>\nMegjegyz\u00e9sek:<\/p>\n<p class=\"szoborleiras\">Fel\u00e1ll\u00edt\u00e1s helye: XVIII., Kossuth Lajos t\u00e9r<br \/>\nAlkot\u00f3: Zsin Judit<br \/>\nC\u00edm: KONDOR B\u00c9LA<br \/>\nJelleg: mellszobor<br \/>\nAnyag: bronz<br \/>\nFel\u00e1ll\u00edt\u00e1s ideje: 1999<br \/>\n\u00c1ll\u00edttat\u00f3k: XVIII. ker. \u00d6nkorm\u00e1nyzat<br \/>\nMegjegyz\u00e9sek:<\/p>\n<p class=\"szoborleiras\">Fel\u00e1ll\u00edt\u00e1s helye: XVIII., Kossuth Lajos t\u00e9r<br \/>\nAlkot\u00f3: Buza Barna<br \/>\nC\u00edm: L\u00c1NY GALAMBOKKAL (PAX EML\u00c9KM\u0170)<br \/>\nJelleg: eml\u00e9km\u0171<br \/>\nAnyag: pyrogr\u00e1nit<br \/>\nFel\u00e1ll\u00edt\u00e1s ideje: 1970<br \/>\n\u00c1ll\u00edttat\u00f3k: XVIII. ker Tan\u00e1cs<br \/>\nMegjegyz\u00e9sek: Az eredetileg felszabadul\u00e1si eml\u00e9km\u0171nek \u00e9p\u00fclt alkot\u00e1sr\u00f3l a feliratot \u00e9s a szimb\u00f3lumokat elt\u00e1vol\u00edtott\u00e1k. Ezut\u00e1n ker\u00fclt a talapzatra a PAX felirat.<\/p>\n<p class=\"szoborleiras\">Fel\u00e1ll\u00edt\u00e1s helye: XVIII., Kossuth Lajos t\u00e9r<br \/>\nAlkot\u00f3: Pauer Gyula<br \/>\nC\u00edm: 1848-AS EML\u00c9KM\u0170 (KOSSUTH-PET\u0150FI)<br \/>\nJelleg: eml\u00e9km\u0171<br \/>\nAnyag: gr\u00e1nit, bronz<br \/>\nFel\u00e1ll\u00edt\u00e1s ideje: 1998<br \/>\n\u00c1ll\u00edttat\u00f3k: XVIII. ker. \u00d6nkorm\u00e1nyzat<br \/>\nMegjegyz\u00e9sek:<\/p>\n<p class=\"szoborleiras\">Fel\u00e1ll\u00edt\u00e1s helye: XVIII., Kossuth Lajos t\u00e9r<br \/>\nAlkot\u00f3: K\u0151 P\u00e1l<br \/>\nC\u00edm: SZ\u00c9CSI MARGIT<br \/>\nJelleg: mellszobor<br \/>\nAnyag: bronz<br \/>\nFel\u00e1ll\u00edt\u00e1s ideje: 2003<br \/>\n\u00c1ll\u00edttat\u00f3k: XVIII. ker\u00fcleti \u00d6nkorm\u00e1nyzat<br \/>\nMegjegyz\u00e9sek:<\/p>\n<p class=\"szoborleiras\">Fel\u00e1ll\u00edt\u00e1s helye: XVIII. Lakatos u. 7.<br \/>\nAlkot\u00f3: Kov\u00e1cs Ferenc<br \/>\nC\u00edm: D\u00cdSZK\u00daT<br \/>\nJellege: d\u00edszk\u00fat<br \/>\nAnyag: m\u00e9szk\u0151<br \/>\nFel\u00e1ll\u00edt\u00e1s ideje: 1976<br \/>\n\u00c1ll\u00edttat\u00f3k: F\u0151v\u00e1rosi Tan\u00e1cs<br \/>\nMegjegyz\u00e9s:<\/p>\n<p class=\"szoborleiras\">Fel\u00e1ll\u00edt\u00e1s helye: XVIII., Lakatos \u00fat 30.<br \/>\nAlkot\u00f3: N\u00e9meth Mih\u00e1ly<br \/>\nC\u00edm: OLVAS\u00d3 N\u0150<br \/>\nJelleg: d\u00edsz\u00edt\u0151szobor<br \/>\nAnyag: m\u00e9szk\u0151<br \/>\nFel\u00e1ll\u00edt\u00e1s ideje: 1968<br \/>\n\u00c1ll\u00edttat\u00f3k: F\u0151v\u00e1rosi Tan\u00e1cs<br \/>\nMegjegyz\u00e9sek:<\/p>\n<p class=\"szoborleiras\">Fel\u00e1ll\u00edt\u00e1s helye: XVIII., Lakatos \u00fati Itp. \u00c9p\u00edt\u0151 u. 4<br \/>\nAlkot\u00f3: Borics P\u00e1l<br \/>\nC\u00edm: PINGVINEK<br \/>\nJelleg: d\u00edsz\u00edt\u0151szobor<br \/>\nAnyag: m\u00e9szk\u0151<br \/>\nFel\u00e1ll\u00edt\u00e1s ideje: 1961<br \/>\n\u00c1ll\u00edttat\u00f3k: F\u0151v\u00e1rosi Tan\u00e1cs<br \/>\nMegjegyz\u00e9sek:<\/p>\n<p class=\"szoborleiras\">Fel\u00e1ll\u00edt\u00e1s helye: XVIII. R\u00e1k\u00f3czi u. 81.<br \/>\nAlkot\u00f3: Sajg\u00f3 Attila<br \/>\nC\u00edm: SZ\u00c9KY ENDRE<br \/>\nJelleg: mellszobor<br \/>\nAnyag: bronz<br \/>\nFel\u00e1ll\u00edt\u00e1s ideje: 2001<br \/>\n\u00c1ll\u00edttat\u00f3k: XVIII. ker. \u00d6nkorm\u00e1nyzat<br \/>\nMegjegyz\u00e9s:<\/p>\n<p class=\"szoborleiras\">Fel\u00e1ll\u00edt\u00e1s helye: XVIII., Sina Simon s\u00e9t\u00e1ny 2.<br \/>\nAlkot\u00f3: T\u00f6r\u00f6k Ibolya<br \/>\nC\u00edm: A SINA CSAL\u00c1D EML\u00c9KT\u00c1BL\u00c1JA<br \/>\nJelleg: domborm\u0171ves eml\u00e9kt\u00e1bla<br \/>\nAnyag: m\u00e1rv\u00e1ny, bronz<br \/>\nFel\u00e1ll\u00edt\u00e1s ideje: 2001<br \/>\n\u00c1ll\u00edttat\u00f3k: XVIII. ker. G\u00f6r\u00f6g Kisebbs\u00e9gi \u00d6nkorm\u00e1nyzat<br \/>\nMegjegyz\u00e9sek:<\/p>\n<p class=\"szoborleiras\">Fel\u00e1ll\u00edt\u00e1s helye: XVIII., Szerv\u00e9t Mih\u00e1ly t\u00e9r<br \/>\nAlkot\u00f3: Yengibarjan Mamikon<br \/>\nC\u00edm: NEMZETIS\u00c9GI EML\u00c9KHELY<br \/>\nJelleg: eml\u00e9km\u0171<br \/>\nAnyag: m\u00e9szk\u0151, bronz<br \/>\nFel\u00e1ll\u00edt\u00e1s ideje: 2003<br \/>\n\u00c1ll\u00edttat\u00f3k: XVIII. ker\u00fcleti \u00d6nkorm\u00e1nyzat<br \/>\nMegjegyz\u00e9sek:<\/p>\n<p class=\"szoborleiras\">Fel\u00e1ll\u00edt\u00e1s helye: XVIII., Th\u00f6k\u00f6ly \u00fat, Mikl\u00f3stelep<br \/>\nAlkot\u00f3: Frech Ott\u00f3<br \/>\nC\u00edm: H\u00c9T VEZ\u00c9R<br \/>\nJelleg: eml\u00e9km\u0171<br \/>\nAnyag: fa<br \/>\nFel\u00e1ll\u00edt\u00e1s ideje: 1999<br \/>\n\u00c1ll\u00edttat\u00f3k: XVIII. ker \u00d6nkorm\u00e1nyzat<br \/>\nMegjegyz\u00e9sek:<\/p>\n<p class=\"szoborleiras\">Fel\u00e1ll\u00edt\u00e1s helye: XVIII., Uzsok t\u00e9r<br \/>\nAlkot\u00f3: T\u00f6r\u00f6k Ibolya<br \/>\nC\u00edm: \u00d6RM\u00c9NY &#8211; MAGYAR KATONAI EML\u00c9KM\u0170<br \/>\nJelleg: eml\u00e9km\u0171<br \/>\nAnyag: v\u00f6r\u00f6s tufa, gr\u00e1nit<br \/>\nFel\u00e1ll\u00edt\u00e1s ideje: 2002<br \/>\n\u00c1ll\u00edttat\u00f3k: XVIII. ker\u00fcleti \u00d6rm\u00e9ny Kisebbs\u00e9gi \u00d6nkorm\u00e1nyzat<br \/>\nMegjegyz\u00e9sek:<\/p>\n<p class=\"szoborleiras\">Fel\u00e1ll\u00edt\u00e1s helye: XVIII., V\u00e1rosh\u00e1z u. 40., B\u00f3kay kert<br \/>\nAlkot\u00f3: Kocsis El\u0151d<br \/>\nC\u00edm: B\u00d3KAY \u00c1RP\u00c1D<br \/>\nJelleg: mellszobor<br \/>\nAnyag: bronz<br \/>\nFel\u00e1ll\u00edt\u00e1s ideje: 1997<br \/>\n\u00c1ll\u00edttat\u00f3k: XVIII. ker. \u00d6nkorm\u00e1nyzat<br \/>\nMegjegyz\u00e9sek:<\/p>\n<p class=\"szoborleiras\">Fel\u00e1ll\u00edt\u00e1s helye: XVIII., V\u00e1rosh\u00e1z u. 40., B\u00f3kay kert<br \/>\nAlkot\u00f3: Simorka S\u00e1ndor<br \/>\nC\u00edm: DE\u00c1K FERENC (BAMBA)<br \/>\nJelleg: mellszobor<br \/>\nAnyag: bronz<br \/>\nFel\u00e1ll\u00edt\u00e1s ideje: 2002<br \/>\n\u00c1ll\u00edttat\u00f3k: XVIII. ker \u00d6nkorm\u00e1nyzat<br \/>\nMegjegyz\u00e9sek:<\/p>\n<p class=\"szoborleiras\">Fel\u00e1ll\u00edt\u00e1s helye: XVIII., V\u00f6r\u00f6smarty u. 64.<br \/>\nAlkot\u00f3: T\u00f6r\u00f6k Ibolya<br \/>\nC\u00edm: V\u00d6R\u00d6SMARTY MIH\u00c1LY<br \/>\nJelleg: mellszobor<br \/>\nAnyag: bronz<br \/>\nFel\u00e1ll\u00edt\u00e1s ideje: 2000<br \/>\n\u00c1ll\u00edttat\u00f3k: XVIII. ker. \u00d6nkorm\u00e1nyzat<br \/>\nMegjegyz\u00e9sek:[\/vc_column_text][vc_empty_space height=&#8221;45px&#8221;][\/vc_column][\/vc_row]<\/p>\n<\/div>","protected":false},"excerpt":{"rendered":"<p>[vc_row row_type=&#8221;row&#8221; use_row_as_full_screen_section=&#8221;no&#8221; type=&#8221;full_width&#8221; text_align=&#8221;left&#8221; background_image_as_pattern=&#8221;without_pattern&#8221; template=&#8221;ism_template_1&#8243; list_align=&#8221;horizontal&#8221; display_counts=&#8221;true&#8221; display_full_name=&#8221;true&#8221; locker_template=&#8221;2&#8243; enable_timeout_lk=&#8221;0&#8243; sm_timeout_locker=&#8221;30&#8243; not_registered_u=&#8221;0&#8243; reset_locker=&#8221;0&#8243;&#8230;<\/p>\n","protected":false},"author":1,"featured_media":0,"parent":10255,"menu_order":21,"comment_status":"closed","ping_status":"closed","template":"","meta":{"inline_featured_image":false,"loftloader_pro_show_once":"","loftloader_pro_page_shortcode":"","footnotes":""},"class_list":["post-10421","page","type-page","status-publish","hentry"],"_links":{"self":[{"href":"https:\/\/budapestgaleria.hu\/_\/wp-json\/wp\/v2\/pages\/10421","targetHints":{"allow":["GET"]}}],"collection":[{"href":"https:\/\/budapestgaleria.hu\/_\/wp-json\/wp\/v2\/pages"}],"about":[{"href":"https:\/\/budapestgaleria.hu\/_\/wp-json\/wp\/v2\/types\/page"}],"author":[{"embeddable":true,"href":"https:\/\/budapestgaleria.hu\/_\/wp-json\/wp\/v2\/users\/1"}],"replies":[{"embeddable":true,"href":"https:\/\/budapestgaleria.hu\/_\/wp-json\/wp\/v2\/comments?post=10421"}],"version-history":[{"count":0,"href":"https:\/\/budapestgaleria.hu\/_\/wp-json\/wp\/v2\/pages\/10421\/revisions"}],"up":[{"embeddable":true,"href":"https:\/\/budapestgaleria.hu\/_\/wp-json\/wp\/v2\/pages\/10255"}],"wp:attachment":[{"href":"https:\/\/budapestgaleria.hu\/_\/wp-json\/wp\/v2\/media?parent=10421"}],"curies":[{"name":"wp","href":"https:\/\/api.w.org\/{rel}","templated":true}]}}