{"id":23264,"date":"2025-07-25T11:49:29","date_gmt":"2025-07-25T09:49:29","guid":{"rendered":"https:\/\/budapestgaleria.hu\/_\/?page_id=23264"},"modified":"2025-10-24T15:42:11","modified_gmt":"2025-10-24T13:42:11","slug":"palyazat-kiallitas-megvalositasara","status":"publish","type":"page","link":"https:\/\/budapestgaleria.hu\/_\/palyazat-kiallitas-megvalositasara\/","title":{"rendered":"P\u00e1ly\u00e1zat ki\u00e1ll\u00edt\u00e1s megval\u00f3s\u00edt\u00e1s\u00e1ra 2026"},"content":{"rendered":"<div class=\"wpb-content-wrapper\"><p>[vc_row css_animation=&#8221;&#8221; row_type=&#8221;row&#8221; use_row_as_full_screen_section=&#8221;no&#8221; type=&#8221;grid&#8221; angled_section=&#8221;no&#8221; text_align=&#8221;left&#8221; background_image_as_pattern=&#8221;without_pattern&#8221; template=&#8221;ism_template_1&#8243; ism_overlock=&#8221;default&#8221; sm_d_text=&#8221;<\/p>\n<h2>This content is locked<\/h2>\n<p>Share This Page To Unlock The Content!&#8221;][vc_column][vc_single_image image=&#8221;23265&#8243; img_size=&#8221;full&#8221; qode_css_animation=&#8221;&#8221;][\/vc_column][\/vc_row][vc_row css_animation=&#8221;&#8221; row_type=&#8221;row&#8221; use_row_as_full_screen_section=&#8221;no&#8221; type=&#8221;grid&#8221; angled_section=&#8221;no&#8221; text_align=&#8221;left&#8221; background_image_as_pattern=&#8221;without_pattern&#8221;][vc_column][vc_empty_space height=&#8221;45px&#8221;][vc_column_text]<\/p>\n<h1 class=\"cim_1\">P\u00e1ly\u00e1zati ki\u00edr\u00e1s ki\u00e1ll\u00edt\u00e1s megval\u00f3s\u00edt\u00e1s\u00e1ra<\/h1>\n<p>[\/vc_column_text][vc_empty_space height=&#8221;45px&#8221;][\/vc_column][\/vc_row][vc_row css_animation=&#8221;&#8221; seperator_indeed_locker=&#8221;&#8221; lk_t=&#8221;ism_template_1&#8243; lk_io=&#8221;default&#8221; lk_dm=&#8221;0&#8243; lk_thm=&#8221;0&#8243; lk_tuo=&#8221;0&#8243; ru_on=&#8221;0&#8243; uhc_on=&#8221;0&#8243; ur_on=&#8221;0&#8243; ref_on=&#8221;0&#8243; row_type=&#8221;row&#8221; use_row_as_full_screen_section=&#8221;no&#8221; type=&#8221;grid&#8221; angled_section=&#8221;no&#8221; text_align=&#8221;left&#8221; background_image_as_pattern=&#8221;without_pattern&#8221; z_index=&#8221;&#8221;][vc_column][vc_column_text css=&#8221;&#8221;]A p\u00e1ly\u00e1zat 2025. szeptember 30-\u00e1n lez\u00e1rult.<br \/>\n<strong>A p\u00e1ly\u00e1zat nyertese: Nunkovics R\u00f3bert<\/strong>[\/vc_column_text][vc_empty_space height=&#8221;45px&#8221;][vc_column_text css=&#8221;&#8221;]<strong>A Budapesti T\u00f6rt\u00e9neti M\u00fazeum \u2013 Budapest Gal\u00e9ria (1036 Budapest, Lajos utca 158.) p\u00e1ly\u00e1zatot \u00edr ki egy\u00e9ni alkot\u00f3knak vagy csoportoknak ki\u00e1ll\u00edt\u00e1s megval\u00f3s\u00edt\u00e1s\u00e1ra 2026. febru\u00e1r 6. \u2013 \u00e1prilis 19. k\u00f6z\u00f6tt a gal\u00e9ria f\u00f6ldszinti ki\u00e1ll\u00edt\u00f3ter\u00e9be.<\/strong><\/p>\n<p>Budapest sz\u00e1mos olyan t\u00f6rt\u00e9net gy\u0171jt\u0151helye, amelyek egykor meghat\u00e1roz\u00f3ak voltak a v\u00e1ros \u00e9s k\u00f6z\u00f6ss\u00e9gei \u00e9let\u00e9ben, de a felejt\u00e9s vagy a hallgat\u00e1s elz\u00e1rja \u0151ket a kort\u00e1rsi eml\u00e9kezet el\u0151l. Ezek az \u00e1rny\u00e9kt\u00f6rt\u00e9netek ismeretlen\u00fcl is r\u00e9szei a v\u00e1ros sz\u00f6vet\u00e9nek, alak\u00edtott\u00e1k m\u00faltj\u00e1t \u00e9s \u2013 ak\u00e1r hi\u00e1nyukkal \u2013 jelen\u00e9t. A felh\u00edv\u00e1s c\u00e9lja, hogy ezek k\u00f6z\u00fcl, a legt\u00f6bbek sz\u00e1m\u00e1ra nem ismert t\u00f6rt\u00e9netek k\u00f6z\u00fcl visszaemeljen n\u00e9h\u00e1nyat a jelenbe, h\u00edrt adva elfelejtett h\u00e9tk\u00f6znapi h\u0151s\u00f6kr\u0151l, k\u00f6z\u00f6ss\u00e9gekr\u0151l, a v\u00e1ros \u00e9let\u00e9nek kevesek \u00e1ltal ismert fejezeteir\u0151l, egyben kapcsol\u00f3d\u00e1si pontokat k\u00edn\u00e1ljon megszakadt hagyom\u00e1nyokhoz, p\u00e9ldaad\u00f3 elk\u00f6telez\u0151d\u00e9sekhez vagy elgy\u00e1szoland\u00f3 vesztes\u00e9gekhez. A kort\u00e1rsi megk\u00f6zel\u00edt\u00e9s nem csak l\u00e1that\u00f3v\u00e1 teszi ezeket a t\u00f6rt\u00e9neteket, de aktiviz\u00e1lja, \u00e9s a jelen k\u00e9rd\u00e9seivel veti \u00f6ssze \u0151ket, \u00edgy a ki\u00e1ll\u00edt\u00e1s els\u0151sorban azokr\u00f3l a kapcsolatokr\u00f3l sz\u00f3l, amelyek v\u00e1rosunkhoz \u00e9s annak m\u00faltjaihoz k\u00f6tnek mindannyiunkat a jelenben.<\/p>\n<p>A BTM \u2013 Budapest Gal\u00e9ria 2023-ban rendezte meg a <a href=\"https:\/\/budapestgaleria.hu\/_\/flaszter\/\"><em>Flaszter<\/em><\/a> c\u00edm\u0171 kort\u00e1rs k\u00f6zt\u00e9ri esem\u00e9nysorozat els\u0151 kiad\u00e1s\u00e1t, amelynek h\u00e1tter\u00e9t is hasonl\u00f3 felvet\u00e9s alkotta, ez alkalommal ki\u00e1ll\u00edt\u00e1si form\u00e1ban tervezz\u00fck a p\u00e1ly\u00e1zaton nyertes projekt bemutat\u00e1s\u00e1t.<\/p>\n<p>A ki\u00e1ll\u00edt\u00e1s megval\u00f3s\u00edt\u00e1sa kapcs\u00e1n fontosnak tartjuk, hogy a t\u00f6rt\u00e9netekhez kutat\u00e1si h\u00e1tt\u00e9r t\u00e1rsuljon, ezt szorgalmazzuk, de seg\u00edts\u00e9get is ny\u00fajtunk benne, a Budapesti T\u00f6rt\u00e9neti M\u00fazeum munkat\u00e1rsainak illetve t\u00e1rsint\u00e9zm\u00e9nyek \u00e9s sz\u00fcks\u00e9g eset\u00e9n k\u00fcls\u0151s kutat\u00f3k seg\u00edts\u00e9g\u00e9vel. A Budapest Gal\u00e9ria kur\u00e1torai k\u00eds\u00e9rik a projektet, egy\u00fcttm\u0171k\u00f6d\u0151k\u00e9nt vesznek r\u00e9szt annak megval\u00f3s\u00edt\u00e1s\u00e1ban, ez\u00e9rt rendszeres szem\u00e9lyes \u00e9s \/ vagy online konzult\u00e1ci\u00f3k sz\u00fcks\u00e9gesek.<\/p>\n<p>Priorit\u00e1st \u00e9lveznek azok a felvet\u00e9sek, amelyek valamilyen k\u00f6z\u00f6ss\u00e9ggel egy\u00fcttm\u0171k\u00f6d\u00e9sben sz\u00fcletnek, bevonnak valamilyen civil csoportot, vagy olyan szem\u00e9lyeket, akiknek t\u00f6rt\u00e9neteik, tan\u00fas\u00e1gt\u00e9tel\u00fck vagy aktivit\u00e1suk a sz\u00e9lesebb k\u00f6z\u00f6ns\u00e9g sz\u00e1m\u00e1ra kev\u00e9sb\u00e9 l\u00e1that\u00f3.<\/p>\n<p>A bemutatand\u00f3 m\u0171vek mellett szorgalmazzuk a kutat\u00e1s h\u00e1tt\u00e9ranyagainak el\u00e9rhet\u0151v\u00e9 t\u00e9tel\u00e9t, bevon\u00e1sukat a ki\u00e1ll\u00edt\u00e1sba.<\/p>\n<p>A ki\u00e1ll\u00edt\u00e1s a Budapest Gal\u00e9ria f\u00f6ldszinti ki\u00e1ll\u00edt\u00f3ter\u00e9ben, n\u00e9gy teremben val\u00f3sul meg.<\/p>\n<p>A p\u00e1ly\u00e1zatokat a Budapest Gal\u00e9ria kur\u00e1tori st\u00e1bja b\u00edr\u00e1lja el.<\/p>\n<p>P\u00e1ly\u00e1zatot ny\u00fajthat be \u00e1llampolg\u00e1rs\u00e1g\u00e1ra tekintet n\u00e9lk\u00fcl b\u00e1rmely 18. \u00e9let\u00e9v\u00e9t bet\u00f6lt\u00f6tt term\u00e9szetes szem\u00e9ly (csoport k\u00e9pviselet\u00e9ben is) vagy jogi szem\u00e9ly.<br \/>\nEgy p\u00e1ly\u00e1z\u00f3 t\u00f6bb p\u00e1ly\u00e1zatot is beny\u00fajthat.<br \/>\nA nyertes p\u00e1ly\u00e1z\u00f3 ingyenes felhaszn\u00e1l\u00e1si jogot enged a BTM r\u00e9sz\u00e9re. A nyertes p\u00e1ly\u00e1z\u00f3 a szerz\u0151i jogr\u00f3l sz\u00f3l\u00f3 t\u00f6rv\u00e9nyben biztos\u00edtott szem\u00e9lyhez f\u0171z\u0151d\u0151 jogokon k\u00edv\u00fcl egy\u00e9b ig\u00e9ny \u00e9rv\u00e9nyes\u00edt\u00e9s\u00e9re nem jogosult.<\/p>\n<p>A m\u0171v\u00e9szeti produkci\u00f3ra ford\u00edthat\u00f3 \u00f6sszeg nett\u00f3 <strong>1.500.000 Ft<\/strong>, amely mag\u00e1ban foglalja a m\u0171v\u00e9sz honor\u00e1rium\u00e1t <strong>maximum 500.000 Ft \u00f6sszegig<\/strong>. A produkci\u00f3s k\u00f6lts\u00e9g a BTM-en kereszt\u00fcl haszn\u00e1lhat\u00f3 fel, azaz a sz\u00fcks\u00e9ges anyagokat \u00e9s szolg\u00e1ltat\u00e1sokat a BTM rendeli meg \u00e9s fizeti ki a ki\u00e1ll\u00edt\u00e1si keret terh\u00e9re.<br \/>\nEzen fel\u00fcl a BTM \u00e1llja a grafikusi \u00e9s nyomtat\u00e1si k\u00f6lts\u00e9geket a minden ki\u00e1ll\u00edt\u00e1sunkra vonatkoz\u00f3 hordoz\u00f3kra vonatkoztatva (azaz falmatrica, plak\u00e1tok, sz\u00f3r\u00f3lap, ki\u00e1ll\u00edt\u00e1svezet\u0151 f\u00fczet), valamint a belf\u00f6ldi sz\u00e1ll\u00edt\u00e1s d\u00edj\u00e1t amennyiben az a m\u00fazeum sz\u00e1ll\u00edt\u00f3 aut\u00f3j\u00e1val megval\u00f3s\u00edthat\u00f3.<br \/>\nA ki\u00e1ll\u00edt\u00e1shoz kapcsol\u00f3d\u00f3 programok \u2013 pl t\u00e1rlatvezet\u00e9s, workshop \u2013 megval\u00f3s\u00edt\u00e1s\u00e1ra tov\u00e1bbi nett\u00f3 300.000 Ft \u00e1ll rendelkez\u00e9sre, szint\u00e9n a BTM-en kereszt\u00fcl.<\/p>\n<p><strong>A p\u00e1ly\u00e1zatnak tartalmaznia kell az al\u00e1bbiakat:<\/strong><\/p>\n<p>&#8211; koncepci\u00f3terv: minimum egy, maximum h\u00e1rom g\u00e9pelt oldalban<br \/>\n&#8211; lehet\u0151s\u00e9g szerint l\u00e1tv\u00e1nytervet de legal\u00e1bb install\u00e1ci\u00f3s v\u00e1zlatot<br \/>\n&#8211; egy\u00fcttm\u0171k\u00f6d\u0151 partnerek felsorol\u00e1s\u00e1t<br \/>\n&#8211; CV<br \/>\n&#8211; portf\u00f3li\u00f3 vagy kor\u00e1bbi munk\u00e1k dokument\u00e1ci\u00f3ja digit\u00e1lis form\u00e1ban<br \/>\n&#8211; javaslatok k\u00eds\u00e9r\u0151 programokra<br \/>\n&#8211; a p\u00e1ly\u00e1z\u00f3 el\u00e9rhet\u0151s\u00e9geit<\/p>\n<p><strong>Az elk\u00e9sz\u00edtett p\u00e1ly\u00e1zat dokumentumait digit\u00e1lis form\u00e1ban, egybef\u0171zve (max. 10 MB f\u00e1jlnagys\u00e1g, PDF dokumentum, al\u00e1\u00edrva) 2025. szeptember 14-\u00e9n (vas\u00e1rnap) 24:00 \u00f3r\u00e1ig kell elk\u00fcldeni e-mailben a <a href=\"mailto:galeria@btm.hu\">galeria@btm.hu<\/a> email c\u00edmre.<\/strong><\/p>\n<p>A p\u00e1ly\u00e1z\u00f3kat a d\u00f6nt\u00e9sr\u0151l \u00edr\u00e1sban \u00e9rtes\u00edtj\u00fck <strong>2025. szeptember 30-ig<\/strong>.[\/vc_column_text][vc_empty_space][vc_separator type=&#8221;normal&#8221; color=&#8221;#7f7f7f&#8221;][vc_empty_space][vc_column_text]A p\u00e1ly\u00e1z\u00f3k a p\u00e1ly\u00e1zatuk bead\u00e1s\u00e1val elfogadj\u00e1k az oldal alj\u00e1n let\u00f6lthet\u0151 Adatkezel\u00e9si t\u00e1j\u00e9koztat\u00f3t.<br \/>\nA p\u00e1ly\u00e1z\u00f3k a p\u00e1ly\u00e1zat bead\u00e1s\u00e1val tudom\u00e1sul veszik a r\u00e9szv\u00e9teli felt\u00e9teleket.<\/p>\n<p>Jelen p\u00e1ly\u00e1zat a Budapest Gal\u00e9ria weboldal\u00e1n ker\u00fclt k\u00f6zz\u00e9t\u00e9telre 2025. 07. 28-\u00e1n.[\/vc_column_text][vc_empty_space][vc_column_text css=&#8221;&#8221;]File: https:\/\/budapestgaleria.hu\/_\/wp-content\/uploads\/2025\/07\/adatkezelesi_tajekoztato_palyazat.pdf<\/p>\n<p><a href=\"https:\/\/budapestgaleria.hu\/_\/wp-content\/uploads\/2025\/07\/adatkezelesi_tajekoztato_palyazat.pdf\" target=\"_blank\" rel=\"noopener\">Let\u00f6lt\u00e9s<\/a>[\/vc_column_text][vc_empty_space height=&#8221;45px&#8221;][\/vc_column][\/vc_row]<\/p>\n<\/div>","protected":false},"excerpt":{"rendered":"<p>[vc_row css_animation=&#8221;&#8221; row_type=&#8221;row&#8221; use_row_as_full_screen_section=&#8221;no&#8221; type=&#8221;grid&#8221; angled_section=&#8221;no&#8221; text_align=&#8221;left&#8221; background_image_as_pattern=&#8221;without_pattern&#8221; template=&#8221;ism_template_1&#8243; ism_overlock=&#8221;default&#8221; sm_d_text=&#8221; This content is locked&#8230;<\/p>\n","protected":false},"author":11,"featured_media":0,"parent":0,"menu_order":0,"comment_status":"closed","ping_status":"closed","template":"full_width.php","meta":{"inline_featured_image":false,"loftloader_pro_show_once":"","loftloader_pro_page_shortcode":"","footnotes":""},"class_list":["post-23264","page","type-page","status-publish","hentry"],"_links":{"self":[{"href":"https:\/\/budapestgaleria.hu\/_\/wp-json\/wp\/v2\/pages\/23264","targetHints":{"allow":["GET"]}}],"collection":[{"href":"https:\/\/budapestgaleria.hu\/_\/wp-json\/wp\/v2\/pages"}],"about":[{"href":"https:\/\/budapestgaleria.hu\/_\/wp-json\/wp\/v2\/types\/page"}],"author":[{"embeddable":true,"href":"https:\/\/budapestgaleria.hu\/_\/wp-json\/wp\/v2\/users\/11"}],"replies":[{"embeddable":true,"href":"https:\/\/budapestgaleria.hu\/_\/wp-json\/wp\/v2\/comments?post=23264"}],"version-history":[{"count":4,"href":"https:\/\/budapestgaleria.hu\/_\/wp-json\/wp\/v2\/pages\/23264\/revisions"}],"predecessor-version":[{"id":24104,"href":"https:\/\/budapestgaleria.hu\/_\/wp-json\/wp\/v2\/pages\/23264\/revisions\/24104"}],"wp:attachment":[{"href":"https:\/\/budapestgaleria.hu\/_\/wp-json\/wp\/v2\/media?parent=23264"}],"curies":[{"name":"wp","href":"https:\/\/api.w.org\/{rel}","templated":true}]}}