{"id":23386,"date":"2025-08-19T14:35:24","date_gmt":"2025-08-19T12:35:24","guid":{"rendered":"https:\/\/budapestgaleria.hu\/_\/?page_id=23386"},"modified":"2025-11-14T14:30:18","modified_gmt":"2025-11-14T13:30:18","slug":"szemaforfesztival","status":"publish","type":"page","link":"https:\/\/budapestgaleria.hu\/_\/szemaforfesztival\/","title":{"rendered":"Szemafor fesztiv\u00e1l"},"content":{"rendered":"<div class=\"wpb-content-wrapper\"><p>[vc_row css_animation=&#8221;&#8221; seperator_indeed_locker=&#8221;&#8221; lk_t=&#8221;ism_template_1&#8243; lk_io=&#8221;default&#8221; lk_dm=&#8221;0&#8243; lk_thm=&#8221;0&#8243; lk_tuo=&#8221;0&#8243; ru_on=&#8221;0&#8243; uhc_on=&#8221;0&#8243; ur_on=&#8221;0&#8243; ref_on=&#8221;0&#8243; row_type=&#8221;row&#8221; use_row_as_full_screen_section=&#8221;no&#8221; type=&#8221;grid&#8221; angled_section=&#8221;no&#8221; text_align=&#8221;left&#8221; background_image_as_pattern=&#8221;without_pattern&#8221; template=&#8221;ism_template_1&#8243; ism_overlock=&#8221;default&#8221; sm_d_text=&#8221;<\/p>\n<h2>This content is locked<\/h2>\n<p>Share This Page To Unlock The Content!&#8221;][vc_column][vc_single_image image=&#8221;23681&#8243; img_size=&#8221;full&#8221; css=&#8221;&#8221; qode_css_animation=&#8221;&#8221;][\/vc_column][\/vc_row][vc_row css_animation=&#8221;&#8221; row_type=&#8221;row&#8221; use_row_as_full_screen_section=&#8221;yes&#8221; type=&#8221;grid&#8221; angled_section=&#8221;no&#8221; text_align=&#8221;left&#8221; background_image_as_pattern=&#8221;without_pattern&#8221; z_index=&#8221;&#8221;][vc_column][vc_empty_space height=&#8221;45px&#8221;][vc_column_text css=&#8221;&#8221;]<\/p>\n<h1 class=\"cim_1\">SZEMAFOR Fesztiv\u00e1l<\/h1>\n<h1 class=\"cim_1\">\u2013 M\u0171v\u00e9szetpedag\u00f3giai programok \u00e9s ki\u00e1ll\u00edt\u00e1s a\u00a0Budapest Gal\u00e9ri\u00e1ban<\/h1>\n<p>[\/vc_column_text][vc_empty_space height=&#8221;45px&#8221;][\/vc_column][\/vc_row][vc_row css_animation=&#8221;&#8221; row_type=&#8221;row&#8221; use_row_as_full_screen_section=&#8221;no&#8221; type=&#8221;grid&#8221; angled_section=&#8221;no&#8221; text_align=&#8221;left&#8221; background_image_as_pattern=&#8221;without_pattern&#8221; bgparallax=&#8221;parallax&#8221; contentwidth=&#8221;container&#8221; toppadding=&#8221;40&#8243; bottompadding=&#8221;10&#8243; border=&#8221;on&#8221; css=&#8221;.vc_custom_1760272916478{background-color: #ffffff !important;}&#8221; z_index=&#8221;&#8221;][vc_column width=&#8221;1\/3&#8243; css=&#8221;.vc_custom_1427029754112{padding-right: 25px !important;}&#8221; el_class=&#8221;full-1&#8243;][vc_column_text css=&#8221;&#8221;]<\/p>\n<p class=\"hely_bpgal\">Budapest Gal\u00e9ria<\/p>\n<p class=\"cim_bpgal\">1036 Budapest, Lajos utca 158.<\/p>\n<p class=\"datum_bpgal\">2025. okt\u00f3ber 17-26.<\/p>\n<p>[\/vc_column_text][vc_column_text css=&#8221;&#8221;]<\/p>\n<p class=\"kiemeles_bpgal\">Kur\u00e1tor:<\/p>\n<p class=\"verzal_bpgal\">Szabics \u00c1gnes<\/p>\n<p>[\/vc_column_text][vc_column_text css=&#8221;&#8221;]<\/p>\n<p class=\"kiemeles_bpgal\">Kur\u00e1tor asszisztens:<\/p>\n<p class=\"verzal_bpgal\">T\u00f3th Fanni<\/p>\n<p>[\/vc_column_text][vc_column_text css=&#8221;&#8221;]<\/p>\n<p class=\"kiemeles_bpgal\">Megnyit\u00f3:<\/p>\n<p class=\"datum_bpgal_2\">2025. okt\u00f3ber 16., cs\u00fct\u00f6rt\u00f6k 17:00<\/p>\n<p class=\"kiemeles_bpgal\">A ki\u00e1ll\u00edt\u00e1st \u00e9s a fesztiv\u00e1lt megnyitja:<\/p>\n<p class=\"verzal_bpgal\">Tatai Erzs\u00e9bet<\/p>\n<p class=\"titulus\">m\u0171v\u00e9szett\u00f6rt\u00e9n\u00e9sz<\/p>\n<p class=\"verzal_bpgal\">Keresztes Magor<\/p>\n<p class=\"titulus\">\u00fct\u0151hangszeres zen\u00e9sz<\/p>\n<p>[\/vc_column_text][vc_column_text css=&#8221;&#8221;]<\/p>\n<p class=\"kiemeles_bpgal\">Grafika:<\/p>\n<p class=\"verzal_bpgal\">Kazsik Marcell<\/p>\n<p>[\/vc_column_text][vc_empty_space][vc_column_text css=&#8221;&#8221;]<\/p>\n<p class=\"kiemeles_bpgal\">Jegyek:<\/p>\n<p><strong>Programjegy:<\/strong> <strong>1200 Ft<\/strong><br \/>\n<a href=\"https:\/\/budapestgaleria.jegy.hu\/program\/budapest-galeria-szemafor-fesztivalberlet-181584\"><strong>Fesztiv\u00e1lb\u00e9rlet:<\/strong> <strong>5000 Ft<\/strong><\/a> (minden napra \u00e9s programra \u00e9rv\u00e9nyes)<br \/>\nGyerekeknek 12 \u00e9ves korig ingyenes<\/p>\n<p>A helysz\u00ednen m\u00e1r csak a fennmarad\u00f3 helyek f\u00fcggv\u00e9ny\u00e9ben tudunk programjegyet biztos\u00edtani, ez\u00e9rt k\u00e9rj\u00fck, <strong>el\u0151re online v\u00e1lts\u00e1k meg programjegyeiket<\/strong>!<\/p>\n<p>A ki\u00e1ll\u00edt\u00e1s bel\u00e9p\u0151jeggyel l\u00e1togathat\u00f3. Teljes \u00e1r\u00fa, nyugd\u00edjas \u00e9s di\u00e1k bel\u00e9p\u0151jegyeink el\u00e9rhet\u0151ek <a href=\"https:\/\/budapestgaleria.jegy.hu\/\">online<\/a>, tov\u00e1bbi kedvezm\u00e9nyes jegyeink megv\u00e1s\u00e1rolhat\u00f3ak a jegyp\u00e9nzt\u00e1runkban.<\/p>\n<p><strong>Minden program regisztr\u00e1ci\u00f3k\u00f6teles! Regisztr\u00e1lni a program pontos megnevez\u00e9s\u00e9vel \u00e9s az id\u0151pont megad\u00e1s\u00e1val az <a href=\"mailto:info@budapestgaleria.hu\">info@budapestgaleria.hu<\/a> e-mail c\u00edmen lehet. Regisztr\u00e1ci\u00f3ja a visszajelz\u00e9s\u00fcnket k\u00f6vet\u0151en v\u00e1lik v\u00e9glegess\u00e9!<\/strong>[\/vc_column_text][vc_empty_space][\/vc_column][vc_column width=&#8221;2\/3&#8243; el_class=&#8221;full-2&#8243;][vc_column_text css=&#8221;&#8221;]A SZEMAFOR St\u00fadi\u00f3 id\u00e9n \u00fcnnepli 20. \u00e9vfordul\u00f3j\u00e1t.\u00a0 Ebb\u0151l az alkalomb\u00f3l a gal\u00e9ria egy t\u00edznapos fesztiv\u00e1lt szervez, amelyen az elm\u00falt h\u00fasz \u00e9v SZEMAFOR (Szeml\u00e9let Alkot\u00e1s Forma) foglalkoz\u00e1sain feldolgozott m\u0171alkot\u00e1sokb\u00f3l v\u00e1logat. A Budapest Gal\u00e9ria als\u00f3 szintj\u00e9n Bagi Attila, K\u00f6r\u00f6s\u00e9nyi Tam\u00e1s, Szab\u00f3 \u00c1d\u00e1m, Sz\u00edj Kamilla \u00e9s Tranker Kata csoportos ki\u00e1ll\u00edt\u00e1s\u00e1t, az emeleti terekben pedig a st\u00fadi\u00f3 t\u00f6rt\u00e9net\u00e9t tekinthetik meg a l\u00e1togat\u00f3k. A fesztiv\u00e1l ideje alatt m\u0171v\u00e9szetpedag\u00f3giai foglalkoz\u00e1sokat, szakmai prezent\u00e1ci\u00f3kat \u00e9s besz\u00e9lget\u00e9seket szervez\u00fcnk, melyek t\u00e9m\u00e1ja a m\u0171v\u00e9szeti eduk\u00e1ci\u00f3 \u00e9s a kort\u00e1rs k\u00e9pz\u0151m\u0171v\u00e9szet k\u00f6zvet\u00edt\u00e9se.[\/vc_column_text][vc_column_text css=&#8221;&#8221; el_class=&#8221;m-4-0&#8243;]<\/p>\n<h5>PROGRAMOK<\/h5>\n<p>[\/vc_column_text][vc_column_text css=&#8221;&#8221;]<\/p>\n<h5>2025. okt\u00f3ber 17., p\u00e9ntek<\/h5>\n<p><strong>Gy\u0151rt\u0151l B\u00e9k\u00e9scsab\u00e1ig<\/strong><br \/>\nVizu\u00e1lis m\u0171helyek bemutatkoz\u00f3ja<\/p>\n<p>A SZEMAFOR fesztiv\u00e1l els\u0151 napj\u00e1n d\u00e9lel\u0151tt Baji Mikl\u00f3s Zolt\u00e1n k\u00e9pz\u0151m\u0171v\u00e9sz tart egy &#8222;BabaArt-Fest a bab\u00e1m&#8221; bemutat\u00f3t 1-3 \u00e9ves gyerekekkel, akik eg\u00e9szs\u00e9gre \u00e1rtalmatlan fest\u00e9kekkel alkothatnak. D\u00e9lut\u00e1n a BabaArt program, a GYIK M\u0171hely , a MOKKA M\u0171hely \u00e9s a SZEMAFOR St\u00fadi\u00f3 munk\u00e1j\u00e1t ismerhetik meg az \u00e9rdekl\u0151d\u0151k. Az el\u0151ad\u00e1sok ut\u00e1n egy kerekasztal-besz\u00e9lget\u00e9st szervez\u00fcnk Schopp Ildik\u00f3 m\u0171v\u00e9szetpedag\u00f3gus vezet\u00e9s\u00e9vel.<\/p>\n<p><strong>10:30-13:00<\/strong> BabaArt bemutat\u00f3 \u2013 Baji Mikl\u00f3s Zolt\u00e1n<\/p>\n<p><strong>15:00-18:00<\/strong> El\u0151ad\u00e1sok \u00e9s besz\u00e9lget\u00e9s<br \/>\n<strong>BabaArt program<\/strong> \u2013 Baji Mikl\u00f3s Zolt\u00e1n<br \/>\n<strong>GYIK M\u0171hely<\/strong> \u2013 Sink\u00f3 Istv\u00e1n<br \/>\n<strong>MOKKA M\u0171hely<\/strong> \u2013 V\u00e1ray Ibolya<br \/>\n<strong>SZEMAFOR St\u00fadi\u00f3<\/strong> \u2013 Szabics \u00c1gnes<strong><br \/>\n<\/strong>[\/vc_column_text]<a  itemprop=\"url\" href=\"https:\/\/budapestgaleria.jegy.hu\/program\/budapest-galeria-gyortol-bekescsabaig-181680\" target=\"_blank\" data-hover-background-color=\"#A44BB2\" data-hover-border-color=\"#A44BB2\" data-hover-color=\"#FFFFFF\" class=\"qbutton  medium left default m-1-0  qode-button-shadow\" style=\"color: #FFFFFF; border-color: #C18EC9; font-family: billcorpm3; font-size: 16pxpx; margin: 0px 5px 5px 0px; border-radius: 8pxpx;-moz-border-radius: 8pxpx;-webkit-border-radius: 8pxpx; background-color:#C18EC9;\">Jegyv\u00e1s\u00e1rl\u00e1s<span aria-hidden=\"true\" class=\"qode_icon_font_elegant icon_target qode_button_icon_element\" style=\"color: #FFFFFF\"><\/span><\/a>[vc_column_text css=&#8221;&#8221; el_class=&#8221;m-4-0&#8243;]<\/p>\n<h5>2025. okt\u00f3ber 18., szombat<\/h5>\n<p><strong>15:00\u201318:00<\/strong> <strong>SZEMAFOR tal\u00e1lkoz\u00f3<\/strong><\/p>\n<p>A fesztiv\u00e1l m\u00e1sodik napj\u00e1n, okt\u00f3ber 18-\u00e1n szombaton 15-18 \u00f3r\u00e1ig SZEMAFOR tal\u00e1lkoz\u00f3t tartunk, amelyre minden r\u00e9gi \u00e9s \u00faj szemaforost megh\u00edvunk; azokat a fiatalokat, akik 2005 \u00e9s 2015 k\u00f6z\u00f6tt r\u00e9szt vettek a M\u0171csarnok foglalkoz\u00e1sain \u00e9s a ny\u00e1ri t\u00e1borokban, valamint azokat is, akik 2015-t\u0151l a Budapest Gal\u00e9ri\u00e1ban szervezett programok (ny\u00e1ri alkot\u00f3m\u0171helyek, workshopok \u00e9s h\u00e9tv\u00e9gi foglalkoz\u00e1sok) r\u00e9sztvev\u0151i voltak. Szombat d\u00e9lut\u00e1n nyolc nagym\u00e9ret\u0171 festm\u00e9nyt k\u00e9sz\u00edt\u00fcnk, amelyek a fesztiv\u00e1l idej\u00e9re felker\u00fclnek a Budapest Gal\u00e9ria homlokzat\u00e1ra.<\/p>\n<p>A programon val\u00f3 r\u00e9szv\u00e9tel ingyenes.[\/vc_column_text][vc_column_text css=&#8221;&#8221; el_class=&#8221;m-4-0&#8243;]<\/p>\n<h5>2025.okt\u00f3ber 19., vas\u00e1rnap<\/h5>\n<p><strong>Korhat\u00e1r n\u00e9lk\u00fcl<\/strong><\/p>\n<p>Okt\u00f3ber 19-\u00e9n 11 \u00f3r\u00e1t\u00f3l a 6-9 \u00e9ves gyerekeket v\u00e1rjuk Tranker Kata ki\u00e1ll\u00edt\u00f3m\u0171v\u00e9sz csal\u00e1di esem\u00e9ny\u00e9re, amelyen k\u00fcl\u00f6nb\u00f6z\u0151 m\u00e9ret\u0171 szobrokat lehet k\u00e9sz\u00edteni s\u00f3lisztgyurm\u00e1b\u00f3l. D\u00e9lut\u00e1n 16 \u00f3r\u00e1t\u00f3l pedig feln\u0151tteknek szervez\u00fcnk grafikai workshopot Sz\u00edj Kamilla k\u00e9pz\u0151m\u0171v\u00e9sszel.<\/p>\n<p><strong>11:00\u201313:00<\/strong> Csal\u00e1di d\u00e9lel\u0151tt \u2013 Tranker Kata k\u00e9pz\u0151m\u0171v\u00e9sz[\/vc_column_text]<a  itemprop=\"url\" href=\"https:\/\/budapestgaleria.jegy.hu\/program\/budapest-galeria-korhatar-nelkul-csaladi-delelott-tranker-kataval-181683\" target=\"_blank\" data-hover-background-color=\"#A44BB2\" data-hover-border-color=\"#A44BB2\" data-hover-color=\"#FFFFFF\" class=\"qbutton  medium left default m-1-0  qode-button-shadow\" style=\"color: #FFFFFF; border-color: #C18EC9; font-family: billcorpm3; font-size: 16pxpx; margin: 0px 5px 5px 0px; border-radius: 8pxpx;-moz-border-radius: 8pxpx;-webkit-border-radius: 8pxpx; background-color:#C18EC9;\">Jegyv\u00e1s\u00e1rl\u00e1s<span aria-hidden=\"true\" class=\"qode_icon_font_elegant icon_target qode_button_icon_element\" style=\"color: #FFFFFF\"><\/span><\/a>[vc_column_text css=&#8221;&#8221; el_class=&#8221;m-4-0&#8243;]<strong>16.00\u201318.00<\/strong> SZEMAFOR + &#8211; Sz\u00edj Kamilla k\u00e9pz\u0151m\u0171v\u00e9sz[\/vc_column_text]<a  itemprop=\"url\" href=\"https:\/\/budapestgaleria.jegy.hu\/program\/budapest-galeria-szemafor-workshop-szij-kamillaval-181685\" target=\"_blank\" data-hover-background-color=\"#A44BB2\" data-hover-border-color=\"#A44BB2\" data-hover-color=\"#FFFFFF\" class=\"qbutton  medium left default m-1-0  qode-button-shadow\" style=\"color: #FFFFFF; border-color: #C18EC9; font-family: billcorpm3; font-size: 16pxpx; margin: 0px 5px 5px 0px; border-radius: 8pxpx;-moz-border-radius: 8pxpx;-webkit-border-radius: 8pxpx; background-color:#C18EC9;\">Jegyv\u00e1s\u00e1rl\u00e1s<span aria-hidden=\"true\" class=\"qode_icon_font_elegant icon_target qode_button_icon_element\" style=\"color: #FFFFFF\"><\/span><\/a>[vc_column_text css=&#8221;&#8221; el_class=&#8221;m-4-0&#8243;]<\/p>\n<h5>2025.okt\u00f3ber 21., kedd<\/h5>\n<p><strong>Kort\u00e1rs k\u00e9pz\u0151m\u0171v\u00e9szet a k\u00f6zoktat\u00e1sban<\/strong><\/p>\n<p>Okt\u00f3ber 21-\u00e9n, kedd d\u00e9lut\u00e1n 15 \u00f3r\u00e1t\u00f3l olyan pedag\u00f3giai m\u00f3dszerekr\u0151l lesz sz\u00f3, amelyek nemcsak a kort\u00e1rs k\u00e9pz\u0151m\u0171v\u00e9szeti ki\u00e1ll\u00edt\u00e1sokon, hanem iskolai keretek k\u00f6z\u00f6tt is eredm\u00e9nyesebb\u00e9 \u00e9s sz\u00f3rakoztat\u00f3bb\u00e1 tehetik az oktat\u00e1st. A r\u00e9sztvev\u0151k \u00f6tleteket mer\u00edthetnek a m\u0171v\u00e9szeti oktat\u00e1s eszk\u00f6zt\u00e1r\u00e1b\u00f3l, k\u00e9rd\u00e9seket tehetnek fel a vizu\u00e1lis nevel\u00e9s t\u00e9mak\u00f6r\u00e9ben, valamint elmondhatj\u00e1k v\u00e9lem\u00e9ny\u00fcket a sz\u00e1mukra fontos pedag\u00f3giai k\u00e9rd\u00e9sekr\u0151l, illetve a m\u00fazeumi \u00e9s az iskolai oktat\u00e1sr\u00f3l.<\/p>\n<p><strong>15:00\u201318:00<\/strong> El\u0151ad\u00e1sok \u00e9s besz\u00e9lget\u00e9s<br \/>\nV\u00e1radi Emese \u2013 Karinthy Frigyes Gimn\u00e1zium<br \/>\nGeisb\u00fchl T\u00fcnde \u2013 K\u00f6lcsey Ferenc \u00c1ltal\u00e1nos Iskola<br \/>\nTak\u00e1cs \u00c1gnes \u2013 Alternat\u00edv K\u00f6zgazdas\u00e1gi Gimn\u00e1zium, Szakgimn\u00e1zium \u00e9s \u00c1ltal\u00e1nos Iskola[\/vc_column_text]<a  itemprop=\"url\" href=\"https:\/\/budapestgaleria.jegy.hu\/program\/budapest-galeria-kortars-kepzomuveszet-a-kozoktatasban-181686\" target=\"_blank\" data-hover-background-color=\"#A44BB2\" data-hover-border-color=\"#A44BB2\" data-hover-color=\"#FFFFFF\" class=\"qbutton  medium left default m-1-0  qode-button-shadow\" style=\"color: #FFFFFF; border-color: #C18EC9; font-family: billcorpm3; font-size: 16pxpx; margin: 0px 5px 5px 0px; border-radius: 8pxpx;-moz-border-radius: 8pxpx;-webkit-border-radius: 8pxpx; background-color:#C18EC9;\">Jegyv\u00e1s\u00e1rl\u00e1s<span aria-hidden=\"true\" class=\"qode_icon_font_elegant icon_target qode_button_icon_element\" style=\"color: #FFFFFF\"><\/span><\/a>[vc_column_text css=&#8221;&#8221; el_class=&#8221;m-4-0&#8243;]<\/p>\n<h5>2025. okt\u00f3ber 22., szerda<\/h5>\n<p><strong>SZEMAFOR szemin\u00e1rium\u00a0<\/strong><br \/>\nWorkshop \u00e9s el\u0151ad\u00e1s egyetemist\u00e1knak<\/p>\n<p>Okt\u00f3ber 22-\u00e9n eg\u00e9sz nap egyetemi hallgat\u00f3k sz\u00e1m\u00e1ra szervez\u00fcnk programokat. D\u00e9lel\u0151tt Don Tam\u00e1s, a Modem vezet\u0151 kur\u00e1tora tart workshopot, melynek t\u00e9m\u00e1ja N\u00e9meth Hajnal: \u00d6sszeoml\u00e1s \u2013 Passz\u00edv interj\u00fa c\u00edm\u0171 vide\u00f3munk\u00e1ja. D\u00e9lut\u00e1n 14 \u00f3r\u00e1t\u00f3l Bagi Attilla workshopj\u00e1n vehetnek r\u00e9szt az\u00e9rdekl\u0151d\u0151k, majd 16 \u00f3r\u00e1t\u00f3l Szab\u00f3 \u00c1d\u00e1m ki\u00e1ll\u00edt\u00f3m\u0171v\u00e9sz tart el\u0151ad\u00e1st V\u00e9kony j\u00e9gen c\u00edmmel. Az egy \u00f3r\u00e1s programon sz\u00f3 esik arr\u00f3l, hogy mi a k\u00fcl\u00f6nbs\u00e9g a m\u0171v\u00e9szi hat\u00e1s, az ihletforr\u00e1sk\u00e9nt haszn\u00e1lt kor\u00e1bbi m\u0171alkot\u00e1s, az id\u00e9zet vagy a k\u00f6vet\u00e9s, az ut\u00e1nz\u00e1s, illetve a m\u00e1sol\u00e1s k\u00f6z\u00f6tt. Hol a hat\u00e1rvonal a p\u00e1rhuzamoss\u00e1g \u00e9s a koppint\u00e1s vagy leny\u00fal\u00e1s k\u00f6z\u00f6tt? Ezek a k\u00e9rd\u00e9sek gyakran felmer\u00fclnek a m\u0171v\u00e9szeti tanulm\u00e1nyok \u00e9s m\u0171v\u00e9szi p\u00e1lya kezdet\u00e9n, de gyakran k\u00e9s\u0151bb is.<\/p>\n<p><strong>11:00\u201313:00<\/strong> \u2013 Don Tam\u00e1s, kur\u00e1tor \u2013 BETELT!<\/p>\n<p><strong>14:00\u201316:00<\/strong> \u2013 Bagi Attila, k\u00e9pz\u0151m\u0171v\u00e9sz \u2013 BETELT![\/vc_column_text]<a  itemprop=\"url\" href=\"https:\/\/budapestgaleria.jegy.hu\/program\/budapest-galeria-szemafor-szeminarium-workshop-bagi-attilaval-181668\" target=\"_blank\" data-hover-background-color=\"#A44BB2\" data-hover-border-color=\"#A44BB2\" data-hover-color=\"#FFFFFF\" class=\"qbutton  medium left default m-1-0  qode-button-shadow\" style=\"color: #FFFFFF; border-color: #C18EC9; font-family: billcorpm3; font-size: 16pxpx; margin: 0px 5px 5px 0px; border-radius: 8pxpx;-moz-border-radius: 8pxpx;-webkit-border-radius: 8pxpx; background-color:#C18EC9;\">Jegyv\u00e1s\u00e1rl\u00e1s<span aria-hidden=\"true\" class=\"qode_icon_font_elegant icon_target qode_button_icon_element\" style=\"color: #FFFFFF\"><\/span><\/a>[vc_column_text css=&#8221;&#8221; el_class=&#8221;m-4-0&#8243;]<strong>16:00\u201317:00<\/strong> \u2013 Szab\u00f3 \u00c1d\u00e1m, k\u00e9pz\u0151m\u0171v\u00e9sz[\/vc_column_text]<a  itemprop=\"url\" href=\"https:\/\/budapestgaleria.jegy.hu\/program\/budapest-galeria-szemafor-szeminarium-szabo-adam-eloadasa-181648\" target=\"_blank\" data-hover-background-color=\"#A44BB2\" data-hover-border-color=\"#A44BB2\" data-hover-color=\"#FFFFFF\" class=\"qbutton  medium left default m-1-0  qode-button-shadow\" style=\"color: #FFFFFF; border-color: #C18EC9; font-family: billcorpm3; font-size: 16pxpx; margin: 0px 5px 5px 0px; border-radius: 8pxpx;-moz-border-radius: 8pxpx;-webkit-border-radius: 8pxpx; background-color:#C18EC9;\">Jegyv\u00e1s\u00e1rl\u00e1s<span aria-hidden=\"true\" class=\"qode_icon_font_elegant icon_target qode_button_icon_element\" style=\"color: #FFFFFF\"><\/span><\/a>[vc_column_text css=&#8221;&#8221; el_class=&#8221;m-4-0&#8243;]<\/p>\n<h5>2025. okt\u00f3ber 23., cs\u00fct\u00f6rt\u00f6k<\/h5>\n<p><strong>L\u00e1thatatlan es\u00e9ly<\/strong><br \/>\nL\u00e1t\u00e1ss\u00e9r\u00fclt \u00e9s intellektu\u00e1lis k\u00e9pess\u00e9gzavarral k\u00fczd\u0151 fiatalok kort\u00e1rs ki\u00e1ll\u00edt\u00e1sokon<\/p>\n<p>Okt\u00f3ber 23-\u00e9n d\u00e9lut\u00e1n 15 \u00f3r\u00e1t\u00f3l n\u00e9gy el\u0151ad\u00e1st hallgathatnak az \u00e9rdekl\u0151d\u0151k arr\u00f3l, hogy mi\u00e9rt \u00e9rdemes l\u00e1t\u00e1ss\u00e9r\u00fclt \u00e9s intellektu\u00e1lis k\u00e9pess\u00e9gzavarral k\u00fczd\u0151 gyerekeknek \u00e9s fiataloknak m\u00fazeumpedag\u00f3giai vagy m\u0171v\u00e9szetpedag\u00f3giai foglalkoz\u00e1sokat szervezni k\u00e9pz\u0151m\u0171v\u00e9szeti ki\u00e1ll\u00edt\u00e1sokon. Kider\u00fcl, hogy milyen pedag\u00f3giai m\u00f3dszereket alkalmaznak a k\u00fcl\u00f6nb\u00f6z\u0151 int\u00e9zm\u00e9nyek, \u00e9s hogy ezek hogyan fejleszthetik a programon r\u00e9sztvev\u0151 csoportok k\u00e9pess\u00e9geit.<\/p>\n<p>A programon val\u00f3 r\u00e9szv\u00e9tel ingyenes.[\/vc_column_text][vc_column_text css=&#8221;&#8221; el_class=&#8221;m-4-0&#8243;]<strong>15:00\u201318:00<\/strong> El\u0151ad\u00e1sok \u00e9s besz\u00e9lget\u00e9s<br \/>\nCsalog\u00e1nyiskola \u2013 \u00d3nodi \u00c1gnes<br \/>\nParafitt \u2013 Schopp Ildik\u00f3<br \/>\nL\u00e1t\u00e1ss\u00e9r\u00fclt program a Varga Imre Gy\u0171jtem\u00e9nyben \u2013 T\u00f3th Anna<br \/>\nL\u00e1tt\u00e1ss\u00e9r\u00fclt gyerekek a SZEMAFOR foglalkoz\u00e1sokon \u2013 Szabics \u00c1gnes[\/vc_column_text][vc_column_text css=&#8221;&#8221; el_class=&#8221;m-4-0&#8243;]<\/p>\n<h5>2025. okt\u00f3ber 24., p\u00e9ntek<\/h5>\n<p><strong>Motiv\u00e1lt mozdulat<\/strong><br \/>\nA Semmelweis Egyetem Pet\u0151 Andr\u00e1s Gyakorl\u00f3 \u00d3vod\u00e1ja \u00e9s a Budapest Gal\u00e9ria k\u00f6z\u00f6s programjai<\/p>\n<p>A Semmelweis Egyetem Pet\u0151 Andr\u00e1s Gyakorl\u00f3 \u00d3vod\u00e1ja \u00e9s a BTM Budapest Gal\u00e9ria 2016 \u00f3ta szervez k\u00f6z\u00f6sen m\u0171v\u00e9szetpedag\u00f3giai foglalkoz\u00e1sokat kort\u00e1rs k\u00e9pz\u0151m\u0171v\u00e9szeti ki\u00e1ll\u00edt\u00e1sokon Motiv\u00e1lt mozdulat c\u00edmen. A kezdem\u00e9nyez\u00e9s f\u0151 c\u00e9lja egy olyan komplex pedag\u00f3giai m\u00f3dszer kidolgoz\u00e1sa \u00e9s alkalmaz\u00e1sa, amelyik a kondukt\u00edv \u00e9s vizu\u00e1lis nevel\u00e9s eszk\u00f6zeit \u00f6tv\u00f6zi. A SZEMAFOR fesztiv\u00e1l keret\u00e9ben 2025. okt\u00f3ber 24-\u00e9n 15:00 \u00f3r\u00e1t\u00f3l a programsorozat bemutat\u00e1sa sor\u00e1n sz\u00f3 esik a speci\u00e1lis fejleszt\u00e9st ig\u00e9nyl\u0151 gyerekekr\u0151l, a kort\u00e1rs k\u00e9pz\u0151m\u0171v\u00e9szet k\u00f6zvet\u00edt\u00e9s\u00e9r\u0151l, illetve a Pet\u0151 m\u00f3dszer \u00e9s a vizu\u00e1lis nevel\u00e9s k\u00f6z\u00f6s elemeir\u0151l. Ezt k\u00f6vet\u0151en a r\u00e9sztvev\u0151k olyan rendhagy\u00f3 technik\u00e1kat \u00e9s eszk\u00f6z\u00f6ket ismerhetnek meg, amelyekkel a gyerekek alkotnak ezeken az esem\u00e9nyeken. Mindenki kipr\u00f3b\u00e1lhatja a csillagceruz\u00e1t, a k\u00f6rtollat \u00e9s a kr\u00e9tavir\u00e1got.<\/p>\n<p>[\/vc_column_text][vc_column_text css=&#8221;&#8221; el_class=&#8221;m-4-0&#8243;]<strong>15:00\u201318:00<\/strong> Isp\u00e1nki \u00c1gnes, a SE PAK gyakorl\u00f3\u00f3vod\u00e1j\u00e1nak konduktor\u00e1nak el\u0151ad\u00e1sa[\/vc_column_text]<a  itemprop=\"url\" href=\"https:\/\/budapestgaleria.jegy.hu\/program\/budapest-galeria-motivalt-mozdulat-181692\" target=\"_blank\" data-hover-background-color=\"#A44BB2\" data-hover-border-color=\"#A44BB2\" data-hover-color=\"#FFFFFF\" class=\"qbutton  medium left default m-1-0  qode-button-shadow\" style=\"color: #FFFFFF; border-color: #C18EC9; font-family: billcorpm3; font-size: 16pxpx; margin: 0px 5px 5px 0px; border-radius: 8pxpx;-moz-border-radius: 8pxpx;-webkit-border-radius: 8pxpx; background-color:#C18EC9;\">Jegyv\u00e1s\u00e1rl\u00e1s<span aria-hidden=\"true\" class=\"qode_icon_font_elegant icon_target qode_button_icon_element\" style=\"color: #FFFFFF\"><\/span><\/a>[vc_column_text css=&#8221;&#8221; el_class=&#8221;m-4-0&#8243;]<\/p>\n<h5>2025. okt\u00f3ber 25., szombat<\/h5>\n<p><strong>Okt\u00f3beri ny\u00e1r<\/strong><br \/>\nNy\u00e1ri alkot\u00f3m\u0171helyek a Budapest Gal\u00e9ri\u00e1ban<\/p>\n<p>A fesztiv\u00e1l utols\u00f3 el\u0151tti rendezv\u00e9ny\u00e9n az \u00e9rdekl\u0151d\u0151k a gal\u00e9ria ny\u00e1ri alkot\u00f3m\u0171helyibe nyerhetnek betekint\u00e9st. Megismerhetik a Maleficae \u2013 A m\u00e1gly\u00e1t\u00f3l az online var\u00e1zsl\u00e1sig, a N\u00f6v\u00e9nyek orsz\u00e1ga, illetve a Mikrot\u00f3mia c\u00edm\u0171 ki\u00e1ll\u00edt\u00e1sokhoz szervezett egy hetes programokat. Az el\u0151ad\u00e1s \u00e9s besz\u00e9lget\u00e9s ut\u00e1n a r\u00e9sztvev\u0151k kipr\u00f3b\u00e1lhatj\u00e1k azokat a technik\u00e1kat is, amelyeket a gyerekek a ny\u00e1ri alkot\u00f3m\u0171helyben haszn\u00e1ltak; k\u00e9sz\u00edthetnek nyomatokat pap\u00edrd\u00facok seg\u00edts\u00e9g\u00e9vel, rajzolhatnak pasztellkr\u00e9t\u00e1val \u00e9s kipr\u00f3b\u00e1lhatj\u00e1k a frott\u00e1zs technik\u00e1t is.[\/vc_column_text][vc_column_text css=&#8221;&#8221; el_class=&#8221;m-4-0&#8243;]<strong>15:00\u201318:00<\/strong> El\u0151ad\u00e1s \u00e9s workshop &#8211; Szabics \u00c1gnes, k\u00e9pz\u0151m\u0171v\u00e9sz, m\u0171v\u00e9szetpedag\u00f3gus[\/vc_column_text]<a  itemprop=\"url\" href=\"https:\/\/budapestgaleria.jegy.hu\/program\/budapest-galeria-oktoberi-nyar-181693\" target=\"_blank\" data-hover-background-color=\"#A44BB2\" data-hover-border-color=\"#A44BB2\" data-hover-color=\"#FFFFFF\" class=\"qbutton  medium left default m-1-0  qode-button-shadow\" style=\"color: #FFFFFF; border-color: #C18EC9; font-family: billcorpm3; font-size: 16pxpx; margin: 0px 5px 5px 0px; border-radius: 8pxpx;-moz-border-radius: 8pxpx;-webkit-border-radius: 8pxpx; background-color:#C18EC9;\">Jegyv\u00e1s\u00e1rl\u00e1s<span aria-hidden=\"true\" class=\"qode_icon_font_elegant icon_target qode_button_icon_element\" style=\"color: #FFFFFF\"><\/span><\/a>[vc_column_text css=&#8221;&#8221; el_class=&#8221;m-4-0&#8243;]<\/p>\n<h5>2025. okt\u00f3ber 26., vas\u00e1rnap<\/h5>\n<p><strong>K\u00e9pzelt helyzetek<\/strong><\/p>\n<p>A SZEMAFOR fesztiv\u00e1l z\u00e1r\u00f3esem\u00e9nyek\u00e9nt d\u00e9lel\u0151tt 11 \u00f3r\u00e1t\u00f3l Krasznahorkai \u00c1gnes tart dr\u00e1mapedag\u00f3giai programot 3-9 \u00e9ves gyerekek sz\u00e1m\u00e1ra. D\u00e9lut\u00e1n 15 \u00f3r\u00e1t\u00f3l pedig egy el\u0151ad\u00e1st hallgathatnak meg a r\u00e9sztvev\u0151k arr\u00f3l, mi\u00e9rt \u00e9s hogyan \u00e9rdemes dr\u00e1mapedag\u00f3giai foglalkoz\u00e1sokat szervezni kort\u00e1rs k\u00e9pz\u0151m\u0171v\u00e9szeti ki\u00e1ll\u00edt\u00e1sokon.[\/vc_column_text][vc_column_text css=&#8221;&#8221; el_class=&#8221;m-4-0&#8243;]<strong>11:00\u201313:00<\/strong> Csal\u00e1di d\u00e9lel\u0151tt \u2013 Krasznahorkai \u00c1gnes[\/vc_column_text]<a  itemprop=\"url\" href=\"https:\/\/budapestgaleria.jegy.hu\/program\/budapest-galeria-csaladi-program-krasznahorkai-agnessel-181696\" target=\"_blank\" data-hover-background-color=\"#A44BB2\" data-hover-border-color=\"#A44BB2\" data-hover-color=\"#FFFFFF\" class=\"qbutton  medium left default m-1-0  qode-button-shadow\" style=\"color: #FFFFFF; border-color: #C18EC9; font-family: billcorpm3; font-size: 16pxpx; margin: 0px 5px 5px 0px; border-radius: 8pxpx;-moz-border-radius: 8pxpx;-webkit-border-radius: 8pxpx; background-color:#C18EC9;\">Jegyv\u00e1s\u00e1rl\u00e1s<span aria-hidden=\"true\" class=\"qode_icon_font_elegant icon_target qode_button_icon_element\" style=\"color: #FFFFFF\"><\/span><\/a>[vc_column_text css=&#8221;&#8221; el_class=&#8221;m-4-0&#8243;]<strong>15:00\u201317:00<\/strong> Dr\u00e1mapedag\u00f3giai foglalkoz\u00e1sok kort\u00e1rs ki\u00e1ll\u00edt\u00e1sokon \u2013 Krasznahorkai \u00c1gnes el\u0151ad\u00e1sa[\/vc_column_text]<a  itemprop=\"url\" href=\"https:\/\/budapestgaleria.jegy.hu\/program\/budapest-galeria-krasznahorkai-agnes-eloadasa-181699\" target=\"_blank\" data-hover-background-color=\"#A44BB2\" data-hover-border-color=\"#A44BB2\" data-hover-color=\"#FFFFFF\" class=\"qbutton  medium left default m-1-0  qode-button-shadow\" style=\"color: #FFFFFF; border-color: #C18EC9; font-family: billcorpm3; font-size: 16pxpx; margin: 0px 5px 5px 0px; border-radius: 8pxpx;-moz-border-radius: 8pxpx;-webkit-border-radius: 8pxpx; background-color:#C18EC9;\">Jegyv\u00e1s\u00e1rl\u00e1s<span aria-hidden=\"true\" class=\"qode_icon_font_elegant icon_target qode_button_icon_element\" style=\"color: #FFFFFF\"><\/span><\/a>[vc_empty_space height=&#8221;72&#8243;][vc_separator type=&#8221;normal&#8221; color=&#8221;#9C9C9C&#8221;][vc_single_image image=&#8221;19992&#8243; img_size=&#8221;204&#215;100&#8243; onclick=&#8221;custom_link&#8221; css=&#8221;&#8221; qode_css_animation=&#8221;&#8221; link=&#8221;https:\/\/nka.hu\/&#8221;][vc_empty_space height=&#8221;45px&#8221;][vc_gallery interval=&#8221;3&#8243; images=&#8221;24217,24254,24252,24248,24250,24264,24227,24205,24209,24211,24213,24215,24223,24225,24229,24231,24233,24235,24237,24239,24241,24246,24256,24258,24260,24262,24266,24268,24270,24272,24219,24221,24274,24276,24278,24280,24282,24284,24286,24288,24290,24292,24294,24296,24298,24300,24302&#8243; img_size=&#8221;full&#8221; css=&#8221;&#8221;][vc_empty_space height=&#8221;45px&#8221;][vc_column_text css=&#8221;&#8221;]Fot\u00f3k: Juh\u00e1sz G. Tam\u00e1s \u00e9s Koronczi Johanna[\/vc_column_text][\/vc_column][\/vc_row]<\/p>\n<\/div>","protected":false},"excerpt":{"rendered":"<p>[vc_row css_animation=&#8221;&#8221; seperator_indeed_locker=&#8221;&#8221; lk_t=&#8221;ism_template_1&#8243; lk_io=&#8221;default&#8221; lk_dm=&#8221;0&#8243; lk_thm=&#8221;0&#8243; lk_tuo=&#8221;0&#8243; ru_on=&#8221;0&#8243; uhc_on=&#8221;0&#8243; ur_on=&#8221;0&#8243; ref_on=&#8221;0&#8243; row_type=&#8221;row&#8221; use_row_as_full_screen_section=&#8221;no&#8221; type=&#8221;grid&#8221;&#8230;<\/p>\n","protected":false},"author":15,"featured_media":0,"parent":0,"menu_order":0,"comment_status":"closed","ping_status":"closed","template":"full_width.php","meta":{"inline_featured_image":false,"loftloader_pro_show_once":"","loftloader_pro_page_shortcode":"","footnotes":""},"class_list":["post-23386","page","type-page","status-publish","hentry"],"_links":{"self":[{"href":"https:\/\/budapestgaleria.hu\/_\/wp-json\/wp\/v2\/pages\/23386","targetHints":{"allow":["GET"]}}],"collection":[{"href":"https:\/\/budapestgaleria.hu\/_\/wp-json\/wp\/v2\/pages"}],"about":[{"href":"https:\/\/budapestgaleria.hu\/_\/wp-json\/wp\/v2\/types\/page"}],"author":[{"embeddable":true,"href":"https:\/\/budapestgaleria.hu\/_\/wp-json\/wp\/v2\/users\/15"}],"replies":[{"embeddable":true,"href":"https:\/\/budapestgaleria.hu\/_\/wp-json\/wp\/v2\/comments?post=23386"}],"version-history":[{"count":49,"href":"https:\/\/budapestgaleria.hu\/_\/wp-json\/wp\/v2\/pages\/23386\/revisions"}],"predecessor-version":[{"id":24308,"href":"https:\/\/budapestgaleria.hu\/_\/wp-json\/wp\/v2\/pages\/23386\/revisions\/24308"}],"wp:attachment":[{"href":"https:\/\/budapestgaleria.hu\/_\/wp-json\/wp\/v2\/media?parent=23386"}],"curies":[{"name":"wp","href":"https:\/\/api.w.org\/{rel}","templated":true}]}}